{"id":4775,"date":"2025-01-13T16:15:21","date_gmt":"2025-01-13T15:15:21","guid":{"rendered":"http:\/\/www.hubert-asam.de\/?page_id=4775"},"modified":"2025-01-13T17:50:12","modified_gmt":"2025-01-13T16:50:12","slug":"ferien-im-paradies","status":"publish","type":"page","link":"https:\/\/www.hubert-asam.de\/?page_id=4775","title":{"rendered":"Ferien im Paradies"},"content":{"rendered":"\n<figure class=\"wp-block-image size-large\"><a href=\"http:\/\/www.hubert-asam.de\/WP\/wp-content\/uploads\/2024\/10\/IMG_1347-scaled.jpg\"><img loading=\"lazy\" decoding=\"async\" width=\"1024\" height=\"768\" src=\"http:\/\/www.hubert-asam.de\/WP\/wp-content\/uploads\/2024\/10\/IMG_1347-1024x768.jpg\" alt=\"\" class=\"wp-image-4776\" srcset=\"https:\/\/www.hubert-asam.de\/WP\/wp-content\/uploads\/2024\/10\/IMG_1347-1024x768.jpg 1024w, https:\/\/www.hubert-asam.de\/WP\/wp-content\/uploads\/2024\/10\/IMG_1347-300x225.jpg 300w, https:\/\/www.hubert-asam.de\/WP\/wp-content\/uploads\/2024\/10\/IMG_1347-768x576.jpg 768w, https:\/\/www.hubert-asam.de\/WP\/wp-content\/uploads\/2024\/10\/IMG_1347-1536x1152.jpg 1536w, https:\/\/www.hubert-asam.de\/WP\/wp-content\/uploads\/2024\/10\/IMG_1347-2048x1536.jpg 2048w, https:\/\/www.hubert-asam.de\/WP\/wp-content\/uploads\/2024\/10\/IMG_1347-1080x810.jpg 1080w\" sizes=\"(max-width: 1024px) 100vw, 1024px\" \/><\/a><figcaption class=\"wp-element-caption\">Die rechte T\u00fcre ist der Eingang zu unserer neuen Ferienwohnung 2 Zimmer Wohnk\u00fcche und Bad<\/figcaption><\/figure>\n\n\n\n<p>Ferien mitten im Paradies, in der Ruhe.<br>Wir verf\u00fcgen ab 2025 \u00fcber eine ger\u00e4umige sehr sch\u00f6ne Ferienwohnung. <br>Die Wohnung verf\u00fcgt \u00fcber 2 Zimmer sowie eine ger\u00e4umige Wohnk\u00fcche, Bad, 2 Terrassen und direkten Zugang zum Garten.<br>Ca 90qm Wohnfl\u00e4che mit der M\u00f6glichkeit, Garten, Hof und Haus zu nutzen.<br><br>Das erste Schlafzimmer befindet sich im ersten Stock, ausgestattet mit einem sch\u00f6nen schmiedeeisernen Bett und einem 2er Sofa, Terracottaboden und einem sehr sch\u00f6nen Ausblick auf den Garten und unsere G\u00e4nsemagd.<br>Das zweite Zimmer kann je nach Bedarf als Wohnzimmer oder Schlafzimmer benutzt werden, es schl\u00e4ft sich sehr konfortabel. Ein direkter Zugang auf die Terrasse erm\u00f6glicht den Blick auf Feigenb\u00e4ume, Lorbeer, Lavendel, Granat\u00e4pfel.<br>Eine zweite Terrasse mit gro\u00dfem Marmortisch geht nach vorne in Richtung Hof, dort kann am Lavendel zu Abend gegessen und der Sonnenuntergang genossen werden.<br><br> <br>Die K\u00fcche ist voll ausgestattet, im Bad befindet sich auch eine eigene Waschmaschine.<br><\/p>\n\n\n\n<div class=\"wp-block-media-text alignwide is-stacked-on-mobile\"><figure class=\"wp-block-media-text__media\"><img loading=\"lazy\" decoding=\"async\" width=\"768\" height=\"1024\" src=\"http:\/\/www.hubert-asam.de\/WP\/wp-content\/uploads\/2024\/10\/IMG_7196-768x1024.jpg\" alt=\"\" class=\"wp-image-4778 size-full\" srcset=\"https:\/\/www.hubert-asam.de\/WP\/wp-content\/uploads\/2024\/10\/IMG_7196-768x1024.jpg 768w, https:\/\/www.hubert-asam.de\/WP\/wp-content\/uploads\/2024\/10\/IMG_7196-225x300.jpg 225w, https:\/\/www.hubert-asam.de\/WP\/wp-content\/uploads\/2024\/10\/IMG_7196-1152x1536.jpg 1152w, https:\/\/www.hubert-asam.de\/WP\/wp-content\/uploads\/2024\/10\/IMG_7196-1536x2048.jpg 1536w, https:\/\/www.hubert-asam.de\/WP\/wp-content\/uploads\/2024\/10\/IMG_7196-1080x1440.jpg 1080w, https:\/\/www.hubert-asam.de\/WP\/wp-content\/uploads\/2024\/10\/IMG_7196-scaled.jpg 1920w\" sizes=\"(max-width: 768px) 100vw, 768px\" \/><\/figure><div class=\"wp-block-media-text__content\">\n<p class=\"has-small-font-size\">Die K\u00fcche ist aus massiver regionaler Ulme und Marmor aus der Schlucht handgefertigt und wartet nur darauf mit den typischen Gerichten der Marken betraut zu werden.<br>Im Garten wachsen alle mediterranen Kr\u00e4uter, B\u00fcsche von Rosmarin, Salbei, Thymian, Oregano, wilder Fenchel, Lavendel, Lorbeer, Knoblauch.<br><br>Wir haben selbst gemachte Oliven, Lavendel\u00f6l und Lavendelwasser vom eigenen Garten, es wachsen Feigen, Kirschen, Aprikosen, Granat\u00e4pfel, Kaki, Pflaumen, N\u00fc\u00dfe, Mandeln und vieles mehr um&#8217;s Haus, sie k\u00f6nnen sich je nach Saison nach Herzenslust bedienen.<br><br>Colondello ist ein kleines Paradies und einer der Vorteile eines so winzigen Dorfes ist, dass eine biologische Selbstversorgung kein sehr gro\u00dfer Aufwand ist. Fleisch und Gem\u00fcse kommt aus der direkten Umgebung und wird respektvoll angebaut und gehalten.<br>Meine Nachbarn bauen Salat an, machen Honig, Marmeladen, Tomatensugo, Zwiebeln und was immer sie wollen.<br><br>Sie k\u00f6nnen auch gerne mit unseren Tieren auf Tour gehen, wir shutteln sie gerne und holen sie am Ende ihrer Etappe ab.<\/p>\n<\/div><\/div>\n\n\n\n<p><br>Die B\u00f6den sind Stein und\/oder Terracotta, alles ist regional und im italienischen Stil gehalten.<br>Sie k\u00f6nnen ihre Ferienzeit in Ruhe genie\u00dfen und auch Freizeit an\/mit unseren Tieren verbringen, wir nehmen sie auch gerne mit in den Nationalpark um ihnen die frei lebenden Pferde zu zeigen. Sie k\u00f6nnen die wilde Natur Mittelitaliens hautnah erleben und genie\u00dfen.<br><\/p>\n\n\n\n<div class=\"wp-block-media-text is-stacked-on-mobile\"><figure class=\"wp-block-media-text__media\"><img loading=\"lazy\" decoding=\"async\" width=\"768\" height=\"1024\" src=\"http:\/\/www.hubert-asam.de\/WP\/wp-content\/uploads\/2025\/01\/IMG_0728-768x1024.jpg\" alt=\"\" class=\"wp-image-5124 size-full\"\/><\/figure><div class=\"wp-block-media-text__content\">\n<p>Wir betreuen 100 frei lebende Catria- Pferde im Nationalpark Monte Paganuccio. Gerne nehmen wir sie mit auf einen Ausflug den sie nie vergessen werden.<br>Mitten in die Gemeinschaft der Tiere hinein.<br>Gerade f\u00fcr Kinder ein einpr\u00e4gsames Erlebnis.<br><br>Auf dem Bild sehen sie einen unserer eigenen Hengste, der wild aufgewachsen ist.<br><br>Freuen sie sich auf Natur, Freiheit, Platz und die M\u00f6glichkeit das alles zu genie\u00dfen.<\/p>\n<\/div><\/div>\n\n\n\n<p><br><br>Garten und Gel\u00e4nde steht ihnen zur Verf\u00fcgung, das Haus eignet sich hervorragend als Start f\u00fcr jede Outdooraktivit\u00e4t.<br>Es sind 400km Mountanbike &#8211; und Wanderwege ausgeschildert, sie k\u00f6nnen reiten, biken, wandern, Endurofahren (es st\u00f6rt tats\u00e4chlich nicht) und die Weite des Landes in vollen Z\u00fcgen genie\u00dfen.<br><\/p>\n\n\n\n<div class=\"wp-block-media-text is-stacked-on-mobile\"><figure class=\"wp-block-media-text__media\"><img loading=\"lazy\" decoding=\"async\" width=\"1024\" height=\"768\" src=\"http:\/\/www.hubert-asam.de\/WP\/wp-content\/uploads\/2025\/01\/IMG_7457-3-1024x768.jpg\" alt=\"\" class=\"wp-image-5118 size-full\" srcset=\"http:\/\/www.hubert-asam.de\/WP\/wp-content\/uploads\/2025\/01\/IMG_7457-3-980x735.jpg 980w, http:\/\/www.hubert-asam.de\/WP\/wp-content\/uploads\/2025\/01\/IMG_7457-3-480x360.jpg 480w\" sizes=\"(min-width: 0px) and (max-width: 480px) 480px, (min-width: 481px) and (max-width: 980px) 980px, (min-width: 981px) 1024px, 100vw\" \/><\/figure><div class=\"wp-block-media-text__content\">\n<p>der ehemalige Stall ist zu einem gem\u00fctlichen Wohn\/Schlafbereich geworden mit direktem Ausgang zum Garten mit Oliven und Lavendel<\/p>\n<\/div><\/div>\n\n\n\n<p><br>Urbino, Pergola, die Adria, der Mittwochsmarkt in Cagli, Fossombrone, sind sehr nette kleine Ausflugsziele, der Monte Nerone und der Monte Catria bieten aussergew\u00f6hnlich sch\u00f6ne Wanderrouten, wir k\u00f6nnen ihnen Tipps zur Einkehr oder Ausflugszielen geben, ihnen die kleinen versteckten Orte zeigen die in keinem F\u00fchrer \u00fcber die Marken erscheinen.<br>Im Umkreis von 15-20 Minuten ist alles was man braucht zu erreichen, die Ortschaften sind sehr gut mit allem notwendigen versorgt.<\/p>\n\n\n\n<div class=\"wp-block-columns is-layout-flex wp-container-core-columns-is-layout-9d6595d7 wp-block-columns-is-layout-flex\">\n<div class=\"wp-block-column is-layout-flow wp-block-column-is-layout-flow\" style=\"flex-basis:100%\"><\/div>\n<\/div>\n\n\n\n<div class=\"wp-block-media-text is-stacked-on-mobile\" style=\"grid-template-columns:36% auto\"><figure class=\"wp-block-media-text__media\"><img loading=\"lazy\" decoding=\"async\" width=\"768\" height=\"1024\" src=\"http:\/\/www.hubert-asam.de\/WP\/wp-content\/uploads\/2025\/01\/photo_2025-01-13_15-54-08-768x1024.jpg\" alt=\"\" class=\"wp-image-5121 size-full\" srcset=\"http:\/\/www.hubert-asam.de\/WP\/wp-content\/uploads\/2025\/01\/photo_2025-01-13_15-54-08-768x1024.jpg 768w, http:\/\/www.hubert-asam.de\/WP\/wp-content\/uploads\/2025\/01\/photo_2025-01-13_15-54-08-480x640.jpg 480w\" sizes=\"(min-width: 0px) and (max-width: 480px) 480px, (min-width: 481px) 768px, 100vw\" \/><\/figure><div class=\"wp-block-media-text__content\">\n<figure class=\"wp-block-image size-large\"><a href=\"http:\/\/www.hubert-asam.de\/WP\/wp-content\/uploads\/2025\/01\/photo_2025-01-13_15-54-19.jpg\"><img loading=\"lazy\" decoding=\"async\" width=\"1024\" height=\"768\" src=\"http:\/\/www.hubert-asam.de\/WP\/wp-content\/uploads\/2025\/01\/photo_2025-01-13_15-54-19-1024x768.jpg\" alt=\"\" class=\"wp-image-5123\" srcset=\"http:\/\/www.hubert-asam.de\/WP\/wp-content\/uploads\/2025\/01\/photo_2025-01-13_15-54-19-1024x768.jpg 1024w, http:\/\/www.hubert-asam.de\/WP\/wp-content\/uploads\/2025\/01\/photo_2025-01-13_15-54-19-980x735.jpg 980w, http:\/\/www.hubert-asam.de\/WP\/wp-content\/uploads\/2025\/01\/photo_2025-01-13_15-54-19-480x360.jpg 480w\" sizes=\"(min-width: 0px) and (max-width: 480px) 480px, (min-width: 481px) and (max-width: 980px) 980px, (min-width: 981px) 1024px, 100vw\" \/><\/a><\/figure>\n\n\n\n<p>Doppelzimmer mit 2er Sofa und Blick in den Garten<\/p>\n<\/div><\/div>\n\n\n\n<p>Wir haben keinen Pool am Haus und werden auch in Zukunft keinen bauen. Es passt nicht zu uns.<br>Wir gehen sehr gerne in den Fl\u00fc\u00dfen baden, fahren an ruhigen Tagen ans Meer oder gehen in einem der zahlreichen \u00f6ffentlichen Pools in der N\u00e4he schwimmen. <br>Als Hundebesitzer ziehen wir die Fl\u00fc\u00dfe vor.<\/p>\n\n\n\n<div class=\"wp-block-media-text is-stacked-on-mobile\"><figure class=\"wp-block-media-text__media\"><img loading=\"lazy\" decoding=\"async\" width=\"653\" height=\"1024\" src=\"http:\/\/www.hubert-asam.de\/WP\/wp-content\/uploads\/2025\/01\/photo_2024-09-09_15-12-29-653x1024.jpg\" alt=\"\" class=\"wp-image-5119 size-full\" srcset=\"http:\/\/www.hubert-asam.de\/WP\/wp-content\/uploads\/2025\/01\/photo_2024-09-09_15-12-29-653x1024.jpg 653w, http:\/\/www.hubert-asam.de\/WP\/wp-content\/uploads\/2025\/01\/photo_2024-09-09_15-12-29-480x753.jpg 480w\" sizes=\"(min-width: 0px) and (max-width: 480px) 480px, (min-width: 481px) 653px, 100vw\" \/><\/figure><div class=\"wp-block-media-text__content\">\n<p><br>Sie k\u00f6nnen ihren Hund gerne mitbringen, insofern sie ihn erzogen haben und immer ein Erwachsener f\u00fcr ihn verantwortlich zeichnet. Wir haben Tiere am Haus, ihr Hund sollte damit zurecht kommen.<br>Wir leben mitten in der Natur und behandeln sie mit gro\u00dfem Respekt.<br>Ihr Haustier ist herzlich willkommen und sollten sie bei einem der kleinen W\u00f6lfe gelernt haben ist es uns doppelt recht.<\/p>\n<\/div><\/div>\n\n\n\n<p>Sie k\u00f6nnen die Wohnung gerne in Kombination mit Unterricht\/Seminaren buchen.<br>Die Preise bewegen sich pro Woche, je nach Saison, zwischen 700.- und 865.- pro Woche.<br>F\u00fcr Reservierungen k\u00f6nnen sie mich direkt kontaktieren.<br>hubert-asam@hubert-asam.de <br><br><br><\/p>\n","protected":false},"excerpt":{"rendered":"<p>Ferien mitten im Paradies, in der Ruhe.Wir verf\u00fcgen ab 2025 \u00fcber eine ger\u00e4umige sehr sch\u00f6ne Ferienwohnung. Die Wohnung verf\u00fcgt \u00fcber 2 Zimmer sowie eine ger\u00e4umige Wohnk\u00fcche, Bad, 2 Terrassen und direkten Zugang zum Garten.Ca 90qm Wohnfl\u00e4che mit der M\u00f6glichkeit, Garten, Hof und Haus zu nutzen. Das erste Schlafzimmer befindet sich im ersten Stock, ausgestattet mit [&hellip;]<\/p>\n","protected":false},"author":2,"featured_media":0,"parent":0,"menu_order":0,"comment_status":"closed","ping_status":"closed","template":"","meta":{"_et_pb_use_builder":"off","_et_pb_old_content":"<!-- wp:image {\"id\":4776,\"sizeSlug\":\"large\",\"linkDestination\":\"media\"} -->\n<figure class=\"wp-block-image size-large\"><a href=\"http:\/\/www.hubert-asam.de\/WP\/wp-content\/uploads\/2024\/10\/IMG_1347-scaled.jpg\"><img src=\"http:\/\/www.hubert-asam.de\/WP\/wp-content\/uploads\/2024\/10\/IMG_1347-1024x768.jpg\" alt=\"\" class=\"wp-image-4776\"\/><\/a><figcaption class=\"wp-element-caption\">Die rechte T\u00fcre ist der Eingang zu unserer neuen Ferienwohnung 2 Zimmer Wohnk\u00fcche und Bad<\/figcaption><\/figure>\n<!-- \/wp:image -->\n\n<!-- wp:paragraph -->\n<p>Ferien mitten im Paradies, in der Ruhe.<br>Wir verf\u00fcgen ab 2025 \u00fcber eine ger\u00e4umige sehr sch\u00f6ne Ferienwohnung. <br>Die Wohnung verf\u00fcgt \u00fcber 2 Zimmer sowie eine ger\u00e4umige Wohnk\u00fcche, Bad, 2 Terrassen und direkten Zugang zum Garten.<br>Ca 90qm Wohnfl\u00e4che mit der M\u00f6glichkeit, Garten, Hof und Haus zu nutzen.<br><br>Das erste Schlafzimmer befindet sich im ersten Stock, ausgestattet mit einem sch\u00f6nen schmiedeeisernen Bett und einem 2er Sofa, Terracottaboden und einem sehr sch\u00f6nen Ausblick auf den Garten und unsere G\u00e4nsemagd.<br>Das zweite Zimmer kann je nach Bedarf als Wohnzimmer oder Schlafzimmer benutzt werden, es schl\u00e4ft sich sehr konfortabel. Ein direkter Zugang auf die Terrasse erm\u00f6glicht den Blick auf Feigenb\u00e4ume, Lorbeer, Lavendel, Granat\u00e4pfel.<br>Eine zweite Terrasse mit gro\u00dfem Marmortisch geht nach vorne in Richtung Hof, dort kann am Lavendel zu Abend gegessen und der Sonnenuntergang genossen werden.<br><br> <br>Die K\u00fcche ist voll ausgestattet, im Bad befindet sich auch eine eigene Waschmaschine.<br><\/p>\n<!-- \/wp:paragraph -->\n\n<!-- wp:media-text {\"align\":\"wide\",\"mediaId\":4778,\"mediaType\":\"image\"} -->\n<div class=\"wp-block-media-text alignwide is-stacked-on-mobile\"><figure class=\"wp-block-media-text__media\"><img src=\"http:\/\/www.hubert-asam.de\/WP\/wp-content\/uploads\/2024\/10\/IMG_7196-768x1024.jpg\" alt=\"\" class=\"wp-image-4778 size-full\"\/><\/figure><div class=\"wp-block-media-text__content\"><!-- wp:paragraph {\"placeholder\":\"Inhalt\u2026\",\"fontSize\":\"small\"} -->\n<p class=\"has-small-font-size\">Die K\u00fcche ist aus massiver regionaler Ulme und Marmor aus der Schlucht handgefertigt und wartet nur darauf mit den typischen Gerichten der Marken betraut zu werden.<br>Im Garten wachsen alle mediterranen Kr\u00e4uter, B\u00fcsche von Rosmarin, Salbei, Thymian, Oregano, wilder Fenchel, Lavendel, Lorbeer, Knoblauch.<br><br>Wir haben selbst gemachte Oliven, Lavendel\u00f6l und Lavendelwasser vom eigenen Garten, es wachsen Feigen, Kirschen, Aprikosen, Granat\u00e4pfel, Kaki, Pflaumen, N\u00fc\u00dfe, Mandeln und vieles mehr um's Haus, sie k\u00f6nnen sich je nach Saison nach Herzenslust bedienen.<br><br>Colondello ist ein kleines Paradies und einer der Vorteile eines so winzigen Dorfes ist, dass eine biologische Selbstversorgung kein sehr gro\u00dfer Aufwand ist. Fleisch und Gem\u00fcse kommt aus der direkten Umgebung und wird respektvoll angebaut und gehalten.<br>Meine Nachbarn bauen Salat an, machen Honig, Marmeladen, Tomatensugo, Zwiebeln und was immer sie wollen.<br><br>Sie k\u00f6nnen auch gerne mit unseren Tieren auf Tour gehen, wir shutteln sie gerne und holen sie am Ende ihrer Etappe ab.<\/p>\n<!-- \/wp:paragraph --><\/div><\/div>\n<!-- \/wp:media-text -->\n\n<!-- wp:paragraph -->\n<p><br>Die B\u00f6den sind Stein und\/oder Terracotta, alles ist regional und im italienischen Stil gehalten.<br>Sie k\u00f6nnen ihre Ferienzeit in Ruhe genie\u00dfen und auch Freizeit an\/mit unseren Tieren verbringen, wir nehmen sie auch gerne mit in den Nationalpark um ihnen die frei lebenden Pferde zu zeigen. Sie k\u00f6nnen die wilde Natur Mittelitaliens hautnah erleben und genie\u00dfen.<br><\/p>\n<!-- \/wp:paragraph -->\n\n<!-- wp:media-text {\"mediaId\":5124,\"mediaType\":\"image\"} -->\n<div class=\"wp-block-media-text is-stacked-on-mobile\"><figure class=\"wp-block-media-text__media\"><img src=\"http:\/\/www.hubert-asam.de\/WP\/wp-content\/uploads\/2025\/01\/IMG_0728-768x1024.jpg\" alt=\"\" class=\"wp-image-5124 size-full\"\/><\/figure><div class=\"wp-block-media-text__content\"><!-- wp:paragraph {\"placeholder\":\"Inhalt\u00a0\u2026\"} -->\n<p>Wir betreuen 100 frei lebende Catria- Pferde im Nationalpark Monte Paganuccio. Gerne nehmen wir sie mit auf einen Ausflug den sie nie vergessen werden.<br>Mitten in die Gemeinschaft der Tiere hinein.<br>Gerade f\u00fcr Kinder ein einpr\u00e4gsames Erlebnis.<br><br>Auf dem Bild sehen sie einen unserer eigenen Hengste, der wild aufgewachsen ist.<br><br>Freuen sie sich auf Natur, Freiheit, Platz und die M\u00f6glichkeit das alles zu genie\u00dfen.<\/p>\n<!-- \/wp:paragraph --><\/div><\/div>\n<!-- \/wp:media-text -->\n\n<!-- wp:paragraph -->\n<p><br><br>Garten und Gel\u00e4nde steht ihnen zur Verf\u00fcgung, das Haus eignet sich hervorragend als Start f\u00fcr jede Outdooraktivit\u00e4t.<br>Es sind 400km Mountanbike - und Wanderwege ausgeschildert, sie k\u00f6nnen reiten, biken, wandern, Endurofahren (es st\u00f6rt tats\u00e4chlich nicht) und die Weite des Landes in vollen Z\u00fcgen genie\u00dfen.<br><\/p>\n<!-- \/wp:paragraph -->\n\n<!-- wp:media-text {\"mediaId\":5118,\"mediaType\":\"image\"} -->\n<div class=\"wp-block-media-text is-stacked-on-mobile\"><figure class=\"wp-block-media-text__media\"><img src=\"http:\/\/www.hubert-asam.de\/WP\/wp-content\/uploads\/2025\/01\/IMG_7457-3-1024x768.jpg\" alt=\"\" class=\"wp-image-5118 size-full\"\/><\/figure><div class=\"wp-block-media-text__content\"><!-- wp:paragraph {\"placeholder\":\"Inhalt\u00a0\u2026\"} -->\n<p>der ehemalige Stall ist zu einem gem\u00fctlichen Wohn\/Schlafbereich geworden mit direktem Ausgang zum Garten mit Oliven und Lavendel<\/p>\n<!-- \/wp:paragraph --><\/div><\/div>\n<!-- \/wp:media-text -->\n\n<!-- wp:paragraph -->\n<p><br>Urbino, Pergola, die Adria, der Mittwochsmarkt in Cagli, Fossombrone, sind sehr nette kleine Ausflugsziele, der Monte Nerone und der Monte Catria bieten aussergew\u00f6hnlich sch\u00f6ne Wanderrouten, wir k\u00f6nnen ihnen Tipps zur Einkehr oder Ausflugszielen geben, ihnen die kleinen versteckten Orte zeigen die in keinem F\u00fchrer \u00fcber die Marken erscheinen.<br>Im Umkreis von 15-20 Minuten ist alles was man braucht zu erreichen, die Ortschaften sind sehr gut mit allem notwendigen versorgt.<br><\/p>\n<!-- \/wp:paragraph -->\n\n<!-- wp:columns -->\n<div class=\"wp-block-columns\"><!-- wp:column {\"width\":\"100%\"} -->\n<div class=\"wp-block-column\" style=\"flex-basis:100%\"><\/div>\n<!-- \/wp:column --><\/div>\n<!-- \/wp:columns -->\n\n<!-- wp:media-text {\"mediaId\":5121,\"mediaType\":\"image\",\"mediaWidth\":32} -->\n<div class=\"wp-block-media-text is-stacked-on-mobile\" style=\"grid-template-columns:32% auto\"><figure class=\"wp-block-media-text__media\"><img src=\"http:\/\/www.hubert-asam.de\/WP\/wp-content\/uploads\/2025\/01\/photo_2025-01-13_15-54-08-768x1024.jpg\" alt=\"\" class=\"wp-image-5121 size-full\"\/><\/figure><div class=\"wp-block-media-text__content\"><!-- wp:paragraph {\"placeholder\":\"Inhalt\u00a0\u2026\"} -->\n<p><\/p>\n<!-- \/wp:paragraph -->\n\n<!-- wp:image {\"id\":5123,\"sizeSlug\":\"large\",\"linkDestination\":\"media\"} -->\n<figure class=\"wp-block-image size-large\"><a href=\"http:\/\/www.hubert-asam.de\/WP\/wp-content\/uploads\/2025\/01\/photo_2025-01-13_15-54-19.jpg\"><img src=\"http:\/\/www.hubert-asam.de\/WP\/wp-content\/uploads\/2025\/01\/photo_2025-01-13_15-54-19-1024x768.jpg\" alt=\"\" class=\"wp-image-5123\"\/><\/a><\/figure>\n<!-- \/wp:image -->\n\n<!-- wp:paragraph {\"placeholder\":\"Inhalt\u00a0\u2026\"} -->\n<p><\/p>\n<!-- \/wp:paragraph --><\/div><\/div>\n<!-- \/wp:media-text -->\n\n<!-- wp:paragraph -->\n<p>Wir haben keinen Pool am Haus und werden auch in Zukunft keinen bauen. Es passt nicht zu uns.<br>Wir gehen sehr gerne in den Fl\u00fc\u00dfen baden, fahren an ruhigen Tagen ans Meer oder gehen in einem der zahlreichen \u00f6ffentlichen Pools in der N\u00e4he schwimmen. <br>Als Hundebesitzer ziehen wir die Fl\u00fc\u00dfe vor.<br><br>Da wir gerade von Hunden sprechen.<br>Sie k\u00f6nnen ihren Hund gerne mitbringen, insofern sie ihn erzogen haben und immer ein Erwachsener f\u00fcr ihn verantwortlich zeichnet. Wir haben Tiere am Haus, ihr Hund sollte damit zurecht kommen.<br>Wir leben mitten in der Natur und behandeln sie mit gro\u00dfem Respekt.<\/p>\n<!-- \/wp:paragraph -->\n\n<!-- wp:image {\"id\":5119,\"width\":\"165px\",\"height\":\"auto\",\"sizeSlug\":\"large\",\"linkDestination\":\"media\"} -->\n<figure class=\"wp-block-image size-large is-resized\"><a href=\"http:\/\/www.hubert-asam.de\/WP\/wp-content\/uploads\/2025\/01\/photo_2024-09-09_15-12-29.jpg\"><img src=\"http:\/\/www.hubert-asam.de\/WP\/wp-content\/uploads\/2025\/01\/photo_2024-09-09_15-12-29-653x1024.jpg\" alt=\"\" class=\"wp-image-5119\" style=\"width:165px;height:auto\"\/><\/a><figcaption class=\"wp-element-caption\">Das Haus ist von K\u00fcnstlerhand renoviert worden, weshalb es neben der Natur auch einiges an \u00e4sthetischen Eindr\u00fccken vermittelt.<\/figcaption><\/figure>\n<!-- \/wp:image -->\n\n<!-- wp:paragraph -->\n<p>Ihr Haustier ist herzlich willkommen und sollten sie bei einem der kleinen W\u00f6lfe gelernt haben ist es uns doppelt recht.<br><br>Sie k\u00f6nnen die Wohnung gerne in Kombination mit Unterricht\/Seminaren buchen.<br>Die Preise bewegen sich pro Woche, je nach Saison, zwischen 700.- und 865.- pro Woche.<br>F\u00fcr Reservierungen k\u00f6nnen sie mich direkt kontaktieren.<br>hubert-asam@hubert-asam.de <br><br><br><\/p>\n<!-- \/wp:paragraph -->","_et_gb_content_width":"1080","footnotes":""},"class_list":["post-4775","page","type-page","status-publish","hentry"],"_links":{"self":[{"href":"https:\/\/www.hubert-asam.de\/index.php?rest_route=\/wp\/v2\/pages\/4775","targetHints":{"allow":["GET"]}}],"collection":[{"href":"https:\/\/www.hubert-asam.de\/index.php?rest_route=\/wp\/v2\/pages"}],"about":[{"href":"https:\/\/www.hubert-asam.de\/index.php?rest_route=\/wp\/v2\/types\/page"}],"author":[{"embeddable":true,"href":"https:\/\/www.hubert-asam.de\/index.php?rest_route=\/wp\/v2\/users\/2"}],"replies":[{"embeddable":true,"href":"https:\/\/www.hubert-asam.de\/index.php?rest_route=%2Fwp%2Fv2%2Fcomments&post=4775"}],"version-history":[{"count":12,"href":"https:\/\/www.hubert-asam.de\/index.php?rest_route=\/wp\/v2\/pages\/4775\/revisions"}],"predecessor-version":[{"id":5134,"href":"https:\/\/www.hubert-asam.de\/index.php?rest_route=\/wp\/v2\/pages\/4775\/revisions\/5134"}],"wp:attachment":[{"href":"https:\/\/www.hubert-asam.de\/index.php?rest_route=%2Fwp%2Fv2%2Fmedia&parent=4775"}],"curies":[{"name":"wp","href":"https:\/\/api.w.org\/{rel}","templated":true}]}}