{"id":3862,"date":"2019-01-09T22:51:29","date_gmt":"2019-01-09T21:51:29","guid":{"rendered":"http:\/\/www.hubert-asam.de\/?page_id=3862"},"modified":"2021-11-08T10:05:11","modified_gmt":"2021-11-08T09:05:11","slug":"wochenseminar-in-italien","status":"publish","type":"page","link":"https:\/\/www.hubert-asam.de\/?page_id=3862","title":{"rendered":"Seminare in Italien"},"content":{"rendered":"<p>[et_pb_section][et_pb_row][et_pb_column type=&#8220;2_3&#8243;][et_pb_text admin_label=&#8220;Text&#8220; background_layout=&#8220;light&#8220; text_orientation=&#8220;left&#8220; use_border_color=&#8220;off&#8220; border_color=&#8220;#ffffff&#8220; border_style=&#8220;solid&#8220;]<\/p>\n<h1 class=\"main_title\">Seminare in Italien<\/h1>\n<div class=\"entry-content\">\n<div class=\"entry-content\">\n<h3><a href=\"http:\/\/www.hubert-asam.de\/WP\/wp-content\/uploads\/2015\/07\/logo100sw.jpg\"><img loading=\"lazy\" decoding=\"async\" class=\"alignnone size-full wp-image-264\" src=\"http:\/\/www.hubert-asam.de\/WP\/wp-content\/uploads\/2015\/07\/logo100sw.jpg\" alt=\"logo100sw\" width=\"100\" height=\"58\" \/><\/a>Italien\/Marken<\/h3>\n<p>Unser Domizil ist in Italien ist in der N\u00e4he von Cagli, in den Marken zu finden.<br \/>\nDie Marken sind einer der urspr\u00fcnglichsten Landstriche Mittelitaliens, definitiv touristisch unentdeckt und nicht \u00fcberlaufen, alles ist echt, die Menschen offen und freundlich, alles ist f\u00fcr Besucher und Einheimische gleich gestaltet.<br \/>\nDie Toskana ist nicht weit, doch alles ist etwas ruhiger, feiner das Naturerlebnis authentischer und aufregender.<\/p>\n<p><a href=\"http:\/\/www.hubert-asam.de\/WP\/wp-content\/uploads\/2019\/01\/Gola-1.jpg\"><img loading=\"lazy\" decoding=\"async\" class=\"alignnone size-medium wp-image-3797\" src=\"http:\/\/www.hubert-asam.de\/WP\/wp-content\/uploads\/2019\/01\/Gola-1-300x225.jpg\" sizes=\"(max-width: 300px) 100vw, 300px\" srcset=\"http:\/\/www.hubert-asam.de\/WP\/wp-content\/uploads\/2019\/01\/Gola-1-300x225.jpg 300w, http:\/\/www.hubert-asam.de\/WP\/wp-content\/uploads\/2019\/01\/Gola-1-768x576.jpg 768w, http:\/\/www.hubert-asam.de\/WP\/wp-content\/uploads\/2019\/01\/Gola-1.jpg 854w\" alt=\"Gola 1\" width=\"300\" height=\"225\" \/><\/a><\/p>\n<p>Unser Haus liegt nicht weit von der K\u00fcste (ca 40km), nah an den Bergen.<br \/>\nDie Via Flaminia f\u00fchrt direkt von Fano nach Furlo, sie ist seit 2000 Jahren die Verbindung von Adria und Rom.<\/p>\n<p>Der Monte Catria und der Monte Nero sind in Sichtweite, die Monti Sibillini gut zu erreichen.<\/p>\n<p>Die Berge sind wundersch\u00f6n, es gibt herrliche Wanderwege und \u00fcberall frei lebende Pferde und Vieh.<\/p>\n<p>Die Schlucht von Furlo ist unser Heimatst\u00fctzpunkt, dort ist auch Giusis Bar unser Treffpunkt mit Blick auf die Gola de Furlo und die Adler.<\/p>\n<p>Wir k\u00f6nnen also vom Haus weg alles unternehmen worauf wir Lust haben.<br \/>\nDie Gegend ist DIE Tr\u00fcffelhochburg Italiens (der gr\u00f6\u00dfte Tr\u00fcffelmarkt der Nation ist in Acqualagna ca 8km entfernt).<br \/>\nWandern, Reiten, Trekking, Mountainbiken, es ist alles im Umkreis m\u00f6glich.<\/p>\n<p>Wir haben eigene Pferde am Haus, wir k\u00f6nnen mit ihnen zu den Wildpferden reiten, es sind ca 80 St\u00fcck auf dem Monte Paganuccio (ein Nationalpark) und wir k\u00fcmmern uns mit um die Herde und haben die Erlaubnis dort zu sein und sie zu beobachten.<\/p>\n<p>Im Winter ist die Tr\u00fcffelhauptsaison.<br \/>\nWei\u00dfe und schwarze wachsen direkt am Haus.<br \/>\nEs geh\u00f6ren einige Hektar Wald mit dazu, in denen wir vollkommen frei tun und lasen k\u00f6nnen wonach uns ist.<\/p>\n<div id=\"attachment_195\" class=\"wp-caption alignleft\"><a href=\"http:\/\/www.hubert-asam.de\/WP\/wp-content\/uploads\/2016\/11\/Pergola8.jpg\"><img loading=\"lazy\" decoding=\"async\" class=\"alignnone size-medium wp-image-2746\" src=\"http:\/\/www.hubert-asam.de\/WP\/wp-content\/uploads\/2016\/11\/Pergola8-300x225.jpg\" sizes=\"(max-width: 300px) 100vw, 300px\" srcset=\"http:\/\/www.hubert-asam.de\/WP\/wp-content\/uploads\/2016\/11\/Pergola8-300x225.jpg 300w, http:\/\/www.hubert-asam.de\/WP\/wp-content\/uploads\/2016\/11\/Pergola8-768x576.jpg 768w, http:\/\/www.hubert-asam.de\/WP\/wp-content\/uploads\/2016\/11\/Pergola8-1024x768.jpg 1024w, http:\/\/www.hubert-asam.de\/WP\/wp-content\/uploads\/2016\/11\/Pergola8-1080x810.jpg 1080w\" alt=\"pergola8\" width=\"300\" height=\"225\" \/><\/a><\/div>\n<p>&nbsp;<\/p>\n<p>&nbsp;<\/p>\n<p>&nbsp;<\/p>\n<p>&nbsp;<\/p>\n<p>&nbsp;<\/p>\n<p>&nbsp;<\/p>\n<p>&nbsp;<\/p>\n<p>Urspr\u00fcnglich entstand die Arbeit im S\u00fcden, weil mich so viele Klienten nach einer Abschiebem\u00f6glichkeit f\u00fcr ihre Hunde im Urlaub gefragt hatten.<br \/>\nMeine Antwort war, ist und wird immer bleiben: Nehmt eure Hunde mit!! Sie geh\u00f6ren zu Euch.<br \/>\nHunde trennen sich nicht voneinander, sie leben ihr Leben gemeinsam, eine \u201eHundefamilie\u201c ist eine Jagd-, Kampf-, Sozial- und Schutzgemeinschaft. Respekt und Vertrauen k\u00f6nnen nur regieren, wenn die Gemeinschaft ohne Unterbrechung aufrecht erhalten wird. \u00c4hnlich wie es in einer menschlich-archaischen Sippe w\u00e4re. Gleiche Regeln, immer, ununterbrochen und f\u00fcr Alle.<br \/>\nIntuitives Denken erfordert permanente \u00dcberpr\u00fcfung und Vergewisserung der Beziehungen. Zust\u00e4nde wie Vertrauen, Respekt oder Liebe, ver\u00e4ndern sich bereits durch einen Haarriss komplett, man kann niemanden ein bisschen oder ziemlich lieben. Ganz oder gar nicht ist hier die Grundregel. Urlaubsabsenzen verbieten sich f\u00fcr den Menschen in der Mensch-Hund-Familie f\u00fcr immer.<\/p>\n<h3><a href=\"http:\/\/www.hubert-asam.de\/WP\/wp-content\/uploads\/2016\/11\/colondello-wiese-300x179.jpg\"><img loading=\"lazy\" decoding=\"async\" class=\"alignnone size-medium wp-image-3812\" src=\"http:\/\/www.hubert-asam.de\/WP\/wp-content\/uploads\/2016\/11\/colondello-wiese-300x179-300x179.jpg\" alt=\"colondello-wiese-300x179\" width=\"300\" height=\"179\" \/><\/a><\/h3>\n<p>Kein Hund kann verstehen, wenn er \u201eabgegeben\u201c wird. Auch dann nicht, wenn er die Person gut kennt oder h\u00e4ufigen Kontakt hat. F\u00fcr den Hund bedeutet die Trennung die Aufl\u00f6sung der Familienbande. Instinktiv wei\u00df das der Mensch. Seine L\u00f6sung ist wie meist in der archaischen Welt: Er quasselt mit seinen Nachbarn und versichert sich dadurch, dass der Bruch seiner eigenen archaischen Regeln nur halb so wild ist, wenn der Bruch kulturell akzeptiert wird: ein ernsthaftes Problem des Hundes. Selbstverrat wird zum kulturellen Konsens.<\/p>\n<p><a href=\"http:\/\/www.hubert-asam.de\/WP\/wp-content\/uploads\/2018\/06\/445204216_17934005275154634612.jpg\"><img loading=\"lazy\" decoding=\"async\" class=\"alignnone size-medium wp-image-3528\" src=\"http:\/\/www.hubert-asam.de\/WP\/wp-content\/uploads\/2018\/06\/445204216_17934005275154634612-300x169.jpg\" sizes=\"(max-width: 300px) 100vw, 300px\" srcset=\"http:\/\/www.hubert-asam.de\/WP\/wp-content\/uploads\/2018\/06\/445204216_17934005275154634612-300x169.jpg 300w, http:\/\/www.hubert-asam.de\/WP\/wp-content\/uploads\/2018\/06\/445204216_17934005275154634612-768x432.jpg 768w, http:\/\/www.hubert-asam.de\/WP\/wp-content\/uploads\/2018\/06\/445204216_17934005275154634612-1024x576.jpg 1024w, http:\/\/www.hubert-asam.de\/WP\/wp-content\/uploads\/2018\/06\/445204216_17934005275154634612-1080x608.jpg 1080w, http:\/\/www.hubert-asam.de\/WP\/wp-content\/uploads\/2018\/06\/445204216_17934005275154634612.jpg 1280w\" alt=\"445204216_17934005275154634612\" width=\"300\" height=\"169\" \/><\/a><\/p>\n<p>Die Beziehung\/ RangOrdnung wird sich nach archaischen Gegebenheiten wie Loyalit\u00e4t oder Verrat richten. Kultureller Konsens schw\u00e4cht die Bedeutung einer Handlung nicht ab. Ein Hund kann aus seiner sozialen Intelligenz heraus differenzieren, aus welchem Grund man ihn \u201everlassen\u201c hat. Er wei\u00df, ob der Mensch im Wellnesshotel\/ im Flieger nach Bali sitzt, oder ob sich beide Beine gebrochen hat und echter Notstand herrscht. Der menschliche Aspekt des: \u201edas macht mein Nachbar aber auch\u201c, interessiert ihn nicht, weil seine Genetik ihm sagt: \u201efremde Rudel gehen uns nichts an\u201c.<\/p>\n<p>Viele meiner Klienten haben auch schlichtweg Hunde, die zu problematisch f\u00fcr den Urlaub sind.<br \/>\nDeshalb biete ich die M\u00f6glichkeit, dies in einen Rahmen zu binden, in dem beides passieren kann. Ein Lernurlaub f\u00fcr alle. Ein einw\u00f6chiges Seminar, das dem Menschen auch Erholung aus seiner kulturellen\/beruflichen Anspannung gibt.<\/p>\n<p>Ich arbeitete 10 Jahre in S\u00fcd \u2013 Frankreich.<br \/>\nSeit 2017 sind die kleinen W\u00f6lfe in Italien am wildesten und sch\u00f6nsten Ort der Welt, in Colondello am Monte Paganuccio.<br \/>\nWir haben Z\u00e4une gebaut und das Haus f\u00fcr G\u00e4ste und ihre Vierbeiner fit gemacht.<\/p>\n<p>Die Kontinuit\u00e4t im Alltag ist der entscheidende Moment dabei. Die Kleinigkeiten entscheiden die Rangordnung. Eine Woche in Italien gibt einer Mensch-Hund-Beziehung den entscheidenden Impuls.<\/p>\n<div id=\"attachment_192\" class=\"wp-caption alignleft\"><a href=\"http:\/\/www.hubert-asam.de\/WP\/wp-content\/uploads\/2018\/06\/448415082_5347385810892339961.jpg\"><img loading=\"lazy\" decoding=\"async\" class=\"alignnone size-medium wp-image-3532\" src=\"http:\/\/www.hubert-asam.de\/WP\/wp-content\/uploads\/2018\/06\/448415082_5347385810892339961-300x200.jpg\" sizes=\"(max-width: 300px) 100vw, 300px\" srcset=\"http:\/\/www.hubert-asam.de\/WP\/wp-content\/uploads\/2018\/06\/448415082_5347385810892339961-300x200.jpg 300w, http:\/\/www.hubert-asam.de\/WP\/wp-content\/uploads\/2018\/06\/448415082_5347385810892339961-768x512.jpg 768w, http:\/\/www.hubert-asam.de\/WP\/wp-content\/uploads\/2018\/06\/448415082_5347385810892339961-1024x683.jpg 1024w, http:\/\/www.hubert-asam.de\/WP\/wp-content\/uploads\/2018\/06\/448415082_5347385810892339961-1080x721.jpg 1080w, http:\/\/www.hubert-asam.de\/WP\/wp-content\/uploads\/2018\/06\/448415082_5347385810892339961.jpg 1280w\" alt=\"448415082_5347385810892339961\" width=\"300\" height=\"200\" \/><\/a><\/div>\n<p>&nbsp;<\/p>\n<p>&nbsp;<\/p>\n<p>&nbsp;<\/p>\n<p>&nbsp;<\/p>\n<p>&nbsp;<\/p>\n<p>&nbsp;<\/p>\n<p>Der Umgang mit Hunden auf dem Land in Italien ist anders als der in Deutschland oder der Schweiz.<br \/>\nEs tut\u00a0 gut, die Aura der \u201eHunde-Hysterie\u201c (\u201enehmen sie ihren Drecksk\u00f6ter an die Leine\u201c) in D und CH einmal zu verlassen und sich mit seinem Hund und nicht mit dem Nachbarn zu besch\u00e4ftigen.<\/p>\n<p><a href=\"http:\/\/www.hubert-asam.de\/WP\/wp-content\/uploads\/2018\/03\/colondello21.jpg\"><img loading=\"lazy\" decoding=\"async\" class=\"alignnone size-medium wp-image-3481\" src=\"http:\/\/www.hubert-asam.de\/WP\/wp-content\/uploads\/2018\/03\/colondello21-300x225.jpg\" sizes=\"(max-width: 300px) 100vw, 300px\" srcset=\"http:\/\/www.hubert-asam.de\/WP\/wp-content\/uploads\/2018\/03\/colondello21-300x225.jpg 300w, http:\/\/www.hubert-asam.de\/WP\/wp-content\/uploads\/2018\/03\/colondello21-768x576.jpg 768w, http:\/\/www.hubert-asam.de\/WP\/wp-content\/uploads\/2018\/03\/colondello21-1024x768.jpg 1024w, http:\/\/www.hubert-asam.de\/WP\/wp-content\/uploads\/2018\/03\/colondello21-1080x810.jpg 1080w\" alt=\"colondello21\" width=\"300\" height=\"225\" \/><\/a><\/p>\n<p>Unser Haus liegt v\u00f6llig alleine, an der Grenze zum Nationalpark, entspanntes Gassigehen abends, wir st\u00f6ren niemanden, das Erlebnis von Flora und Fauna ist beeindruckend.<\/p>\n<p>Die Wochenseminare (wer will kann das auch auf 14 Tage oder 3-4 Wochen ausdehnen) sind zu einem festen Bestandteil meiner Arbeit geworden. Sie machen nicht nur\u00a0 Freude, sie sind auch die besten Seminare, weil kontinuierlichste Version meiner Arbeit.<br \/>\n7 Tage klare Struktur, das wirkt sich auf die sozialen Vereinbarungen rudelintern aus. Wer die Testphase danach zu Hause \u00fcbersteht, kann das neu erreichte Level f\u00fcr den Rest des Zusammenlebens halten.<\/p>\n<p>Ausfl\u00fcge auf die M\u00e4rkte in Cagli, Acqualagna oder Fossombrone mit Badeaktion an einem Flu\u00df, gemeinsames Erleben wird zum Unterricht, ich beobachte und gebe R\u00fcckmeldung.<br \/>\nJeder bekommt auch Einzelunterricht, in dem ich gezielt die Themen aufgreife, die ich im Alltag entdeckt habe.<\/p>\n<p>Unser Haus hat insgesamt 5 Schlafzimmer sowie ein gro\u00dfes Atelier, in dem wir arbeiten k\u00f6nnen, sollte die Wetterlage einmal nicht sehr einladend sein.<\/p>\n<div id=\"attachment_189\" class=\"wp-caption alignnone\">\n<p><a href=\"http:\/\/www.hubert-asam.de\/WP\/wp-content\/uploads\/2017\/12\/Haus-1-Paganuccio.jpg\"><img loading=\"lazy\" decoding=\"async\" class=\"alignnone size-medium wp-image-3214\" src=\"http:\/\/www.hubert-asam.de\/WP\/wp-content\/uploads\/2017\/12\/Haus-1-Paganuccio-300x200.jpg\" sizes=\"(max-width: 300px) 100vw, 300px\" srcset=\"http:\/\/www.hubert-asam.de\/WP\/wp-content\/uploads\/2017\/12\/Haus-1-Paganuccio-300x200.jpg 300w, http:\/\/www.hubert-asam.de\/WP\/wp-content\/uploads\/2017\/12\/Haus-1-Paganuccio-768x512.jpg 768w, http:\/\/www.hubert-asam.de\/WP\/wp-content\/uploads\/2017\/12\/Haus-1-Paganuccio-1024x682.jpg 1024w, http:\/\/www.hubert-asam.de\/WP\/wp-content\/uploads\/2017\/12\/Haus-1-Paganuccio-1080x720.jpg 1080w\" alt=\"Haus 1 Paganuccio\" width=\"300\" height=\"200\" \/><\/a><br \/>\nDie Wochenseminare sind ganzj\u00e4hrig buchbar.<br \/>\nTraditionell gebe ich die Wochenseminare um Ostern, um Pfingsten und Ende der Sommerferien sowie im Herbst, im Winter werden Tr\u00fcffelkurse angeboten, sie wachsen direkt am Haus auf dem Grundst\u00fcck. Ich werde einen F\u00e4hrten-\/Tr\u00fcffelkurs anbieten, der sich zum Einen mit dem Tr\u00fcffel besch\u00e4ftigt, also auch den kulinarischen Gen\u00fcssen, zum Anderen nat\u00fcrlich mit dem \u201eTraining\u201c eines Hundes und der Suche nach dem begehrten Pilz.<\/p>\n<\/div>\n<div id=\"attachment_187\" class=\"wp-caption alignleft\">\n<p><a href=\"http:\/\/www.hubert-asam.de\/WP\/wp-content\/uploads\/2015\/06\/Trueffelsuche.jpg\"><img loading=\"lazy\" decoding=\"async\" class=\"wp-image-187 size-medium\" src=\"http:\/\/www.hubert-asam.de\/WP\/wp-content\/uploads\/2015\/06\/Trueffelsuche-300x225.jpg\" sizes=\"(max-width: 300px) 100vw, 300px\" srcset=\"http:\/\/www.hubert-asam.de\/WP\/wp-content\/uploads\/2015\/06\/Trueffelsuche-300x225.jpg 300w, http:\/\/www.hubert-asam.de\/WP\/wp-content\/uploads\/2015\/06\/Trueffelsuche-1024x768.jpg 1024w, http:\/\/www.hubert-asam.de\/WP\/wp-content\/uploads\/2015\/06\/Trueffelsuche-1080x810.jpg 1080w, http:\/\/www.hubert-asam.de\/WP\/wp-content\/uploads\/2015\/06\/Trueffelsuche.jpg 1200w\" alt=\"Trueffelsuche\" width=\"300\" height=\"225\" \/><\/a><\/p>\n<p class=\"wp-caption-text\">Reto hat den Tr\u00fcffel<\/p>\n<\/div>\n<p>&nbsp;<\/p>\n<p>&nbsp;<\/p>\n<p>&nbsp;<\/p>\n<p>&nbsp;<\/p>\n<p>&nbsp;<\/p>\n<p>&nbsp;<\/p>\n<p>&nbsp;<\/p>\n<p>&nbsp;<\/p>\n<p>&nbsp;<\/p>\n<p>Pferdearbeit ist jederzeit m\u00f6glich. Ausritte, Bodenarbeit, Beziehungsarbeit, das ein\u00fcben von K\u00f6rpersprache.<br \/>\nEthop\u00e4dagogik pur \u2026 Wir haben ideale Arbeitsbedingungen.<\/p>\n<p>Wir k\u00f6nnen Reitbegleithundkurse machen, ich bin f\u00fcr eure Vorschl\u00e4ge offen.<\/p>\n<div id=\"attachment_186\" class=\"wp-caption alignleft\"><a href=\"http:\/\/www.hubert-asam.de\/WP\/wp-content\/uploads\/2016\/11\/IMG_6602.jpg\"><img loading=\"lazy\" decoding=\"async\" class=\"alignnone size-medium wp-image-2751\" src=\"http:\/\/www.hubert-asam.de\/WP\/wp-content\/uploads\/2016\/11\/IMG_6602-300x225.jpg\" sizes=\"(max-width: 300px) 100vw, 300px\" srcset=\"http:\/\/www.hubert-asam.de\/WP\/wp-content\/uploads\/2016\/11\/IMG_6602-300x225.jpg 300w, http:\/\/www.hubert-asam.de\/WP\/wp-content\/uploads\/2016\/11\/IMG_6602-768x576.jpg 768w, http:\/\/www.hubert-asam.de\/WP\/wp-content\/uploads\/2016\/11\/IMG_6602-1024x768.jpg 1024w, http:\/\/www.hubert-asam.de\/WP\/wp-content\/uploads\/2016\/11\/IMG_6602-1080x810.jpg 1080w\" alt=\"img_6602\" width=\"300\" height=\"225\" \/><\/a><\/div>\n<p>&nbsp;<\/p>\n<p>&nbsp;<\/p>\n<p>&nbsp;<\/p>\n<p>&nbsp;<\/p>\n<p>&nbsp;<\/p>\n<p>&nbsp;<\/p>\n<p>&nbsp;<\/p>\n<p>Grunds\u00e4tzlich gilt: Ich greife die Themen auf, die ich im Alltag entdecke, arbeite mit euch daran. Normalerweise in Gruppen, dann gehen wir in den Alltag \u00fcber.<br \/>\nIhr k\u00f6nnt jederzeit nach Einzelunterricht fragen oder im vorhinein absprechen.<\/p>\n<p>Wir k\u00f6nnen zu den Wildpferden fahren, reiten gehen, wandern, wir sind vogelfrei in Colondello.<\/p>\n<p><a href=\"http:\/\/www.hubert-asam.de\/WP\/wp-content\/uploads\/2018\/12\/MG_0544.jpg\"><img loading=\"lazy\" decoding=\"async\" class=\"alignnone size-medium wp-image-3756\" src=\"http:\/\/www.hubert-asam.de\/WP\/wp-content\/uploads\/2018\/12\/MG_0544-300x200.jpg\" sizes=\"(max-width: 300px) 100vw, 300px\" srcset=\"http:\/\/www.hubert-asam.de\/WP\/wp-content\/uploads\/2018\/12\/MG_0544-300x200.jpg 300w, http:\/\/www.hubert-asam.de\/WP\/wp-content\/uploads\/2018\/12\/MG_0544-768x512.jpg 768w, http:\/\/www.hubert-asam.de\/WP\/wp-content\/uploads\/2018\/12\/MG_0544-1024x683.jpg 1024w, http:\/\/www.hubert-asam.de\/WP\/wp-content\/uploads\/2018\/12\/MG_0544-1080x720.jpg 1080w\" alt=\"_MG_0544\" width=\"300\" height=\"200\" \/><\/a><\/p>\n<p><a href=\"http:\/\/www.hubert-asam.de\/WP\/wp-content\/uploads\/2018\/12\/MG_1058.jpg\"><img loading=\"lazy\" decoding=\"async\" class=\"alignnone size-medium wp-image-3767\" src=\"http:\/\/www.hubert-asam.de\/WP\/wp-content\/uploads\/2018\/12\/MG_1058-300x200.jpg\" sizes=\"(max-width: 300px) 100vw, 300px\" srcset=\"http:\/\/www.hubert-asam.de\/WP\/wp-content\/uploads\/2018\/12\/MG_1058-300x200.jpg 300w, http:\/\/www.hubert-asam.de\/WP\/wp-content\/uploads\/2018\/12\/MG_1058-768x512.jpg 768w, http:\/\/www.hubert-asam.de\/WP\/wp-content\/uploads\/2018\/12\/MG_1058-1024x683.jpg 1024w, http:\/\/www.hubert-asam.de\/WP\/wp-content\/uploads\/2018\/12\/MG_1058-1080x720.jpg 1080w\" alt=\"_MG_1058\" width=\"300\" height=\"200\" \/><\/a><\/p>\n<p>Danach richten wir das Programm auch aus. Bei Basis-Seminaren ist Einzelunterricht Standard.<\/p>\n<p>Ich habe meistens noch eine\/n 2. Trainer\/in mit an Bord.<\/p>\n<p>Genausogern mache ich mit euch Unterricht, die Marken geben mir immer die M\u00f6glichkeit, etwas tiefer zu gehen \u2026.<\/p>\n<p>&nbsp;<\/p>\n<p>Bitte bei Interesse fr\u00fchzeitig anmelden.<br \/>\nAm Mittwoch werde ich euch einen freien Tag g\u00f6nnen.<\/p>\n<p>Ihr k\u00f6nnt Ausfl\u00fcge machen, an die K\u00fcste fahren, am Strand mit dem Hund spielen, Ausritte durch die Marken machen.<br \/>\nWandern am Monte Catria, Petrano, Nerone.<br \/>\n<a href=\"http:\/\/www.hubert-asam.de\/WP\/wp-content\/uploads\/2017\/03\/tartufo-Deckel-web.jpg\"><img loading=\"lazy\" decoding=\"async\" class=\"alignnone size-medium wp-image-2991\" src=\"http:\/\/www.hubert-asam.de\/WP\/wp-content\/uploads\/2017\/03\/tartufo-Deckel-web-300x300.jpg\" sizes=\"(max-width: 300px) 100vw, 300px\" srcset=\"http:\/\/www.hubert-asam.de\/WP\/wp-content\/uploads\/2017\/03\/tartufo-Deckel-web-300x300.jpg 300w, http:\/\/www.hubert-asam.de\/WP\/wp-content\/uploads\/2017\/03\/tartufo-Deckel-web-150x150.jpg 150w, http:\/\/www.hubert-asam.de\/WP\/wp-content\/uploads\/2017\/03\/tartufo-Deckel-web-768x768.jpg 768w, http:\/\/www.hubert-asam.de\/WP\/wp-content\/uploads\/2017\/03\/tartufo-Deckel-web-1024x1024.jpg 1024w, http:\/\/www.hubert-asam.de\/WP\/wp-content\/uploads\/2017\/03\/tartufo-Deckel-web-1080x1079.jpg 1080w\" alt=\"tartufo Deckel web\" width=\"300\" height=\"300\" \/> <\/a><a href=\"http:\/\/www.hubert-asam.de\/WP\/wp-content\/uploads\/2016\/11\/IMAGE-2018-12-23-193215.jpg\"><img loading=\"lazy\" decoding=\"async\" class=\"alignnone size-medium wp-image-3813\" src=\"http:\/\/www.hubert-asam.de\/WP\/wp-content\/uploads\/2016\/11\/IMAGE-2018-12-23-193215-300x180.jpg\" sizes=\"(max-width: 300px) 100vw, 300px\" srcset=\"http:\/\/www.hubert-asam.de\/WP\/wp-content\/uploads\/2016\/11\/IMAGE-2018-12-23-193215-300x180.jpg 300w, http:\/\/www.hubert-asam.de\/WP\/wp-content\/uploads\/2016\/11\/IMAGE-2018-12-23-193215-768x461.jpg 768w, http:\/\/www.hubert-asam.de\/WP\/wp-content\/uploads\/2016\/11\/IMAGE-2018-12-23-193215-1024x614.jpg 1024w, http:\/\/www.hubert-asam.de\/WP\/wp-content\/uploads\/2016\/11\/IMAGE-2018-12-23-193215-1080x648.jpg 1080w, http:\/\/www.hubert-asam.de\/WP\/wp-content\/uploads\/2016\/11\/IMAGE-2018-12-23-193215.jpg 1280w\" alt=\"IMAGE 2018-12-23 19:32:15\" width=\"300\" height=\"180\" \/><\/a><a href=\"http:\/\/www.hubert-asam.de\/WP\/wp-content\/uploads\/2017\/03\/tartufo-Deckel-web.jpg\"><br \/>\n<\/a><\/p>\n<p><a href=\"http:\/\/www.hubert-asam.de\/WP\/wp-content\/uploads\/2015\/07\/pdf1.gif\"><img loading=\"lazy\" decoding=\"async\" class=\"alignnone size-full wp-image-1677\" src=\"http:\/\/www.hubert-asam.de\/WP\/wp-content\/uploads\/2015\/07\/pdf1.gif\" alt=\"pdf\" width=\"30\" height=\"28\" \/><\/a>\u00a0<a href=\"http:\/\/www.hubert-asam.de\/WP\/wp-content\/uploads\/2015\/07\/Anmeldeformular-2022.pdf\">Anmeldeformular 2022<\/a><\/p>\n<p><a href=\"http:\/\/www.hubert-asam.de\/WP\/wp-content\/uploads\/2015\/07\/pdf1.gif\"><img loading=\"lazy\" decoding=\"async\" class=\"alignnone size-full wp-image-1677\" src=\"http:\/\/www.hubert-asam.de\/WP\/wp-content\/uploads\/2015\/07\/pdf1.gif\" alt=\"pdf\" width=\"30\" height=\"28\" \/><\/a><a href=\"http:\/\/www.hubert-asam.de\/WP\/wp-content\/uploads\/2017\/03\/Vorbereitungsbogen.pdf\">Vorbereitungsbogen<\/a><\/p>\n<\/div>\n<\/div>\n<p>[\/et_pb_text][\/et_pb_column][et_pb_column type=&#8220;1_3&#8243;][et_pb_text admin_label=&#8220;Text&#8220; background_layout=&#8220;light&#8220; text_orientation=&#8220;left&#8220; use_border_color=&#8220;off&#8220; border_color=&#8220;#ffffff&#8220; border_style=&#8220;solid&#8220;]<\/p>\n<h3><a href=\"http:\/\/www.hubert-asam.de\/WP\/wp-content\/uploads\/2015\/07\/logo100sw.jpg\"><img loading=\"lazy\" decoding=\"async\" class=\"alignnone size-full wp-image-264\" src=\"http:\/\/www.hubert-asam.de\/WP\/wp-content\/uploads\/2015\/07\/logo100sw.jpg\" alt=\"logo100sw\" width=\"100\" height=\"58\" \/><\/a><\/h3>\n<h3><a href=\"http:\/\/www.hubert-asam.de\/WP\/wp-content\/uploads\/2018\/12\/MG_0598.jpg\"><img loading=\"lazy\" decoding=\"async\" class=\"alignnone size-medium wp-image-3759\" src=\"http:\/\/www.hubert-asam.de\/WP\/wp-content\/uploads\/2018\/12\/MG_0598-300x200.jpg\" alt=\"_MG_0598\" width=\"300\" height=\"200\" srcset=\"https:\/\/www.hubert-asam.de\/WP\/wp-content\/uploads\/2018\/12\/MG_0598-300x200.jpg 300w, https:\/\/www.hubert-asam.de\/WP\/wp-content\/uploads\/2018\/12\/MG_0598-768x512.jpg 768w, https:\/\/www.hubert-asam.de\/WP\/wp-content\/uploads\/2018\/12\/MG_0598-1024x683.jpg 1024w, https:\/\/www.hubert-asam.de\/WP\/wp-content\/uploads\/2018\/12\/MG_0598-1080x720.jpg 1080w\" sizes=\"(max-width: 300px) 100vw, 300px\" \/><\/a><\/h3>\n<h3>Eine besondere Gelegenheit\u00a0im Juni 2022:<\/h3>\n<h3>Gemeinsam arbeiten am Monte Paganuccio<\/h3>\n<p>Wir unterst\u00fctzen seit nun bald 5 Jahren die Pferdezucht am Monte Paganuccio. Es gilt, eine frei lebende Herde von Catriapferden zu betreuen &#8211; eine Aufgabe, die in Fleisch und Blut \u00fcbergegangen ist&#8230;teils ist es so, dass Fohlen von Pferden geboren werden, bei deren Geburt ich schon mit dabei war.<\/p>\n<p>Der Monte Paganuccio ist ein wunderbarer Ort, um Tiere frei leben und laufen zu lassen; unsere Pferde sind au\u00dferordentlich robust, durch die Aufzucht klug und sozial hochkompetent.<\/p>\n<p>Im Naturreservat Monte Paganuccio haben wir leider auch mit einer Altlast zu k\u00e4mpfen, die aus der Zeit vor der Gr\u00fcndung des Reservats stammt. Es sind die alten Stacheldrahtz\u00e4une die vor 30 Jahren gesetzt wurden. Sie sind mittlerweile umgest\u00fcrzt und die Dr\u00e4hte teils in den Boden verwachsen und zum teil offen. Diese Dr\u00e4hte sind f\u00fcr Mensch und Tier eine echte Katastrophe. Ich habe schreckliche Verletzungen gesehen und wir haben mindestens 3 Pferde deswegen verloren.<\/p>\n<p><a href=\"http:\/\/www.hubert-asam.de\/WP\/wp-content\/uploads\/2019\/01\/Stacheldraht-am-Paganuccio.png\"><img loading=\"lazy\" decoding=\"async\" class=\"alignnone size-medium wp-image-4331\" src=\"http:\/\/www.hubert-asam.de\/WP\/wp-content\/uploads\/2019\/01\/Stacheldraht-am-Paganuccio-300x200.png\" alt=\"Stacheldraht am Paganuccio\" width=\"300\" height=\"200\" srcset=\"https:\/\/www.hubert-asam.de\/WP\/wp-content\/uploads\/2019\/01\/Stacheldraht-am-Paganuccio-300x200.png 300w, https:\/\/www.hubert-asam.de\/WP\/wp-content\/uploads\/2019\/01\/Stacheldraht-am-Paganuccio-768x511.png 768w, https:\/\/www.hubert-asam.de\/WP\/wp-content\/uploads\/2019\/01\/Stacheldraht-am-Paganuccio.png 952w\" sizes=\"(max-width: 300px) 100vw, 300px\" \/><\/a><\/p>\n<p>Mein Dr\u00e4ngen, die alten Z\u00e4une endlich abzubauen, verhallt leider irgendwo in der Schlucht des Furlo. Ich m\u00f6chte euch einladen, mit uns zusammen diese Gei\u00dfel vom Berg zu holen, um unseren Pferden ein sicheres Weiden und ein Leben ohne unn\u00f6tige Verletzungen zu erm\u00f6glichen.<\/p>\n<p><img loading=\"lazy\" decoding=\"async\" class=\"alignnone size-medium wp-image-4332\" src=\"http:\/\/www.hubert-asam.de\/WP\/wp-content\/uploads\/2019\/01\/Stacheldraht-am-Paganuccio2-300x199.png\" alt=\"Stacheldraht am Paganuccio2\" width=\"300\" height=\"199\" srcset=\"https:\/\/www.hubert-asam.de\/WP\/wp-content\/uploads\/2019\/01\/Stacheldraht-am-Paganuccio2-300x199.png 300w, https:\/\/www.hubert-asam.de\/WP\/wp-content\/uploads\/2019\/01\/Stacheldraht-am-Paganuccio2-768x510.png 768w, https:\/\/www.hubert-asam.de\/WP\/wp-content\/uploads\/2019\/01\/Stacheldraht-am-Paganuccio2.png 951w\" sizes=\"(max-width: 300px) 100vw, 300px\" \/><\/p>\n<p>Ich stelle Kost und Logis, sowie alles was es braucht, um die Arbeit zu erledigen.<\/p>\n<p>Termin wird sein 12. bis 15. Juni 2022.<\/p>\n<p>&nbsp;<\/p>\n<p><a href=\"http:\/\/www.hubert-asam.de\/WP\/wp-content\/uploads\/2015\/07\/pdf1.gif\"><img loading=\"lazy\" decoding=\"async\" class=\"alignnone size-full wp-image-1677\" src=\"http:\/\/www.hubert-asam.de\/WP\/wp-content\/uploads\/2015\/07\/pdf1.gif\" alt=\"pdf\" width=\"30\" height=\"28\" \/><\/a><a href=\"http:\/\/www.hubert-asam.de\/WP\/wp-content\/uploads\/2015\/07\/Anmeldeformular-2022.pdf\">Anmeldeformular 2022<\/a><\/p>\n<p>&nbsp;<\/p>\n<p>&nbsp;<\/p>\n<p>&nbsp;<\/p>\n<p>[\/et_pb_text][et_pb_image admin_label=&#8220;Bild&#8220; src=&#8220;http:\/\/www.hubert-asam.de\/WP\/wp-content\/uploads\/2019\/01\/IMAGE-2019-01-09-212114.jpg&#8220; show_in_lightbox=&#8220;off&#8220; url_new_window=&#8220;off&#8220; animation=&#8220;left&#8220; sticky=&#8220;off&#8220; align=&#8220;left&#8220; force_fullwidth=&#8220;off&#8220; always_center_on_mobile=&#8220;on&#8220; use_border_color=&#8220;off&#8220; border_color=&#8220;#ffffff&#8220; border_style=&#8220;solid&#8220; \/][et_pb_image admin_label=&#8220;Bild&#8220; src=&#8220;http:\/\/www.hubert-asam.de\/WP\/wp-content\/uploads\/2019\/01\/223031274_17776015362698919543.jpg&#8220; show_in_lightbox=&#8220;off&#8220; url_new_window=&#8220;off&#8220; animation=&#8220;left&#8220; sticky=&#8220;off&#8220; align=&#8220;left&#8220; force_fullwidth=&#8220;off&#8220; always_center_on_mobile=&#8220;on&#8220; use_border_color=&#8220;off&#8220; border_color=&#8220;#ffffff&#8220; border_style=&#8220;solid&#8220; \/][et_pb_image admin_label=&#8220;Bild&#8220; src=&#8220;http:\/\/www.hubert-asam.de\/WP\/wp-content\/uploads\/2019\/01\/Spaziergang-Paganuccio.jpg&#8220; show_in_lightbox=&#8220;off&#8220; url_new_window=&#8220;off&#8220; animation=&#8220;left&#8220; sticky=&#8220;off&#8220; align=&#8220;left&#8220; force_fullwidth=&#8220;off&#8220; always_center_on_mobile=&#8220;on&#8220; use_border_color=&#8220;off&#8220; border_color=&#8220;#ffffff&#8220; border_style=&#8220;solid&#8220; \/][et_pb_image admin_label=&#8220;Bild&#8220; src=&#8220;http:\/\/www.hubert-asam.de\/WP\/wp-content\/uploads\/2019\/01\/Urbino-3.jpg&#8220; show_in_lightbox=&#8220;off&#8220; url_new_window=&#8220;off&#8220; animation=&#8220;left&#8220; sticky=&#8220;off&#8220; align=&#8220;left&#8220; force_fullwidth=&#8220;off&#8220; always_center_on_mobile=&#8220;on&#8220; use_border_color=&#8220;off&#8220; border_color=&#8220;#ffffff&#8220; border_style=&#8220;solid&#8220; \/][et_pb_image admin_label=&#8220;Bild&#8220; src=&#8220;http:\/\/www.hubert-asam.de\/WP\/wp-content\/uploads\/2019\/01\/Urbino2.jpg&#8220; show_in_lightbox=&#8220;off&#8220; url_new_window=&#8220;off&#8220; animation=&#8220;left&#8220; sticky=&#8220;off&#8220; align=&#8220;left&#8220; force_fullwidth=&#8220;off&#8220; always_center_on_mobile=&#8220;on&#8220; use_border_color=&#8220;off&#8220; border_color=&#8220;#ffffff&#8220; border_style=&#8220;solid&#8220; \/][et_pb_image admin_label=&#8220;Bild&#8220; src=&#8220;http:\/\/www.hubert-asam.de\/WP\/wp-content\/uploads\/2019\/01\/IMAGE-2019-01-09-213337.jpg&#8220; show_in_lightbox=&#8220;off&#8220; url_new_window=&#8220;off&#8220; animation=&#8220;left&#8220; sticky=&#8220;off&#8220; align=&#8220;left&#8220; force_fullwidth=&#8220;off&#8220; always_center_on_mobile=&#8220;on&#8220; use_border_color=&#8220;off&#8220; border_color=&#8220;#ffffff&#8220; border_style=&#8220;solid&#8220; \/][\/et_pb_column][\/et_pb_row][\/et_pb_section]<\/p>\n","protected":false},"excerpt":{"rendered":"<p><div class=\"et_pb_section et_pb_section_0 et_section_regular\" >\n\t\t\t\t\n\t\t\t\t\n\t\t\t\t\n\t\t\t\t\n\t\t\t\t\n\t\t\t\t\n\t\t\t\t\n\t\t\t\t\n\t\t\t\t\n\t\t\t<\/div><div class=\"et_pb_row et_pb_row_0 et_pb_row_empty\">\n\t\t\t\t\n\t\t\t\t\n\t\t\t\t\n\t\t\t\t\n\t\t\t\t\n\t\t\t<\/div> Seminare in Italien Italien\/Marken Unser Domizil ist in Italien ist in der N\u00e4he von Cagli, in den Marken zu finden. Die Marken sind einer der urspr\u00fcnglichsten Landstriche Mittelitaliens, definitiv touristisch unentdeckt und nicht \u00fcberlaufen, alles ist echt, die Menschen offen und freundlich, alles ist f\u00fcr Besucher und Einheimische gleich gestaltet. Die Toskana ist nicht [&hellip;]<\/p>\n","protected":false},"author":2,"featured_media":0,"parent":0,"menu_order":0,"comment_status":"closed","ping_status":"closed","template":"","meta":{"_et_pb_use_builder":"on","_et_pb_old_content":"","_et_gb_content_width":"","footnotes":""},"class_list":["post-3862","page","type-page","status-publish","hentry"],"_links":{"self":[{"href":"https:\/\/www.hubert-asam.de\/index.php?rest_route=\/wp\/v2\/pages\/3862","targetHints":{"allow":["GET"]}}],"collection":[{"href":"https:\/\/www.hubert-asam.de\/index.php?rest_route=\/wp\/v2\/pages"}],"about":[{"href":"https:\/\/www.hubert-asam.de\/index.php?rest_route=\/wp\/v2\/types\/page"}],"author":[{"embeddable":true,"href":"https:\/\/www.hubert-asam.de\/index.php?rest_route=\/wp\/v2\/users\/2"}],"replies":[{"embeddable":true,"href":"https:\/\/www.hubert-asam.de\/index.php?rest_route=%2Fwp%2Fv2%2Fcomments&post=3862"}],"version-history":[{"count":8,"href":"https:\/\/www.hubert-asam.de\/index.php?rest_route=\/wp\/v2\/pages\/3862\/revisions"}],"predecessor-version":[{"id":4393,"href":"https:\/\/www.hubert-asam.de\/index.php?rest_route=\/wp\/v2\/pages\/3862\/revisions\/4393"}],"wp:attachment":[{"href":"https:\/\/www.hubert-asam.de\/index.php?rest_route=%2Fwp%2Fv2%2Fmedia&parent=3862"}],"curies":[{"name":"wp","href":"https:\/\/api.w.org\/{rel}","templated":true}]}}