{"id":3830,"date":"2019-01-09T21:25:44","date_gmt":"2019-01-09T20:25:44","guid":{"rendered":"http:\/\/www.hubert-asam.de\/?page_id=3830"},"modified":"2021-12-19T09:36:42","modified_gmt":"2021-12-19T08:36:42","slug":"wochenseminare-in-italiencolondello-2","status":"publish","type":"page","link":"https:\/\/www.hubert-asam.de\/?page_id=3830","title":{"rendered":"Wochenseminare in Italien\/Colondello"},"content":{"rendered":"<p>[et_pb_section][et_pb_row][et_pb_column type=&#8220;2_3&#8243;][et_pb_text admin_label=&#8220;Text&#8220; background_layout=&#8220;light&#8220; text_orientation=&#8220;left&#8220; use_border_color=&#8220;off&#8220; border_color=&#8220;#ffffff&#8220; border_style=&#8220;solid&#8220;]<\/p>\n<h3><a href=\"http:\/\/www.hubert-asam.de\/WP\/wp-content\/uploads\/2017\/02\/logo100sw.jpg\"><img loading=\"lazy\" decoding=\"async\" class=\"alignnone size-full wp-image-2921\" src=\"http:\/\/www.hubert-asam.de\/WP\/wp-content\/uploads\/2017\/02\/logo100sw.jpg\" alt=\"logo100sw\" width=\"100\" height=\"58\" \/><\/a> COLONDELLO ITALIEN Wochenseminar<\/h3>\n<p><a href=\"http:\/\/www.hubert-asam.de\/WP\/wp-content\/uploads\/2015\/07\/pdf1.gif\"><img loading=\"lazy\" decoding=\"async\" class=\"alignnone size-full wp-image-1677\" src=\"http:\/\/www.hubert-asam.de\/WP\/wp-content\/uploads\/2015\/07\/pdf1.gif\" alt=\"pdf\" width=\"30\" height=\"28\" \/><\/a>\u00a0<a href=\"http:\/\/www.hubert-asam.de\/WP\/wp-content\/uploads\/2015\/07\/Anmeldeformular-2022-1.pdf\">Anmeldeformular 2022<\/a><\/p>\n<p><a href=\"http:\/\/www.hubert-asam.de\/WP\/wp-content\/uploads\/2015\/07\/pdf1.gif\"><img loading=\"lazy\" decoding=\"async\" class=\"alignnone size-full wp-image-1677\" src=\"http:\/\/www.hubert-asam.de\/WP\/wp-content\/uploads\/2015\/07\/pdf1.gif\" alt=\"pdf\" width=\"30\" height=\"28\" \/><\/a>\u00a0\u00a0<a href=\"http:\/\/www.hubert-asam.de\/WP\/wp-content\/uploads\/2017\/03\/Vorbereitungsbogen.pdf\">Vorbereitungsbogen<\/a><\/p>\n<p>&nbsp;<\/p>\n<p>Wochenseminar in Italien.<br \/>\nEine Woche, mitten im Paradies.<br \/>\nWir werden intensiv arbeiten, mit den Hunden, den Pferden wenn ihr wollt.<\/p>\n<p>Ihr werdet die Natur und Wildnis der Marken kennen lernen.<br \/>\nWir werden die freien Pferde am Monte Paganuccio, besuchen, Ausfl\u00fcge machen.<br \/>\nDen Garten genie\u00dfen, mit den Pferden arbeiten, wenn ihr wollt reiten gehen.<br \/>\n<a href=\"http:\/\/www.hubert-asam.de\/WP\/wp-content\/uploads\/2018\/06\/445311697_10293101315870149463.jpg\"><img loading=\"lazy\" decoding=\"async\" class=\"alignnone size-medium wp-image-3529\" src=\"http:\/\/www.hubert-asam.de\/WP\/wp-content\/uploads\/2018\/06\/445311697_10293101315870149463-300x169.jpg\" sizes=\"(max-width: 300px) 100vw, 300px\" srcset=\"http:\/\/www.hubert-asam.de\/WP\/wp-content\/uploads\/2018\/06\/445311697_10293101315870149463-300x169.jpg 300w, http:\/\/www.hubert-asam.de\/WP\/wp-content\/uploads\/2018\/06\/445311697_10293101315870149463-768x432.jpg 768w, http:\/\/www.hubert-asam.de\/WP\/wp-content\/uploads\/2018\/06\/445311697_10293101315870149463-1024x576.jpg 1024w, http:\/\/www.hubert-asam.de\/WP\/wp-content\/uploads\/2018\/06\/445311697_10293101315870149463-1080x608.jpg 1080w, http:\/\/www.hubert-asam.de\/WP\/wp-content\/uploads\/2018\/06\/445311697_10293101315870149463.jpg 1280w\" alt=\"445311697_10293101315870149463\" width=\"300\" height=\"169\" \/><\/a><br \/>\nUnser Haus liegt alleine mitten in der herrlichen H\u00fcgel- und Berglandschaft der Marken.<br \/>\nEs ist ein \u00fcber 300 Jahre altes Bauernhaus, mit viel Gef\u00fchl f\u00fcr Details und Geschmack von K\u00fcnstlerhand renoviert und zu einem absoluten Kleinod geformt.<br \/>\n<a href=\"http:\/\/www.hubert-asam.de\/WP\/wp-content\/uploads\/2017\/12\/Haus-1-Paganuccio.jpg\"><img loading=\"lazy\" decoding=\"async\" class=\"alignnone size-medium wp-image-3214\" src=\"http:\/\/www.hubert-asam.de\/WP\/wp-content\/uploads\/2017\/12\/Haus-1-Paganuccio-300x200.jpg\" sizes=\"(max-width: 300px) 100vw, 300px\" srcset=\"http:\/\/www.hubert-asam.de\/WP\/wp-content\/uploads\/2017\/12\/Haus-1-Paganuccio-300x200.jpg 300w, http:\/\/www.hubert-asam.de\/WP\/wp-content\/uploads\/2017\/12\/Haus-1-Paganuccio-768x512.jpg 768w, http:\/\/www.hubert-asam.de\/WP\/wp-content\/uploads\/2017\/12\/Haus-1-Paganuccio-1024x682.jpg 1024w, http:\/\/www.hubert-asam.de\/WP\/wp-content\/uploads\/2017\/12\/Haus-1-Paganuccio-1080x720.jpg 1080w\" alt=\"Haus 1 Paganuccio\" width=\"300\" height=\"200\" \/><\/a><\/p>\n<p>Hier ist Platz f\u00fcr uns, f\u00fcr unsere Tiere. Ruhe.<br \/>\nDer Blick wandert zum Monte Paganuccio, der Nationalpark ist und von freien Pferden, Adlern und wild lebenden W\u00f6lfen belebt ist.<br \/>\nEine herrliche Landschaft um Natur zu verstehen und zu lernen wie sie in uns wirkt.<\/p>\n<p><a href=\"http:\/\/www.hubert-asam.de\/WP\/wp-content\/uploads\/2017\/12\/17052670.jpg\"><img loading=\"lazy\" decoding=\"async\" class=\"alignnone size-medium wp-image-3211\" src=\"http:\/\/www.hubert-asam.de\/WP\/wp-content\/uploads\/2017\/12\/17052670-300x200.jpg\" sizes=\"(max-width: 300px) 100vw, 300px\" srcset=\"http:\/\/www.hubert-asam.de\/WP\/wp-content\/uploads\/2017\/12\/17052670-300x200.jpg 300w, http:\/\/www.hubert-asam.de\/WP\/wp-content\/uploads\/2017\/12\/17052670-768x512.jpg 768w, http:\/\/www.hubert-asam.de\/WP\/wp-content\/uploads\/2017\/12\/17052670-1024x682.jpg 1024w, http:\/\/www.hubert-asam.de\/WP\/wp-content\/uploads\/2017\/12\/17052670-1080x720.jpg 1080w\" alt=\"17052670\" width=\"300\" height=\"200\" \/><\/a><br \/>\nIch zeige sie euch. Wir k\u00f6nnen mitten in die Herde gehen, wandern, baden, biken, was euch gef\u00e4llt.<br \/>\n<a href=\"http:\/\/www.hubert-asam.de\/WP\/wp-content\/uploads\/2018\/07\/439640817_9281085873002206115.jpg\"><img loading=\"lazy\" decoding=\"async\" class=\"alignnone size-medium wp-image-3548\" src=\"http:\/\/www.hubert-asam.de\/WP\/wp-content\/uploads\/2018\/07\/439640817_9281085873002206115-300x180.jpg\" sizes=\"(max-width: 300px) 100vw, 300px\" srcset=\"http:\/\/www.hubert-asam.de\/WP\/wp-content\/uploads\/2018\/07\/439640817_9281085873002206115-300x180.jpg 300w, http:\/\/www.hubert-asam.de\/WP\/wp-content\/uploads\/2018\/07\/439640817_9281085873002206115-768x461.jpg 768w, http:\/\/www.hubert-asam.de\/WP\/wp-content\/uploads\/2018\/07\/439640817_9281085873002206115-1024x614.jpg 1024w, http:\/\/www.hubert-asam.de\/WP\/wp-content\/uploads\/2018\/07\/439640817_9281085873002206115-1080x648.jpg 1080w, http:\/\/www.hubert-asam.de\/WP\/wp-content\/uploads\/2018\/07\/439640817_9281085873002206115.jpg 1280w\" alt=\"439640817_9281085873002206115\" width=\"300\" height=\"180\" \/><\/a><\/p>\n<p>Die Marken sind vollkommen authentisch und untouristisch.<br \/>\nDie Sch\u00f6nheit der Marken sucht ihresgleichen, Urbino, Pergola oder Fano sind sehr sch\u00f6ne St\u00e4dte und in Ausflugsn\u00e4he.<\/p>\n<p><a href=\"http:\/\/www.hubert-asam.de\/WP\/wp-content\/uploads\/2017\/12\/colondello-wiese.jpg\"><img loading=\"lazy\" decoding=\"async\" class=\"alignnone size-medium wp-image-3213\" src=\"http:\/\/www.hubert-asam.de\/WP\/wp-content\/uploads\/2017\/12\/colondello-wiese-300x179.jpg\" sizes=\"(max-width: 300px) 100vw, 300px\" srcset=\"http:\/\/www.hubert-asam.de\/WP\/wp-content\/uploads\/2017\/12\/colondello-wiese-300x179.jpg 300w, http:\/\/www.hubert-asam.de\/WP\/wp-content\/uploads\/2017\/12\/colondello-wiese-768x459.jpg 768w, http:\/\/www.hubert-asam.de\/WP\/wp-content\/uploads\/2017\/12\/colondello-wiese-1024x612.jpg 1024w, http:\/\/www.hubert-asam.de\/WP\/wp-content\/uploads\/2017\/12\/colondello-wiese-1080x646.jpg 1080w\" alt=\"colondello wiese\" width=\"300\" height=\"179\" \/><\/a><br \/>\nDer Strand von Fano ca 35km entfernt.<br \/>\nDer Monte Catria mit einer Herde von 280 Wildpferden ebenso.<\/p>\n<p>Wir k\u00f6nnen von Wandern bis Strandtag alles zusammen machen, was ihr euch w\u00fcnscht.<br \/>\nWir k\u00f6nnen eine abwechslungsreiche Woche erleben oder faulenzen oder sehr intensiv Unterricht machen, so wie ihr es wollt.<\/p>\n<p><a href=\"http:\/\/www.hubert-asam.de\/WP\/wp-content\/uploads\/2018\/06\/448415082_5347385810892339961.jpg\">\u00a0 <img loading=\"lazy\" decoding=\"async\" class=\"alignnone size-medium wp-image-3532\" src=\"http:\/\/www.hubert-asam.de\/WP\/wp-content\/uploads\/2018\/06\/448415082_5347385810892339961-300x200.jpg\" sizes=\"(max-width: 300px) 100vw, 300px\" srcset=\"http:\/\/www.hubert-asam.de\/WP\/wp-content\/uploads\/2018\/06\/448415082_5347385810892339961-300x200.jpg 300w, http:\/\/www.hubert-asam.de\/WP\/wp-content\/uploads\/2018\/06\/448415082_5347385810892339961-768x512.jpg 768w, http:\/\/www.hubert-asam.de\/WP\/wp-content\/uploads\/2018\/06\/448415082_5347385810892339961-1024x683.jpg 1024w, http:\/\/www.hubert-asam.de\/WP\/wp-content\/uploads\/2018\/06\/448415082_5347385810892339961-1080x721.jpg 1080w, http:\/\/www.hubert-asam.de\/WP\/wp-content\/uploads\/2018\/06\/448415082_5347385810892339961.jpg 1280w\" alt=\"448415082_5347385810892339961\" width=\"300\" height=\"200\" \/><\/a><\/p>\n<p>Der Garten l\u00e4dt zum Tr\u00e4umen ein und ist wundervoll in den H\u00fcgel eingebettet, nachts ist er ein optimaler Beobachtungsplatz f\u00fcr Tr\u00e4umer und Sternengucker.<\/p>\n<p><a href=\"http:\/\/www.hubert-asam.de\/WP\/wp-content\/uploads\/2018\/02\/IMG_8685.jpg\"><img loading=\"lazy\" decoding=\"async\" class=\"alignnone size-medium wp-image-3304\" src=\"http:\/\/www.hubert-asam.de\/WP\/wp-content\/uploads\/2018\/02\/IMG_8685-300x225.jpg\" sizes=\"(max-width: 300px) 100vw, 300px\" srcset=\"http:\/\/www.hubert-asam.de\/WP\/wp-content\/uploads\/2018\/02\/IMG_8685-300x225.jpg 300w, http:\/\/www.hubert-asam.de\/WP\/wp-content\/uploads\/2018\/02\/IMG_8685-768x576.jpg 768w, http:\/\/www.hubert-asam.de\/WP\/wp-content\/uploads\/2018\/02\/IMG_8685-1024x768.jpg 1024w, http:\/\/www.hubert-asam.de\/WP\/wp-content\/uploads\/2018\/02\/IMG_8685-1080x810.jpg 1080w\" alt=\"IMG_8685\" width=\"300\" height=\"225\" \/><\/a><\/p>\n<p>Wir sind mitten im Haupttr\u00fcffelgebiet Italiens und k\u00f6nnen in den Restaurants oder der eigenen K\u00fcche ausgiebig genie\u00dfen.<br \/>\nDas Beste Eis Italiens kommt definitiv aus Fossombrone und hei\u00dft \u201ecrema siciliana\u201c.<br \/>\nEin Muss f\u00fcr jeden, der hier eine Woche verbringt, ebenso wie die hervorragende K\u00fcche von Marco oder Giusis Bar in Furlo, dem Nabel und Zentrum der ganzen westlichen Hemisph\u00e4re. Wer etwas wissen oder jemanden treffen will, der geht in Giusis Bar.<\/p>\n<p><a href=\"http:\/\/www.hubert-asam.de\/WP\/wp-content\/uploads\/2018\/02\/Bildschirmfoto-2018-01-12-um-14.36.13.png\"><img loading=\"lazy\" decoding=\"async\" class=\"alignnone size-medium wp-image-3423\" src=\"http:\/\/www.hubert-asam.de\/WP\/wp-content\/uploads\/2018\/02\/Bildschirmfoto-2018-01-12-um-14.36.13-300x215.png\" sizes=\"(max-width: 300px) 100vw, 300px\" srcset=\"http:\/\/www.hubert-asam.de\/WP\/wp-content\/uploads\/2018\/02\/Bildschirmfoto-2018-01-12-um-14.36.13-300x215.png 300w, http:\/\/www.hubert-asam.de\/WP\/wp-content\/uploads\/2018\/02\/Bildschirmfoto-2018-01-12-um-14.36.13.png 724w\" alt=\"Bildschirmfoto 2018-01-12 um 14.36.13\" width=\"300\" height=\"215\" \/><\/a><\/p>\n<p>In der Schlucht nistet eine Adlerpaar. Natur und Kultur ganz nah, authentisch und auf Tuchf\u00fchlung.<br \/>\nDie Region Marken (Le Marche) ist die sch\u00f6ne Schwester der h\u00fcbschen, netten Toscana.<br \/>\nWem die Toscana zu k\u00fcnstlich wirkt, der kann hier echtes italienisches Leben erleben und wird sich immer als herzlich willkommen f\u00fchlen und es mit aufrichtigem Interesse zu tun bekommen.<\/p>\n<p><a href=\"http:\/\/www.hubert-asam.de\/WP\/wp-content\/uploads\/2017\/12\/colondello-cielo.jpg\"><img loading=\"lazy\" decoding=\"async\" class=\"alignnone size-medium wp-image-3212\" src=\"http:\/\/www.hubert-asam.de\/WP\/wp-content\/uploads\/2017\/12\/colondello-cielo-300x179.jpg\" sizes=\"(max-width: 300px) 100vw, 300px\" srcset=\"http:\/\/www.hubert-asam.de\/WP\/wp-content\/uploads\/2017\/12\/colondello-cielo-300x179.jpg 300w, http:\/\/www.hubert-asam.de\/WP\/wp-content\/uploads\/2017\/12\/colondello-cielo-768x459.jpg 768w, http:\/\/www.hubert-asam.de\/WP\/wp-content\/uploads\/2017\/12\/colondello-cielo-1024x612.jpg 1024w, http:\/\/www.hubert-asam.de\/WP\/wp-content\/uploads\/2017\/12\/colondello-cielo-1080x646.jpg 1080w\" alt=\"colondello cielo\" width=\"300\" height=\"179\" \/><\/a><br \/>\nNoch gibt es sie, die Bauernkultur, die so nah an der Natur ist wie am Paganuccio, am Monte Catria, dem Monte Petrano oder dem Nerone.<br \/>\nFreilebende Rinder, Pferde, die sich ohne Z\u00e4une \u00fcber die Bergh\u00e4nge bewegen k\u00f6nnen, dort ihre Jungen zur Welt bringen und in nat\u00fcrlichen Verb\u00e4nden erziehen k\u00f6nnen.<br \/>\n<a href=\"http:\/\/www.hubert-asam.de\/WP\/wp-content\/uploads\/2018\/06\/IMG_1846.jpg\"><img loading=\"lazy\" decoding=\"async\" class=\"alignnone size-medium wp-image-3519\" src=\"http:\/\/www.hubert-asam.de\/WP\/wp-content\/uploads\/2018\/06\/IMG_1846-300x225.jpg\" sizes=\"(max-width: 300px) 100vw, 300px\" srcset=\"http:\/\/www.hubert-asam.de\/WP\/wp-content\/uploads\/2018\/06\/IMG_1846-300x225.jpg 300w, http:\/\/www.hubert-asam.de\/WP\/wp-content\/uploads\/2018\/06\/IMG_1846-768x576.jpg 768w, http:\/\/www.hubert-asam.de\/WP\/wp-content\/uploads\/2018\/06\/IMG_1846-1024x768.jpg 1024w, http:\/\/www.hubert-asam.de\/WP\/wp-content\/uploads\/2018\/06\/IMG_1846-1080x810.jpg 1080w\" alt=\"IMG_1846\" width=\"300\" height=\"225\" \/><\/a><a href=\"http:\/\/www.hubert-asam.de\/WP\/wp-content\/uploads\/2015\/06\/Catriapferdumbe.jpg\"><br \/>\n<img loading=\"lazy\" decoding=\"async\" class=\"alignnone size-medium wp-image-3508\" src=\"http:\/\/www.hubert-asam.de\/WP\/wp-content\/uploads\/2015\/06\/Catriapferdumbe-300x152.jpg\" alt=\"Catriapferdumbe\" width=\"300\" height=\"152\" srcset=\"https:\/\/www.hubert-asam.de\/WP\/wp-content\/uploads\/2015\/06\/Catriapferdumbe-300x152.jpg 300w, https:\/\/www.hubert-asam.de\/WP\/wp-content\/uploads\/2015\/06\/Catriapferdumbe-768x390.jpg 768w, https:\/\/www.hubert-asam.de\/WP\/wp-content\/uploads\/2015\/06\/Catriapferdumbe-1024x520.jpg 1024w, https:\/\/www.hubert-asam.de\/WP\/wp-content\/uploads\/2015\/06\/Catriapferdumbe-1080x548.jpg 1080w\" sizes=\"(max-width: 300px) 100vw, 300px\" \/><\/a><br \/>\nEin St\u00fcck Paradies auf Erden. Un paradiso terrestre.<a href=\"http:\/\/www.hubert-asam.de\/WP\/wp-content\/uploads\/2017\/12\/colondello-cielo.jpg\"><br \/>\n<\/a><br \/>\n<a href=\"http:\/\/www.hubert-asam.de\/WP\/wp-content\/uploads\/2017\/12\/IMAG0329.jpg\"><img loading=\"lazy\" decoding=\"async\" class=\"alignnone size-medium wp-image-3215\" src=\"http:\/\/www.hubert-asam.de\/WP\/wp-content\/uploads\/2017\/12\/IMAG0329-179x300.jpg\" sizes=\"(max-width: 179px) 100vw, 179px\" srcset=\"http:\/\/www.hubert-asam.de\/WP\/wp-content\/uploads\/2017\/12\/IMAG0329-179x300.jpg 179w, http:\/\/www.hubert-asam.de\/WP\/wp-content\/uploads\/2017\/12\/IMAG0329-768x1284.jpg 768w, http:\/\/www.hubert-asam.de\/WP\/wp-content\/uploads\/2017\/12\/IMAG0329-612x1024.jpg 612w, http:\/\/www.hubert-asam.de\/WP\/wp-content\/uploads\/2017\/12\/IMAG0329-1080x1806.jpg 1080w\" alt=\"IMAG0329\" width=\"179\" height=\"300\" \/><\/a><\/p>\n<p>Die Unterbringung erfolgt normalerweise in unserem Haus.<br \/>\nIn Ausnahmef\u00e4llen miete ich H\u00e4user oder Wohnungen von Freunden an, die unserem Standard entsprechen.<\/p>\n<p>Ich lade euch ein, hierher zu kommen, euch, eure Tiere, ihre Denkweise und ihr Verhalten n\u00e4her kennenzulernen, es gibt keinen besseren Ort daf\u00fcr.<\/p>\n<p>Ich habe Exklusivangebote f\u00fcr gro\u00dfe Familien\/Freundeskreise\/Hundevereine\/Interessensgemeinschaften aller Art, die sehr gerne genommen werden, wenn man \u201eunter sich\u201c bleiben will.<\/p>\n<p>Wer das Haus f\u00fcr sich alleine haben will, kann das ebenfalls mit einem \u201eExklusivvertrag\u201c l\u00f6sen.<\/p>\n<p>Auf den Anmeldeformularen findet ihr die n\u00f6tigen Informationen und Preise.<br \/>\nAlle Preise sind incl Mwst, 19% in D und 22% in I.<\/p>\n<p><a href=\"http:\/\/www.hubert-asam.de\/WP\/wp-content\/uploads\/2015\/07\/pdf1.gif\"><img loading=\"lazy\" decoding=\"async\" class=\"alignnone size-full wp-image-1677\" src=\"http:\/\/www.hubert-asam.de\/WP\/wp-content\/uploads\/2015\/07\/pdf1.gif\" alt=\"pdf\" width=\"30\" height=\"28\" \/><\/a>\u00a0<a href=\"http:\/\/www.hubert-asam.de\/WP\/wp-content\/uploads\/2015\/07\/Anmeldeformular-2022-1.pdf\">Anmeldeformular 2022<\/a><\/p>\n<p><a href=\"http:\/\/www.hubert-asam.de\/WP\/wp-content\/uploads\/2015\/07\/pdf1.gif\"><img loading=\"lazy\" decoding=\"async\" class=\"alignnone size-full wp-image-1677\" src=\"http:\/\/www.hubert-asam.de\/WP\/wp-content\/uploads\/2015\/07\/pdf1.gif\" alt=\"pdf\" width=\"30\" height=\"28\" \/><\/a>\u00a0<a href=\"http:\/\/www.hubert-asam.de\/WP\/wp-content\/uploads\/2017\/03\/Vorbereitungsbogen.pdf\">Vorbereitungsbogen<\/a><\/p>\n<p>[\/et_pb_text][\/et_pb_column][et_pb_column type=&#8220;1_3&#8243;][et_pb_image admin_label=&#8220;Bild&#8220; src=&#8220;http:\/\/www.hubert-asam.de\/WP\/wp-content\/uploads\/2019\/01\/IMAGE-2019-01-09-212114.jpg&#8220; show_in_lightbox=&#8220;off&#8220; url_new_window=&#8220;off&#8220; animation=&#8220;left&#8220; sticky=&#8220;off&#8220; align=&#8220;left&#8220; force_fullwidth=&#8220;off&#8220; always_center_on_mobile=&#8220;on&#8220; use_border_color=&#8220;off&#8220; border_color=&#8220;#ffffff&#8220; border_style=&#8220;solid&#8220; \/][et_pb_image admin_label=&#8220;Bild&#8220; src=&#8220;http:\/\/www.hubert-asam.de\/WP\/wp-content\/uploads\/2019\/01\/IMAGE-2019-01-09-212039.jpg&#8220; show_in_lightbox=&#8220;off&#8220; url_new_window=&#8220;off&#8220; animation=&#8220;left&#8220; sticky=&#8220;off&#8220; align=&#8220;left&#8220; force_fullwidth=&#8220;off&#8220; always_center_on_mobile=&#8220;on&#8220; use_border_color=&#8220;off&#8220; border_color=&#8220;#ffffff&#8220; border_style=&#8220;solid&#8220; \/][et_pb_image admin_label=&#8220;Bild&#8220; src=&#8220;http:\/\/www.hubert-asam.de\/WP\/wp-content\/uploads\/2019\/01\/IMAGE-2019-01-09-212048.jpg&#8220; show_in_lightbox=&#8220;off&#8220; url_new_window=&#8220;off&#8220; animation=&#8220;left&#8220; sticky=&#8220;off&#8220; align=&#8220;left&#8220; force_fullwidth=&#8220;off&#8220; always_center_on_mobile=&#8220;on&#8220; use_border_color=&#8220;off&#8220; border_color=&#8220;#ffffff&#8220; border_style=&#8220;solid&#8220; \/][et_pb_image admin_label=&#8220;Bild&#8220; src=&#8220;http:\/\/www.hubert-asam.de\/WP\/wp-content\/uploads\/2016\/11\/IMAGE-2018-12-23-193215.jpg&#8220; show_in_lightbox=&#8220;off&#8220; url_new_window=&#8220;off&#8220; animation=&#8220;left&#8220; sticky=&#8220;off&#8220; align=&#8220;left&#8220; force_fullwidth=&#8220;off&#8220; always_center_on_mobile=&#8220;on&#8220; use_border_color=&#8220;off&#8220; border_color=&#8220;#ffffff&#8220; border_style=&#8220;solid&#8220; \/][et_pb_image admin_label=&#8220;Bild&#8220; src=&#8220;http:\/\/www.hubert-asam.de\/WP\/wp-content\/uploads\/2018\/07\/IMG_1733.jpg&#8220; show_in_lightbox=&#8220;off&#8220; url_new_window=&#8220;off&#8220; animation=&#8220;left&#8220; sticky=&#8220;off&#8220; align=&#8220;left&#8220; force_fullwidth=&#8220;off&#8220; always_center_on_mobile=&#8220;on&#8220; use_border_color=&#8220;off&#8220; border_color=&#8220;#ffffff&#8220; border_style=&#8220;solid&#8220; \/][et_pb_image admin_label=&#8220;Bild&#8220; src=&#8220;http:\/\/www.hubert-asam.de\/WP\/wp-content\/uploads\/2017\/12\/bluemoon.jpg&#8220; show_in_lightbox=&#8220;off&#8220; url_new_window=&#8220;off&#8220; animation=&#8220;left&#8220; sticky=&#8220;off&#8220; align=&#8220;left&#8220; force_fullwidth=&#8220;off&#8220; always_center_on_mobile=&#8220;on&#8220; use_border_color=&#8220;off&#8220; border_color=&#8220;#ffffff&#8220; border_style=&#8220;solid&#8220; \/][et_pb_image admin_label=&#8220;Bild&#8220; src=&#8220;http:\/\/www.hubert-asam.de\/WP\/wp-content\/uploads\/2019\/01\/IMAGE-2019-01-09-213345.jpg&#8220; show_in_lightbox=&#8220;off&#8220; url_new_window=&#8220;off&#8220; animation=&#8220;left&#8220; sticky=&#8220;off&#8220; align=&#8220;left&#8220; force_fullwidth=&#8220;off&#8220; always_center_on_mobile=&#8220;on&#8220; use_border_color=&#8220;off&#8220; border_color=&#8220;#ffffff&#8220; border_style=&#8220;solid&#8220; \/][et_pb_image admin_label=&#8220;Bild&#8220; src=&#8220;http:\/\/www.hubert-asam.de\/WP\/wp-content\/uploads\/2019\/01\/IMAGE-2019-01-09-213337.jpg&#8220; show_in_lightbox=&#8220;off&#8220; url_new_window=&#8220;off&#8220; animation=&#8220;left&#8220; sticky=&#8220;off&#8220; align=&#8220;left&#8220; force_fullwidth=&#8220;off&#8220; always_center_on_mobile=&#8220;on&#8220; use_border_color=&#8220;off&#8220; border_color=&#8220;#ffffff&#8220; border_style=&#8220;solid&#8220; \/][et_pb_image admin_label=&#8220;Bild&#8220; src=&#8220;http:\/\/www.hubert-asam.de\/WP\/wp-content\/uploads\/2019\/01\/235920277_14994835193210763834.jpg&#8220; show_in_lightbox=&#8220;off&#8220; url_new_window=&#8220;off&#8220; animation=&#8220;left&#8220; sticky=&#8220;off&#8220; align=&#8220;left&#8220; force_fullwidth=&#8220;off&#8220; always_center_on_mobile=&#8220;on&#8220; use_border_color=&#8220;off&#8220; border_color=&#8220;#ffffff&#8220; border_style=&#8220;solid&#8220; \/][et_pb_image admin_label=&#8220;Bild&#8220; src=&#8220;http:\/\/www.hubert-asam.de\/WP\/wp-content\/uploads\/2017\/12\/luna.jpg&#8220; show_in_lightbox=&#8220;off&#8220; url_new_window=&#8220;off&#8220; animation=&#8220;left&#8220; sticky=&#8220;off&#8220; align=&#8220;left&#8220; force_fullwidth=&#8220;off&#8220; always_center_on_mobile=&#8220;on&#8220; use_border_color=&#8220;off&#8220; border_color=&#8220;#ffffff&#8220; border_style=&#8220;solid&#8220; \/][\/et_pb_column][\/et_pb_row][\/et_pb_section]<\/p>\n","protected":false},"excerpt":{"rendered":"<p><div class=\"et_pb_section et_pb_section_0 et_section_regular\" >\n\t\t\t\t\n\t\t\t\t\n\t\t\t\t\n\t\t\t\t\n\t\t\t\t\n\t\t\t\t\n\t\t\t\t\n\t\t\t\t\n\t\t\t\t\n\t\t\t<\/div><div class=\"et_pb_row et_pb_row_0 et_pb_row_empty\">\n\t\t\t\t\n\t\t\t\t\n\t\t\t\t\n\t\t\t\t\n\t\t\t\t\n\t\t\t<\/div> COLONDELLO ITALIEN Wochenseminar \u00a0Anmeldeformular 2022 \u00a0\u00a0Vorbereitungsbogen &nbsp; Wochenseminar in Italien. Eine Woche, mitten im Paradies. Wir werden intensiv arbeiten, mit den Hunden, den Pferden wenn ihr wollt. Ihr werdet die Natur und Wildnis der Marken kennen lernen. Wir werden die freien Pferde am Monte Paganuccio, besuchen, Ausfl\u00fcge machen. Den Garten genie\u00dfen, mit den Pferden [&hellip;]<\/p>\n","protected":false},"author":2,"featured_media":0,"parent":0,"menu_order":0,"comment_status":"closed","ping_status":"closed","template":"","meta":{"_et_pb_use_builder":"on","_et_pb_old_content":"","_et_gb_content_width":"","footnotes":""},"class_list":["post-3830","page","type-page","status-publish","hentry"],"_links":{"self":[{"href":"https:\/\/www.hubert-asam.de\/index.php?rest_route=\/wp\/v2\/pages\/3830","targetHints":{"allow":["GET"]}}],"collection":[{"href":"https:\/\/www.hubert-asam.de\/index.php?rest_route=\/wp\/v2\/pages"}],"about":[{"href":"https:\/\/www.hubert-asam.de\/index.php?rest_route=\/wp\/v2\/types\/page"}],"author":[{"embeddable":true,"href":"https:\/\/www.hubert-asam.de\/index.php?rest_route=\/wp\/v2\/users\/2"}],"replies":[{"embeddable":true,"href":"https:\/\/www.hubert-asam.de\/index.php?rest_route=%2Fwp%2Fv2%2Fcomments&post=3830"}],"version-history":[{"count":10,"href":"https:\/\/www.hubert-asam.de\/index.php?rest_route=\/wp\/v2\/pages\/3830\/revisions"}],"predecessor-version":[{"id":4428,"href":"https:\/\/www.hubert-asam.de\/index.php?rest_route=\/wp\/v2\/pages\/3830\/revisions\/4428"}],"wp:attachment":[{"href":"https:\/\/www.hubert-asam.de\/index.php?rest_route=%2Fwp%2Fv2%2Fmedia&parent=3830"}],"curies":[{"name":"wp","href":"https:\/\/api.w.org\/{rel}","templated":true}]}}