{"id":1836,"date":"2015-07-20T13:21:07","date_gmt":"2015-07-20T11:21:07","guid":{"rendered":"http:\/\/www.hubert-asam.de\/?page_id=1836"},"modified":"2021-11-06T23:10:39","modified_gmt":"2021-11-06T22:10:39","slug":"paedagogische-module","status":"publish","type":"page","link":"https:\/\/www.hubert-asam.de\/?page_id=1836","title":{"rendered":"P\u00e4dagogische Module"},"content":{"rendered":"<p>[et_pb_section][et_pb_row][et_pb_column type=&#8220;1_3&#8243;][et_pb_text admin_label=&#8220;Text&#8220; background_layout=&#8220;light&#8220; text_orientation=&#8220;left&#8220; background_color=&#8220;#e2e2e2&#8243; use_border_color=&#8220;off&#8220; border_color=&#8220;#ffffff&#8220; border_style=&#8220;solid&#8220;]<\/p>\n<p><a href=\"http:\/\/www.hubert-asam.de\/WP\/wp-content\/uploads\/2015\/07\/logo100sw.jpg\"><img loading=\"lazy\" decoding=\"async\" class=\"alignnone size-full wp-image-264\" src=\"http:\/\/www.hubert-asam.de\/WP\/wp-content\/uploads\/2015\/07\/logo100sw.jpg\" alt=\"logo100sw\" width=\"100\" height=\"58\" \/><\/a><\/p>\n<h2>Archaik<\/h2>\n<p>Wie denkt ein Tier, was oder wem f\u00fchlt es sich verpflichtet, wie ist es in der Verstehens -Welt der Tiere eine Entscheidung zu treffen, wie ist der Urgrund unseres kulturellen Gepl\u00e4nkels entstanden. Was treibt es an, was schafft Verbindung, welche &#8222;Werte&#8220; gelten au\u00dferhalb von Kultur weiter, welche nicht. Was erwartet ein intelligentes Tier vom Leben. Wie ist die Realit\u00e4t des &#8222;Anderen&#8220; beschaffen. Wie f\u00fchlt sie sich an.<br \/>\nWie kann ein Mensch Archaisches erkennen, differenzieren, wie kann er es in sein Handeln einbauen, wie Verantwortung auf archaische Art und Weise \u00fcbernehmen?<\/p>\n<p>Ein Seminar in Theorie (wenig) und Praxis (viel).<\/p>\n<p>Modul zur Ethop\u00e4dagogik.<\/p>\n<p>Preis f\u00fcr das 1 Tages &#8211; Modul 90.-\u20ac<br \/>\nPreis f\u00fcr ein Wochenmodul 890.-\u20ac<\/p>\n<p>&nbsp;<\/p>\n<p>[\/et_pb_text][\/et_pb_column][et_pb_column type=&#8220;1_3&#8243;][et_pb_text admin_label=&#8220;Text&#8220; background_layout=&#8220;light&#8220; text_orientation=&#8220;left&#8220; use_border_color=&#8220;off&#8220; border_color=&#8220;#ffffff&#8220; border_style=&#8220;solid&#8220;]<\/p>\n<p><a href=\"http:\/\/www.hubert-asam.de\/WP\/wp-content\/uploads\/2015\/07\/logo100sw.jpg\"><img loading=\"lazy\" decoding=\"async\" class=\"alignnone size-full wp-image-264\" src=\"http:\/\/www.hubert-asam.de\/WP\/wp-content\/uploads\/2015\/07\/logo100sw.jpg\" alt=\"logo100sw\" width=\"100\" height=\"58\" \/><\/a><\/p>\n<h2>Kreativit\u00e4t<\/h2>\n<p>KREATIVIT\u00c4T UND INTUITIVE KOMMUNIKATION<\/p>\n<p>Ich nehme etwas auf, nehme es als das was es ist, wei\u00df dass meine Realit\u00e4t nur ein Bild meiner inneren B\u00fchne ist und gebe dem aufgenommenen eine neue Gestalt, eine neue Textur, forme Worte aus Farben, Farben aus Gef\u00fchlen. Bilder aus Musik.<br \/>\nEs ist die F\u00e4higkeit, unserer Wahrnehmung auf unterschiedlichste Art und Weise Ausdruck zu geben.<br \/>\nWir k\u00f6nnen das B\u00fchnenbild wechseln und es wird ebenso Realit\u00e4t sein, genauso wertvoll und g\u00fcltig wie jede andere.<br \/>\nUnser Kreativit\u00e4tsseminar ist eine Intuitionsschulung.<br \/>\nWer mit Tieren kommunizieren will, wer schnell und richtig reagieren will, sich durchsetzen will, kontrollieren, f\u00fchren, der mu\u00df seiner Intuition vertrauen. Felsenfest auf sie aufbauen. Wer wartet bis die Ratio gr\u00fcbnes Licht gibt, ist in der Tierwelt zu sp\u00e4t. Unsere Wahrnehmung darf kein rationelles Limit haben, wir m\u00fc\u00dfen jeder Wahrnehmung trauen es darf kein &#8222;das gibt es nicht&#8220; geben. Wenn es so ist, dann ist es so.<\/p>\n<p>Kreativit\u00e4t ist das \u00dcberwinden von Barrieren, Grenzen und &#8222;Regeln&#8220;, die die Ratio schafft. Regeln die Erziehung und Gesellschaft dringend brauchen um zu funktionieren.<br \/>\nKreativit\u00e4t ist Magie, sie flie\u00dft, gibt Kraft, l\u00e4sst uns weich und offen werden, l\u00e4sst uns in Stresssituationen aufmachen und offen werden anstatt zu fokussieren und zu verkrampfen.<\/p>\n<p>Hubert Asam: Musiker mit \u00fcber 26 Jahren B\u00fchnent\u00e4tigkeit, Kulturmacher, Sch\u00fcler von Jean Bouffort in integrativer Bewegungsarbeit und Kreativit\u00e4tsschule (expression corporelle).<\/p>\n<p>Modul zur Ethop\u00e4dagogik.<\/p>\n<p>Preis f\u00fcr das 1 Tages \u2013 Modul 90.-\u20ac<\/p>\n<p>&nbsp;<\/p>\n<p>[\/et_pb_text][\/et_pb_column][et_pb_column type=&#8220;1_3&#8243;][et_pb_text admin_label=&#8220;Text&#8220; background_layout=&#8220;light&#8220; text_orientation=&#8220;left&#8220; background_color=&#8220;#e2e2e2&#8243; use_border_color=&#8220;off&#8220; border_color=&#8220;#ffffff&#8220; border_style=&#8220;solid&#8220;]<\/p>\n<p><a href=\"http:\/\/www.hubert-asam.de\/WP\/wp-content\/uploads\/2015\/07\/logo100sw.jpg\"><img loading=\"lazy\" decoding=\"async\" class=\"alignnone size-full wp-image-264\" src=\"http:\/\/www.hubert-asam.de\/WP\/wp-content\/uploads\/2015\/07\/logo100sw.jpg\" alt=\"logo100sw\" width=\"100\" height=\"58\" \/><\/a><\/p>\n<h2>Naturheilkunde<\/h2>\n<p>Einf\u00fchrung in die Naturheilkunde<br \/>\nEs soll ein allgemeiner \u00dcberblick gegeben werden, der Fokus wird auf Notfallversorgung gelegt werden.<\/p>\n<p>kleiner Wolf ist systemische Arbeit, deshalb darf man die gesundheitlichen und energetischen Bereiche nicht auslassen, sie haben mit Tierverhalten innerhalb der Familienstruktur genausoviel zu tun, wie die Frage der Erziehung des Tieres. Wenn Verhalten von gesundheitlichen Ursachen ausgel\u00f6st ist, kann man es erzieherisch lediglich formen, aber nicht \u00e4ndern.<br \/>\nWir werden auch einen erste Hilfe Teil darin haben wie: &#8222;wie lege ich einen Verband an, wenn mein Tier sich einen Gegenstand eingerammt hat&#8220;, oder: &#8222;wie trage ich einen schwerverletzten Hund&#8220; &#8230;<\/p>\n<p>Seminarthemen u.a.: Verletzungen (Schnitt-, Sto\u00df-, Schlag- etc.) von Knochen, Sehnen, Nerven; Verbrennungen, Stich- und Bisswunden, Parasitenbefall, Vergiftungen, Schock, Muskelkater, Vorbereitung auf OP\u2026.;<\/p>\n<p>Im Seminar werden Tipps zur Verwendung einiger hom\u00f6opathischer Arzneimittel bei den wichtigsten Notf\u00e4llen und im Alltag gegeben.<\/p>\n<p>Hinweis: Die klassische Hom\u00f6opathie kann sowohl in akuten F\u00e4llen als auch bei chronischen Krankheiten eingesetzt werden. Zur Behandlung von chronischen F\u00e4llen rate ich einen hom\u00f6opathischen Heil-\/Tierheilpraktiker hinzuzuziehen, da es einer umfangreichen Anamnese mit Einbeziehung aller relevanten Fakten bedarf. Ich m\u00f6chte keine \u201eRezeptanweisungen\u201c geben, sondern ganzheitliches Denken anregen.<\/p>\n<p>Modul zur Ethop\u00e4dagogik.<\/p>\n<p>Preis f\u00fcr das 1 Tages \u2013 Modul 90.-\u20ac<\/p>\n<p>&nbsp;<\/p>\n<p>[\/et_pb_text][\/et_pb_column][\/et_pb_row][et_pb_row][et_pb_column type=&#8220;1_3&#8243;][et_pb_text admin_label=&#8220;Text&#8220; background_layout=&#8220;light&#8220; text_orientation=&#8220;left&#8220; use_border_color=&#8220;off&#8220; border_color=&#8220;#ffffff&#8220; border_style=&#8220;solid&#8220;]<\/p>\n<p><a href=\"http:\/\/www.hubert-asam.de\/WP\/wp-content\/uploads\/2015\/07\/logo100sw.jpg\"><img loading=\"lazy\" decoding=\"async\" class=\"alignnone size-full wp-image-264\" src=\"http:\/\/www.hubert-asam.de\/WP\/wp-content\/uploads\/2015\/07\/logo100sw.jpg\" alt=\"logo100sw\" width=\"100\" height=\"58\" \/><\/a><\/p>\n<h2>Kommunikation von sozialen Tieren<\/h2>\n<p>Schl\u00fcssel der Kommunikation<br \/>\n1 Tages &#8211; Seminar in Theorie und Praxis<br \/>\nVon der Ameise bis zum Menschen, wir leben eng mit unseren Artgenossen zusammen, haben \u00fcber unseren Gemeinsamen Wissenspool Genetik eine tiefe Verbindung zueinander und Ausdrucksm\u00f6glichkeiten der vielf\u00e4ltigsten Art entwickelt, die sich doch immer wieder gleichen.<br \/>\nBienen und Menschen tanzen um sich etwas zu sagen, olfaktorische, chemische, k\u00f6rpersprachliche Kommunikation, Kommunikation \u00fcber Farben, Federkleider, Moden, soziale Zusammenh\u00e4nge.<br \/>\nWer die Schl\u00fcssel einmal erkannt hat, kann Kommunikation von Tieren in ihrer jeweiligen Welt entr\u00e4tseln und die Bedeutungen mit seiner eigenen Welt vergleichen.<\/p>\n<p>Modul zur Ethop\u00e4dagogik.<\/p>\n<p>Preis f\u00fcr das 1 Tages \u2013 Modul 90.-\u20ac<\/p>\n<p>&nbsp;<\/p>\n<p>&nbsp;<\/p>\n<p>[\/et_pb_text][\/et_pb_column][et_pb_column type=&#8220;1_3&#8243;][et_pb_text admin_label=&#8220;Text&#8220; background_layout=&#8220;light&#8220; text_orientation=&#8220;left&#8220; background_color=&#8220;#e2e2e2&#8243; use_border_color=&#8220;off&#8220; border_color=&#8220;#ffffff&#8220; border_style=&#8220;solid&#8220;]<\/p>\n<p><a href=\"http:\/\/www.hubert-asam.de\/WP\/wp-content\/uploads\/2015\/07\/logo100sw.jpg\"><img loading=\"lazy\" decoding=\"async\" class=\"alignnone size-full wp-image-264\" src=\"http:\/\/www.hubert-asam.de\/WP\/wp-content\/uploads\/2015\/07\/logo100sw.jpg\" alt=\"logo100sw\" width=\"100\" height=\"58\" \/><\/a><\/p>\n<h2>K\u00f6rpersprache<\/h2>\n<p>K\u00f6rpersprache ist in Verbindung mit Rangordnung Kommunikationsmittel Nummer 1 bei sozialen Tieren, also auch dem Menschen.<br \/>\nUnbewu\u00dfte Vorg\u00e4nge lagern sich auch beim Menschen k\u00f6rpersprachlich ab.<\/p>\n<p>Franziska Bauer wird mit uns am Vormittag mit der K\u00f6rperarbeit CANTIENICA arbeiten, Thema wird haupts\u00e4chlich sein: Aufspannen des K\u00f6rpers. Bewegungen Richtung und Ausdruck verleihen<\/p>\n<p>Nachmittags werden wir gemeinsam die gemeinsamen k\u00f6rpersprachlichen Ausdrucksm\u00f6glichkeiten von Mensch, Hund und Pferd erarbeiten und diese praktisch ausprobieren.<br \/>\nPferde \/ Hunde vermitteln bereits \u00fcber DIE ART UND WEISE wie sie stehen,\u00a0 soziale Informationen, der Mensch ist sich dessen oft gar nicht bewu\u00dft, obwohl er es selbst genauso macht. Egal ob im Stehen oder in Bewegung, die Aufspannung des K\u00f6rpers ist ein Dreh und Angelpunkt im wahrsten Sinne des Wortes.<\/p>\n<p>&nbsp;<\/p>\n<p>&nbsp;<\/p>\n<p>[\/et_pb_text][\/et_pb_column][et_pb_column type=&#8220;1_3&#8243;][et_pb_text admin_label=&#8220;Text&#8220; background_layout=&#8220;light&#8220; text_orientation=&#8220;left&#8220; use_border_color=&#8220;off&#8220; border_color=&#8220;#ffffff&#8220; border_style=&#8220;solid&#8220;]<\/p>\n<p><a href=\"http:\/\/www.hubert-asam.de\/WP\/wp-content\/uploads\/2015\/07\/logo100sw.jpg\"><img loading=\"lazy\" decoding=\"async\" class=\"alignnone size-full wp-image-264\" src=\"http:\/\/www.hubert-asam.de\/WP\/wp-content\/uploads\/2015\/07\/logo100sw.jpg\" alt=\"logo100sw\" width=\"100\" height=\"58\" \/><\/a><\/p>\n<h2>F\u00e4hrtenarbeit<\/h2>\n<p>Einf\u00fchrung in artgerechte F\u00e4hrtenarbeit,<br \/>\n1 Tages-Seminar<br \/>\nv\u00f6llig ohne Futter, Verst\u00e4rker &#8230;<\/p>\n<p>Ein Hund kann suchen, er muss es wirklich nicht vom Menschen lernen.<br \/>\nDer komplette Lernvorgang liegt darin, das zu erkennen was gesucht werden soll, denn es wird vom Menschen bestimmt und dass der Mensch es selbst nicht finden kann. der Hund geht davon aus, dass wir genauso gut riechen k\u00f6nnen wie er, deshalb muss das Anzeigen erlernt werden.<\/p>\n<p>Zudem ist es wie immer in artgerechter Hundearbeit. Ist die Grundlage f\u00fcr die Arbeit genetisch vorhanden hat man es bildlich gesehen mit Platten von Abl\u00e4ufen und Anlagen zu tun. Es ist alles da, der Hund muss es aber erst strategisch ordnen und die Abl\u00e4ufe \u00fcben. Ein absolut eindeutiger Auftrag und eine Auswahl an Strategien ist es was einen wirklich guten Finder ausmacht.<\/p>\n<p>Wir arbeiten in Theorie und Praxis,<br \/>\nF\u00e4hrten und Fl\u00e4chensuche.<\/p>\n<p>Modul zur Ethop\u00e4dagogik.<\/p>\n<p>Preis f\u00fcr das 1 Tages \u2013 Modul 90.-\u20ac<\/p>\n<p><a href=\"http:\/\/www.hubert-asam.de\/WP\/wp-content\/uploads\/2015\/07\/pdf1.gif\"><img loading=\"lazy\" decoding=\"async\" class=\"alignnone size-full wp-image-1677\" src=\"http:\/\/www.hubert-asam.de\/WP\/wp-content\/uploads\/2015\/07\/pdf1.gif\" alt=\"pdf\" width=\"30\" height=\"28\" \/><\/a>\u00a0<a href=\"http:\/\/www.hubert-asam.de\/WP\/wp-content\/uploads\/2015\/07\/Anmeldeformular-2022.pdf\">Anmeldeformular 2022<\/a><\/p>\n<p>[\/et_pb_text][\/et_pb_column][\/et_pb_row][et_pb_row][et_pb_column type=&#8220;1_3&#8243;][et_pb_text admin_label=&#8220;Text&#8220; background_layout=&#8220;light&#8220; text_orientation=&#8220;left&#8220; use_border_color=&#8220;off&#8220; border_color=&#8220;#ffffff&#8220; border_style=&#8220;solid&#8220;]<\/p>\n<p><a href=\"http:\/\/www.hubert-asam.de\/WP\/wp-content\/uploads\/2015\/07\/logo100sw.jpg\"><img loading=\"lazy\" decoding=\"async\" class=\"alignnone size-full wp-image-264\" src=\"http:\/\/www.hubert-asam.de\/WP\/wp-content\/uploads\/2015\/07\/logo100sw.jpg\" alt=\"logo100sw\" width=\"100\" height=\"58\" \/><\/a><\/p>\n<h2>Fortbildung f\u00fcr Hundetrainer<\/h2>\n<p>Text folgt<\/p>\n<p>Modul zur Ethop\u00e4dagogik.<\/p>\n<p>Preis f\u00fcr das 1 Tages \u2013 Modul 190.-\u20ac<\/p>\n<p>&nbsp;<\/p>\n<p>[\/et_pb_text][\/et_pb_column][et_pb_column type=&#8220;1_3&#8243;][et_pb_text admin_label=&#8220;Text&#8220; background_layout=&#8220;light&#8220; text_orientation=&#8220;left&#8220; use_border_color=&#8220;off&#8220; border_color=&#8220;#ffffff&#8220; border_style=&#8220;solid&#8220;]<\/p>\n<p><a href=\"http:\/\/www.hubert-asam.de\/WP\/wp-content\/uploads\/2015\/07\/logo100sw.jpg\"><img loading=\"lazy\" decoding=\"async\" class=\"alignnone size-full wp-image-264\" src=\"http:\/\/www.hubert-asam.de\/WP\/wp-content\/uploads\/2015\/07\/logo100sw.jpg\" alt=\"logo100sw\" width=\"100\" height=\"58\" \/><\/a><\/p>\n<h2>P\u00e4dagogische Grundlagen f\u00fcr Hundetrainer<\/h2>\n<p>Text folgt<\/p>\n<p>Modul zur Ethop\u00e4dagogik.<\/p>\n<p>Preis f\u00fcr das 1 Tages \u2013 Modul 190.-\u20ac<\/p>\n<p>&nbsp;<\/p>\n<p>[\/et_pb_text][\/et_pb_column][et_pb_column type=&#8220;1_3&#8243;][et_pb_text admin_label=&#8220;Text&#8220; background_layout=&#8220;light&#8220; text_orientation=&#8220;left&#8220; use_border_color=&#8220;off&#8220; border_color=&#8220;#ffffff&#8220; border_style=&#8220;solid&#8220;]<\/p>\n<p><a href=\"http:\/\/www.hubert-asam.de\/WP\/wp-content\/uploads\/2015\/07\/logo100sw.jpg\"><img loading=\"lazy\" decoding=\"async\" class=\"alignnone size-full wp-image-264\" src=\"http:\/\/www.hubert-asam.de\/WP\/wp-content\/uploads\/2015\/07\/logo100sw.jpg\" alt=\"logo100sw\" width=\"100\" height=\"58\" \/><\/a><\/p>\n<h2><strong>Soziale Sprache<br \/>\n<\/strong>Fortbildung f\u00fcr IHK zertifizierte Trainer<\/h2>\n<p>Nothilfe<\/p>\n<p>Modul zur Ethop\u00e4dagogik.<\/p>\n<p>Preis f\u00fcr das 1 Tages \u2013 Modul 290.-\u20ac<\/p>\n<p>&nbsp;<\/p>\n<p>[\/et_pb_text][\/et_pb_column][\/et_pb_row][\/et_pb_section]<\/p>\n","protected":false},"excerpt":{"rendered":"<p><div class=\"et_pb_section et_pb_section_0 et_section_regular\" >\n\t\t\t\t\n\t\t\t\t\n\t\t\t\t\n\t\t\t\t\n\t\t\t\t\n\t\t\t\t\n\t\t\t\t\n\t\t\t\t\n\t\t\t\t\n\t\t\t<\/div><div class=\"et_pb_row et_pb_row_0 et_pb_row_empty\">\n\t\t\t\t\n\t\t\t\t\n\t\t\t\t\n\t\t\t\t\n\t\t\t\t\n\t\t\t<\/div> Archaik Wie denkt ein Tier, was oder wem f\u00fchlt es sich verpflichtet, wie ist es in der Verstehens -Welt der Tiere eine Entscheidung zu treffen, wie ist der Urgrund unseres kulturellen Gepl\u00e4nkels entstanden. Was treibt es an, was schafft Verbindung, welche &#8222;Werte&#8220; gelten au\u00dferhalb von Kultur weiter, welche nicht. Was erwartet ein intelligentes Tier [&hellip;]<\/p>\n","protected":false},"author":2,"featured_media":0,"parent":0,"menu_order":0,"comment_status":"open","ping_status":"open","template":"","meta":{"_et_pb_use_builder":"on","_et_pb_old_content":"","_et_gb_content_width":"","footnotes":""},"class_list":["post-1836","page","type-page","status-publish","hentry"],"_links":{"self":[{"href":"https:\/\/www.hubert-asam.de\/index.php?rest_route=\/wp\/v2\/pages\/1836","targetHints":{"allow":["GET"]}}],"collection":[{"href":"https:\/\/www.hubert-asam.de\/index.php?rest_route=\/wp\/v2\/pages"}],"about":[{"href":"https:\/\/www.hubert-asam.de\/index.php?rest_route=\/wp\/v2\/types\/page"}],"author":[{"embeddable":true,"href":"https:\/\/www.hubert-asam.de\/index.php?rest_route=\/wp\/v2\/users\/2"}],"replies":[{"embeddable":true,"href":"https:\/\/www.hubert-asam.de\/index.php?rest_route=%2Fwp%2Fv2%2Fcomments&post=1836"}],"version-history":[{"count":16,"href":"https:\/\/www.hubert-asam.de\/index.php?rest_route=\/wp\/v2\/pages\/1836\/revisions"}],"predecessor-version":[{"id":4302,"href":"https:\/\/www.hubert-asam.de\/index.php?rest_route=\/wp\/v2\/pages\/1836\/revisions\/4302"}],"wp:attachment":[{"href":"https:\/\/www.hubert-asam.de\/index.php?rest_route=%2Fwp%2Fv2%2Fmedia&parent=1836"}],"curies":[{"name":"wp","href":"https:\/\/api.w.org\/{rel}","templated":true}]}}