{"id":1613,"date":"2015-07-10T23:22:04","date_gmt":"2015-07-10T21:22:04","guid":{"rendered":"http:\/\/www.hubert-asam.de\/?page_id=1613"},"modified":"2021-06-03T18:18:54","modified_gmt":"2021-06-03T16:18:54","slug":"vita","status":"publish","type":"page","link":"https:\/\/www.hubert-asam.de\/?page_id=1613","title":{"rendered":"Vita"},"content":{"rendered":"<p>[et_pb_section][et_pb_row][et_pb_column type=&#8220;1_3&#8243;][et_pb_gallery admin_label=&#8220;Galerie&#8220; gallery_ids=&#8220;1640,1614,1616,1617,1618,1632,1633,1634,1635,1631,1636,1637,1639,1641,1642,1643,1645,1647,1648,1649,1585,1582,1557,1556,1532,1533,1426,1187,1191,1171,820,409,408,224,225&#8243; fullwidth=&#8220;on&#8220; show_title_and_caption=&#8220;on&#8220; show_pagination=&#8220;on&#8220; background_layout=&#8220;light&#8220; auto=&#8220;on&#8220; hover_overlay_color=&#8220;rgba(255,255,255,0.9)&#8220; caption_all_caps=&#8220;off&#8220; use_border_color=&#8220;off&#8220; border_color=&#8220;#ffffff&#8220; border_style=&#8220;solid&#8220; auto_speed=&#8220;2000&#8243; \/][\/et_pb_column][et_pb_column type=&#8220;2_3&#8243;][et_pb_text admin_label=&#8220;Text&#8220; background_layout=&#8220;light&#8220; text_orientation=&#8220;left&#8220; use_border_color=&#8220;off&#8220; border_color=&#8220;#ffffff&#8220; border_style=&#8220;solid&#8220; text_line_height=&#8220;2em&#8220;]<\/p>\n<h3><a href=\"http:\/\/www.hubert-asam.de\/WP\/wp-content\/uploads\/2015\/07\/logo100sw.jpg\"><img loading=\"lazy\" decoding=\"async\" class=\"alignnone size-full wp-image-264\" src=\"http:\/\/www.hubert-asam.de\/WP\/wp-content\/uploads\/2015\/07\/logo100sw.jpg\" alt=\"logo100sw\" width=\"100\" height=\"58\" \/><br \/>\n<\/a><br \/>\nWerdegang\/ Philosophie<\/h3>\n<p><img loading=\"lazy\" decoding=\"async\" class=\"alignnone size-full wp-image-264\" src=\"http:\/\/www.hubert-asam.de\/WP\/wp-content\/uploads\/2015\/07\/logo100sw.jpg\" alt=\"logo100sw\" width=\"100\" height=\"58\" \/><\/p>\n<p>Wie wird aus einem &#8222;Buam vom Land&#8220; ein\u00a0<em>kleiner\u00a0<\/em>Wolf, wie kann eine solche Verstehensebene entstehen, wer war daran beteiligt?<\/p>\n<p><img loading=\"lazy\" decoding=\"async\" class=\"alignnone size-full wp-image-264\" src=\"http:\/\/www.hubert-asam.de\/WP\/wp-content\/uploads\/2015\/07\/logo100sw.jpg\" alt=\"logo100sw\" width=\"100\" height=\"58\" \/><br \/>\nGeboren\u00a0<strong>1966<\/strong>\u00a0in Augsburg.<br \/>\nHerkunft: Kindheit in Oberbayern, Dorfleben, Bauern &#8211; J\u00e4ger &#8211; Haustierhaltung.<br \/>\nFu\u00dfballspielen,\u00a0Fischen, K\u00e4tzchen suchen, K\u00fche treiben, K\u00e4lbchen f\u00fcttern.<br \/>\nBeide Gro\u00dfv\u00e4ter geben mir, was Tiere betrifft, viel mit. Einer ist Bauer, einer h\u00e4lt alles an Haustieren, was man sich vorstellen kann: Hase, Ziege, Schwein, Katze, Hund, Taube, Schildkr\u00f6te, Truthahn, Huhn, Gans.<br \/>\nDie Frage &#8222;Warum sind diese Tiere mit uns&#8220;\u00a0wird\u00a0mir sehr fr\u00fch und sehr glaubw\u00fcrdig beantwortet.<\/p>\n<p><img loading=\"lazy\" decoding=\"async\" class=\"alignnone size-full wp-image-264\" src=\"http:\/\/www.hubert-asam.de\/WP\/wp-content\/uploads\/2015\/07\/logo100sw.jpg\" alt=\"logo100sw\" width=\"100\" height=\"58\" \/><br \/>\nMein Onkel Dr. Thomas Riemensperger studiert in Seewiesen bei &#8222;Konrad Lorenz&#8220;, dem Urvater der Verhaltensbiologie zur Zeit der G\u00e4nseforschungen.<br \/>\nEr ist bis heute ein gro\u00dfes Vorbild an Glaubw\u00fcrdigkeit, Klugheit und Menschlichkeit und hat mein Weltbild sehr beeinflusst.<\/p>\n<p><img loading=\"lazy\" decoding=\"async\" class=\"alignnone size-full wp-image-264\" src=\"http:\/\/www.hubert-asam.de\/WP\/wp-content\/uploads\/2015\/07\/logo100sw.jpg\" alt=\"logo100sw\" width=\"100\" height=\"58\" \/><br \/>\nHeimat: Colondello, Le Marche\/Italia und Regensburg, die italienischste Stadt Deutschlands. Lange Zeit war es Lasalle in den Cevennen\/S\u00fcdfrankreich.<br \/>\nIch habe das Gl\u00fcck, in einem Leben dreimal einen Ort zu finden, an dem ich mich zu Hause f\u00fchle.<\/p>\n<p>Hier in Italien ist die Freiheit, alles das praktisch zu tun, was ich lange Zeit nur im Herzen tragen durfte. Ich lebe mit Hunden, Pferden, Adlern, W\u00f6lfen.<\/p>\n<p>Die Menschen hier sind unverf\u00e4lscht und lassen einen, wie man ist.<\/p>\n<p><img loading=\"lazy\" decoding=\"async\" class=\"alignnone size-full wp-image-264\" src=\"http:\/\/www.hubert-asam.de\/WP\/wp-content\/uploads\/2015\/07\/logo100sw.jpg\" alt=\"logo100sw\" width=\"100\" height=\"58\" \/><br \/>\nSchule: Gymnasium in Aichach, grandioses Scheitern am bayerischen Schulsystem. FH in Augsburg,<br \/>\nStudium der Sozial-P\u00e4dagogik in Regensburg (FH), um Zeit zu haben, Musik zu machen. Studienschwerpunkt: &#8222;Musik und Bewegung&#8220;.<\/p>\n<p>\u201eWer nicht stirbt, wird diplomiert\u201c war das Credo unseres Dekans. Trotzdem ein echter Wendepunkt im Leben.<\/p>\n<p>Abschluss\u00a0<strong>1995<\/strong>,<br \/>\nDiplomarbeit: Thema<br \/>\nSchamanismus\/Initiationsriten\/\u00dcbergangsrituale<br \/>\n&#8222;Rockmusik und Drogensucht, Mythos und Realit\u00e4t&#8220;<\/p>\n<p><img loading=\"lazy\" decoding=\"async\" class=\"alignnone size-full wp-image-264\" src=\"http:\/\/www.hubert-asam.de\/WP\/wp-content\/uploads\/2015\/07\/logo100sw.jpg\" alt=\"logo100sw\" width=\"100\" height=\"58\" \/><br \/>\n<strong>1995<\/strong>\u00a0Weiterbildung in K\u00f6rper &#8211; und Kreativit\u00e4tsarbeit mit JEAN BOUFFORT<br \/>\n&#8222;\u201cExpresssion Corporelle&#8220;, integrative Bewegungsp\u00e4dagogik nach Petzold, Dropsy, Bouffort, Sheleen<br \/>\n<strong>1995<\/strong>\u00a0Erste schamanische Kontakte im Rahmen meiner Diplomarbeit<br \/>\n<strong>1996\u00a0<\/strong>Lehrzeit bei Luzia Z\u00e4ch in Arbon<\/p>\n<p><img loading=\"lazy\" decoding=\"async\" class=\"alignnone size-full wp-image-264\" src=\"http:\/\/www.hubert-asam.de\/WP\/wp-content\/uploads\/2015\/07\/logo100sw.jpg\" alt=\"logo100sw\" width=\"100\" height=\"58\" \/><br \/>\n<strong>1996-97<\/strong>\u00a0Therapeutische Arbeit mit Drogens\u00fcchtigen und auff\u00e4lligen Jugendlichen.<br \/>\nArbeit in Schottland &#8211; Kanada &#8211; USA<\/p>\n<p><img loading=\"lazy\" decoding=\"async\" class=\"alignnone size-full wp-image-264\" src=\"http:\/\/www.hubert-asam.de\/WP\/wp-content\/uploads\/2015\/07\/logo100sw.jpg\" alt=\"logo100sw\" width=\"100\" height=\"58\" \/><br \/>\n<strong>1996-98\u00a0<\/strong>Arbeit als Musiker in Deutschland und USA<\/p>\n<p>Insgesamt 15 Jahre Kulturarbeit in Regensburg.<br \/>\nZusatzqualifikationen im Bereich Grafik und Multimediamanagement; am Ende sind es 24 Jahre als &#8222;Musikmacher und Veranstalter&#8220;.<\/p>\n<p><img loading=\"lazy\" decoding=\"async\" class=\"alignnone size-full wp-image-264\" src=\"http:\/\/www.hubert-asam.de\/WP\/wp-content\/uploads\/2015\/07\/logo100sw.jpg\" alt=\"logo100sw\" width=\"100\" height=\"58\" \/><br \/>\nParallel dazu:<br \/>\n<strong>1989\u00a0<\/strong>Kennenlernen des &#8222;Hundeforschers&#8220; Uli K\u00f6ppel<br \/>\n(der damals angeblich noch mit Eberhard Trumler &#8222;gearbeitet&#8220; hat).<br \/>\nab\u00a0<strong>1998<\/strong>\u00a0intensive Arbeit mit Uli K\u00f6ppel u.a.<br \/>\n<strong>1998-99\u00a0<\/strong>\u00a0Rettungshundearbeit in Erlangen und Abensberg.<\/p>\n<p><img loading=\"lazy\" decoding=\"async\" class=\"alignnone size-full wp-image-264\" src=\"http:\/\/www.hubert-asam.de\/WP\/wp-content\/uploads\/2015\/07\/logo100sw.jpg\" alt=\"logo100sw\" width=\"100\" height=\"58\" \/><br \/>\nIch hatte mir geschworen, niemals in den Bereich der Arbeit mit Tieren zu gehen. Das war mir dann doch zu viel des Guten.<\/p>\n<p><img loading=\"lazy\" decoding=\"async\" class=\"alignnone size-full wp-image-264\" src=\"http:\/\/www.hubert-asam.de\/WP\/wp-content\/uploads\/2015\/07\/logo100sw.jpg\" alt=\"logo100sw\" width=\"100\" height=\"58\" \/><br \/>\n<strong>2004<\/strong>\u00a0 Aufzucht meines Pferdes DUNCAN. Kauf im Alter von 4 Stunden. Sehr intensive Arbeit folgte, v\u00f6llig freie und artgerechte Erziehung, RangOrdnungs- und Beziehungsaufbau von Anfang an, ohne Manipulation und Hilfsmittel, ganz nach Vorbild der &#8222;sozialen Sprache&#8220;, die ich von Mensch und Hund bereits kannte. Herdenhaltung.<\/p>\n<p>DUNCAN hat mir sehr viel gezeigt, was das Aus\u00fcben von Druck bedeutet, wo Beginn und Ende gesetzt sein m\u00fcssen. Wie fein die \u00dcberg\u00e4nge angezeigt werden.<br \/>\nDort durfte ich lernen, dass Soziale Ordnung und K\u00f6rpersprache zusammengeh\u00f6ren und die \u00dcbernahme von Sozialer Ordnung Verantwortung bedeutet und nicht Macht.\u00a0 K\u00f6rpersprache muss EXAKT gesetzt sein und v\u00f6llig authentisch, um &#8222;transent&#8220;, also beziehungs- und ordnungsstiftend zu sein.<br \/>\nIst sie eines von beiden nicht, versteht das Tier uns nicht oder nimmt uns nicht ernst. Schlie\u00dflich hei\u00dft unauthentisches Verhalten auch, den anderen nicht ernst zu nehmen, ihn nicht zu respektieren. Deshalb wird jemand, der versucht, einem Tier etwas vorzumachen, niemals akzeptiert werden, es ihm niemals echtes, vollst\u00e4ndiges Vertrauen geschenkt werden. Zugleich lernt man daraus: auch der hierarchische Teil von Sozialer Ordnung ist reine Kommunikation.<\/p>\n<p>Fazit daraus ist:\u00a0 Das PRINZIP von sozialer Sprache bei Mensch, Hund und Pferd ist gleich. Nach den Berichten aus Seewiesen von Konrad Lorenz ist das Prinzip auch auf G\u00e4nse anwendbar. In etwa wie Englisch und Franz\u00f6sisch, zwei Sprachen, aber das gleiche Alphabet. Die Worte nicht gleich, aber leicht \u00fcbersetzbar und \u00e4hnlich.<\/p>\n<p><img loading=\"lazy\" decoding=\"async\" class=\"alignnone size-full wp-image-264\" src=\"http:\/\/www.hubert-asam.de\/WP\/wp-content\/uploads\/2015\/07\/logo100sw.jpg\" alt=\"logo100sw\" width=\"100\" height=\"58\" \/><br \/>\n<strong>2005\u00a0<\/strong>\u00a0der Entschluss, doch im Bereich Mensch und Tier zu arbeiten.<br \/>\nMir erschien es logisch, soziale Kommunikationsgrundlagen auf Seiten des Verhaltenskodex sozialer Tiere zu suchen.<br \/>\nEVOLUTION\u00c4R, also nach hinten zu gehen, im K\u00f6rper und nicht im Geist zu suchen.<br \/>\nBei k\u00f6rpersprache-basierten Bewegungsmodellen &#8222;\u201cExpression Corporelle&#8220;, &#8222;Cantienica&#8220;, &#8222;Spiraldynamik&#8220; waren Ans\u00e4tze dieser Art bereits bekannt.<\/p>\n<p>Arbeit auf Rudelkonzept-Seminaren in ganz Deutschland &#8211;\u00a0etwas, auf das ich heute nicht stolz bin, mir aber gute Lehrzeit war. Soziale Kompetenz ist eben etwas, die Einsicht des Menschen erfordert. Meine Idee der gemeinsamen Sprache, des Respekts vor der Natur und ihren Gesetzen, passt nicht in die soziale Vorstellungswelt dieser Art von\u00a0Konzepten.<\/p>\n<p>Der Ansatz versprach im ersten Moment, Verbindung zu Lehren von Konrad Lorenz oder Eberhard Trumler herzustellen, was sich im Detail dann leider nicht best\u00e4tigte. Vordergr\u00fcndig artgerecht, erschien mir die Umsetzung dann doch nicht ausgereift. In der Quintessenz kam etwas anderes heraus als das, was ich von meinem Onkel oder aus den B\u00fcchern von Trumler oder Eibl-Eibesfeldt gelernt\u00a0 hatte. Ich musste also selbst weiterforschen und dem Hund dahin folgen, wo sein nat\u00fcrliches Lebensumfeld heute ist.\u00a0<strong>In die Familien.<\/strong>\u00a0Als studierter P\u00e4dagoge ist das auch legitim. Die Idee einer &#8222;spezies\u00fcbergreifenden&#8220; grunds\u00e4tzlichen Kommunikation zwischen Mensch und Tier war geboren.<br \/>\nWas dann ab\u00a0<strong>2006<\/strong>\u00a0passierte, war ein Einblick in eine Welt, die ich so nicht erwartet h\u00e4tte.<br \/>\nDie Klarheit, in der Hunde auch uns und unser Verhalten sehen und verstehen, verbl\u00fcfft mich bis heute immer wieder. Wie weit Tiere im freiwilligen Anschluss an die Gemeinschaft gehen, h\u00e4tte ich nicht zu tr\u00e4umen gewagt. Was der Hund beim Menschen leistet, ist unglaublich und es ist wertvoller als alles, was ein Mensch je f\u00fcr einen Hund tun k\u00f6nnte.<br \/>\nArchaik ist definitiv etwas anderes als oberfl\u00e4chliche Menschenkultur. Da trifft Beethoven auf Dieter Bohlen.<\/p>\n<p><img loading=\"lazy\" decoding=\"async\" class=\"alignnone size-full wp-image-264\" src=\"http:\/\/www.hubert-asam.de\/WP\/wp-content\/uploads\/2015\/07\/logo100sw.jpg\" alt=\"logo100sw\" width=\"100\" height=\"58\" \/><br \/>\nIch habe die Hunde gew\u00e4hlt, weil sie die einzigen Tiere sind, die sich dem Menschen ganz anschlie\u00dfen k\u00f6nnen und wollen. Hunde k\u00f6nnen und wollen Familienmitglied werden und den Menschen als Sozialpartner voll akzeptieren.<br \/>\nVerstehen freilich nur auf ihrer Ebene; trotzdem ist der Anschluss da.<br \/>\nDort ist ein klarer Unterschied zum Pferd: mein Pferd lebt letztendlich doch unter Pferden, mein Hund nicht.<br \/>\nDort ist auch der Unterschied zum Schaf, es gibt Hunde, die ihr Leben unter Schafen verbringen (Herdenschutzhunde). Sie verteidigen die Schaf-Hund-Gemeinschaft, tun das aber nicht aus dem Antrieb des sozialen Anschlusses heraus. Der Unterschied von Schaf und Mensch ist, dass der Mensch zwischen sich und dem Hund differenzieren kann und eine Aufgabenverteilung aktiv initiieren kann.<br \/>\nIch nehme Pferde zu K\u00f6rpersprache-Seminaren, da die Arbeit mit meinem Pferd dort nicht &#8222;transent&#8220;, also sozialordnungs- oder beziehungsstiftend ist. N\u00e4hme ich meine Hunde zu diesen Seminaren als &#8222;Trainingsobjekt&#8220; hie\u00dfe das, die Rudelnormen zu verraten, den Hund zu missbrauchen. \u00c4hnlich wie es bei Therapiehunden der Fall ist. \u00c4hnlich w\u00e4re es, w\u00fcrde ich meine Hunde als Schauobjekt im Unterricht zur Verf\u00fcgung stellen. N\u00e4hme ich die Hunde der Klienten, br\u00e4uchte ich ein Jahr Vorlauf, um an die Details zu gelangen, die nach 2 Tagen &#8222;Pferdearbeit&#8220; offensichtlich werden. Genauso denkbar und m\u00f6glich ist es, mit Eseln, Schafen, Ziegen etc. zu arbeiten. Eine Art &#8222;Grundsensibilisierung&#8220; und Wahrnehmungstraining sollten aber bereits erfolgt sein.<\/p>\n<p>Interessant war, zu erfahren, dass Mensch und Hund gleicherma\u00dfen das Verst\u00e4ndnis von sozialen Rollen und Archetypen angeboren haben. Auch der Mensch hat es, wenn es um soziale Kompetenz geht, gar nicht n\u00f6tig, sich an kognitive Vorg\u00e4nge zu klammern. Sein erlerntes Wissen steht ihm, wenn es um Soziales\/Archaisches geht, eher im Weg.<br \/>\nDer Mensch hat wie das Tier auch einen Wissenspool, in dem alles, was der Mensch jemals war, verankert ist: <strong>DNA<\/strong>.<br \/>\nEs ist lediglich n\u00f6tig, Mensch zu sein, um an diesem gigantischen und vollst\u00e4ndig nat\u00fcrlichen und zuverl\u00e4ssigen Pool teilzuhaben. Die Frage nach dem Sinn des Lebens hat sich damit gleich mal mit erledigt. Du musst Mensch sein im nat\u00fcrlichen Sinne. Das ist alles. Der Sinn des Lebens eines Hundes besteht darin, Hund zu sein. Darf ein Hund Hund sein, geht es ihm gut. Darf ein Pferd Pferd sein, geht es ihm gut. Darf ein Rabe&#8230;.<br \/>\nWill ich also Harmonie in einer Beziehung zwischen zwei Spezies, muss nur jeder dabei das bleiben k\u00f6nnen, was er eben ist.<\/p>\n<p><img loading=\"lazy\" decoding=\"async\" class=\"alignnone size-full wp-image-264\" src=\"http:\/\/www.hubert-asam.de\/WP\/wp-content\/uploads\/2015\/07\/logo100sw.jpg\" alt=\"logo100sw\" width=\"100\" height=\"58\" \/><br \/>\nSeit\u00a0<strong>2006<\/strong>\u00a0Arbeit mit Menschen und deren Hunden und Pferden im In- und Ausland.<br \/>\nSchweiz (seit 07)<br \/>\n\u00d6sterreich (seit 07)<br \/>\nFrankreich (seit 08)<br \/>\nSpanien (seit 09)<br \/>\nItalien (seit 10)<br \/>\nDubai (seit 11),<br \/>\nUSA, Deutschland, etc.<\/p>\n<p><img loading=\"lazy\" decoding=\"async\" class=\"alignnone size-full wp-image-264\" src=\"http:\/\/www.hubert-asam.de\/WP\/wp-content\/uploads\/2015\/07\/logo100sw.jpg\" alt=\"logo100sw\" width=\"100\" height=\"58\" \/><br \/>\n<strong>2009\u00a0\u00a0<\/strong>ein sehr intensives Lernjahr.<br \/>\nDie Entwicklung eines v\u00f6llig neuen Bildes bez\u00fcglich systemischer Arbeit mit Tieren.<br \/>\nGro\u00dfartige Unterst\u00fctzung meiner Lehrer\u00a0<strong>Cornelia Wolff<\/strong>\u00a0und Carlsson (mein Hund).<br \/>\nCornelia Wolff in Bezug auf das gemeinsame Bewusstsein von Tier und Mensch innerhalb der Natur, Carlsson in Bezug auf die Kommunikation von Hunden und deren Bedeutung f\u00fcr das Leben an sich.<\/p>\n<p><img loading=\"lazy\" decoding=\"async\" class=\"alignnone size-full wp-image-264\" src=\"http:\/\/www.hubert-asam.de\/WP\/wp-content\/uploads\/2015\/07\/logo100sw.jpg\" alt=\"logo100sw\" width=\"100\" height=\"58\" \/><br \/>\n<strong>2010<\/strong>\u00a0Neue Seminare und Seminarformen, die das Ziel haben, Menschen zu qualifizieren, ihr Tier zu verstehen, mit ihm zu kommunizieren und die soziale Kompetenz zu erwerben, um in der gemeinsamen Ebene &#8222;kleiner Wolf&#8220; als Verantwortungsperson vorausgehen zu k\u00f6nnen.<\/p>\n<p><img loading=\"lazy\" decoding=\"async\" class=\"alignnone size-full wp-image-264\" src=\"http:\/\/www.hubert-asam.de\/WP\/wp-content\/uploads\/2015\/07\/logo100sw.jpg\" alt=\"logo100sw\" width=\"100\" height=\"58\" \/><br \/>\n<strong>2011\u00a0<\/strong>Erstes gemeinsames Seminar mit Cornelia Wolff, neue Seminare in Form von Wanderungen, neue Seminare mit dem Thema &#8222;Kommunikation mit Tieren&#8220;, &#8222;Familienstellen&#8220; und &#8222;Archaik&#8220; , &#8222;Kreativit\u00e4t&#8220;, &#8222;Intuitionsschulung&#8220; und &#8222;Energetische Grundlagen&#8220;. Erste Vortr\u00e4ge.<\/p>\n<p><img loading=\"lazy\" decoding=\"async\" class=\"alignnone size-full wp-image-264\" src=\"http:\/\/www.hubert-asam.de\/WP\/wp-content\/uploads\/2015\/07\/logo100sw.jpg\" alt=\"logo100sw\" width=\"100\" height=\"58\" \/><br \/>\n<strong>2012\u00a0<\/strong>Seminare in Deutschland, Frankreich, Italien, Schweiz.<\/p>\n<p>In Italien wird im staatlichen Fernsehen eine Dokumentation \u00fcber meine Arbeit gesendet.<br \/>\nTitel: &#8222;Die beste Leine ist die, die man nicht sieht&#8220;.<\/p>\n<p><img loading=\"lazy\" decoding=\"async\" class=\"alignnone size-full wp-image-264\" src=\"http:\/\/www.hubert-asam.de\/WP\/wp-content\/uploads\/2015\/07\/logo100sw.jpg\" alt=\"logo100sw\" width=\"100\" height=\"58\" \/><br \/>\n<strong>2012\u00a0<\/strong>RETO trifft ein, der neue Lehrer.<br \/>\nEin Hund, der auf nat\u00fcrlichste Weise auf meine Welt vorbereitet war, der alles mitgebracht hat, was in der Natur wichtig ist und der absolut unantastbar und aus seiner Hundenatur heraus wei\u00df, was er will.\u00a0 Er ist Hund durch und durch.<\/p>\n<p>Ein genialer Nachfolger von Carlsson, meinem letzten R\u00fcden, ein Hovawart.<\/p>\n<p>Reto kn\u00fcpft durch seine Selbstsicherheit dort an, wo Carlsson aufgeh\u00f6rt hatte, mich zu unterrichten.<br \/>\nReto ist ein Arbeitshund und lehrt uns auf unbestechliche Art und Weise, welche Parameter angeboren sind und welche der kognitiven Einflussnahme bed\u00fcrfen. Reto hat einen genetischen Wissenspool, der mir zeigt, dass Platten mit Grundstrategien genetisch vorhanden sind, die strategische Ausf\u00fchrung und Verkn\u00fcpfung der Grundplatten jedoch einer individuellen Vereinbarung (man kann das auch Ausbildung nennen) bed\u00fcrfen. Ohne Soziale Ordnung bleiben die Platten &#8222;Affektbereiche&#8220;, die instabil sind, und das Tier bekommt enormen sozialen Stress.<br \/>\nEs ist quasi alles da, was es braucht. Es muss aber herausgenommen und richtig eingesetzt werden.<br \/>\nDas hat zur Folge, dass Hunde enorm anpassungsf\u00e4hig sind &#8211; die Grenze ist jedoch dort erreicht, wo keine Grundplatte mehr vorhanden ist.<br \/>\nDanke Reto. Bist ein Top-Professor, wir haben verstanden.<br \/>\nDu zeigst klar, wo du uns brauchst und wo nicht. Du forderst Erziehung aktiv ein. Du willst sie unbedingt.<\/p>\n<p>Am ersten Tag. Reto wusste alles, was ich versuchte, in meinen Seminaren zu vermitteln.<br \/>\nEr war nach 8 Lebenswochen v\u00f6llig klar. Er ist v\u00f6llig eindeutig in allen seinen Handlungen.<br \/>\nReto ist der, der sagt : &#8222;Alles ok, ich mach das, aber was soll das Geschw\u00e4tz &#8230;, wof\u00fcr ist der ganze Zauber gut?&#8220;<\/p>\n<p><img loading=\"lazy\" decoding=\"async\" class=\"alignnone size-full wp-image-264\" src=\"http:\/\/www.hubert-asam.de\/WP\/wp-content\/uploads\/2015\/07\/logo100sw.jpg\" alt=\"logo100sw\" width=\"100\" height=\"58\" \/><br \/>\n<strong>2013\u00a0<\/strong>Erweiterung der Seminarreihen:<\/p>\n<p>Herbst 2013: Wanderung und Wanderritt in den Cevennen,<br \/>\nder Bereich Pers\u00f6nlichkeitsentwicklung wird reaktiviert und nach Cornelia Wolffs Tod neu aufgebaut.<br \/>\nAb Fr\u00fchjahr 2013: neue Seminare in &#8222;Familienstellen&#8220;, &#8222;Naturheilkunde&#8220;, &#8222;Kreativit\u00e4t&#8220;, &#8222;Intuitive Kommunikation&#8220; und &#8222;Archaik&#8220;.<\/p>\n<p>Seminare in der Schweiz, in Deutschland, Frankreich, Italien.<\/p>\n<p><img loading=\"lazy\" decoding=\"async\" class=\"alignnone size-full wp-image-264\" src=\"http:\/\/www.hubert-asam.de\/WP\/wp-content\/uploads\/2015\/07\/logo100sw.jpg\" alt=\"logo100sw\" width=\"100\" height=\"58\" \/><br \/>\n<strong>2014\u00a0<\/strong>Retos Unterricht hat gefruchtet, es wird neu geordnet.<\/p>\n<p>Neue Seminare im Bereich K\u00f6rpersprache, Kommunikation von sozialen Tieren, Naturheilkunde. Sehr lange Aufenthalte im Ausland (16 Wochen Frankreich).<br \/>\nWolfsspuren in Frankreich und Italien.<\/p>\n<p><img loading=\"lazy\" decoding=\"async\" class=\"alignnone size-full wp-image-264\" src=\"http:\/\/www.hubert-asam.de\/WP\/wp-content\/uploads\/2015\/07\/logo100sw.jpg\" alt=\"logo100sw\" width=\"100\" height=\"58\" \/><br \/>\n<strong>2015<\/strong>\u00a0das \u00dcbergangsjahr.<\/p>\n<p>&#8222;Hunde\/Pferdearbeit&#8220; in der urspr\u00fcnglichen Form wird nicht mehr lange notwendig sein. Die Botschaft der Tiere ist angekommen.<\/p>\n<p><img loading=\"lazy\" decoding=\"async\" class=\"alignnone size-full wp-image-264\" src=\"http:\/\/www.hubert-asam.de\/WP\/wp-content\/uploads\/2015\/07\/logo100sw.jpg\" alt=\"logo100sw\" width=\"100\" height=\"58\" \/><br \/>\n<strong>2016\u00a0<\/strong>nach 10 Jahren kleiner Wolf ist die Metamorphose beendet, das Ende ist der Anfang. Arbeit im Abstrakten und wenigen einw\u00f6chigen Seminaren sowie Langzeit-Blockausbildungen.<br \/>\nNeue Seminare wie: \u201eK\u00f6rpersprache\u201c und \u201eK\u00f6rperarbeit\u201c, einw\u00f6chiges Seminar im Mai 2016 in La Gardette, Frankreich.<br \/>\nAusbildungen und Fortbildungen f\u00fcr Coaches, Psychologen, P\u00e4dagogen und Tiertrainer.<\/p>\n<p><strong><img loading=\"lazy\" decoding=\"async\" class=\"alignnone size-full wp-image-264\" src=\"http:\/\/www.hubert-asam.de\/WP\/wp-content\/uploads\/2015\/07\/logo100sw.jpg\" alt=\"logo100sw\" width=\"100\" height=\"58\" \/><\/strong><\/p>\n<p><strong>2017\u00a0<\/strong>Umzug nach Italien, Colondello, am Nationalpark Monte Paganuccio, Region Le Marche.\u00a0 Seminare in Deutschland, Schweiz, \u00d6sterreich und Italien.<\/p>\n<p>Ausbildungen zum Ethop\u00e4dagogen.<\/p>\n<p>Beginn der Arbeit mit frei lebenden Pferden.<\/p>\n<p><img loading=\"lazy\" decoding=\"async\" class=\"alignnone size-full wp-image-264\" src=\"http:\/\/www.hubert-asam.de\/WP\/wp-content\/uploads\/2015\/07\/logo100sw.jpg\" alt=\"logo100sw\" width=\"100\" height=\"58\" \/><br \/>\n<strong>2018\u00a0<\/strong>Weiterf\u00fchrung der Hundearbeit, Intensivierung der Pferdearbeit in Herden, erste Wolfsbegegnungen.<\/p>\n<p><strong><img loading=\"lazy\" decoding=\"async\" class=\"alignnone size-full wp-image-264\" src=\"http:\/\/www.hubert-asam.de\/WP\/wp-content\/uploads\/2015\/07\/logo100sw.jpg\" alt=\"logo100sw\" width=\"100\" height=\"58\" \/><\/strong><br \/>\n<strong>2019\u00a0<\/strong>Weiterf\u00fchrung der Seminare in Praxis und Theorie. 60.000 km Autobahn.<\/p>\n<p><strong><img loading=\"lazy\" decoding=\"async\" class=\"alignnone size-full wp-image-264\" src=\"http:\/\/www.hubert-asam.de\/WP\/wp-content\/uploads\/2015\/07\/logo100sw.jpg\" alt=\"logo100sw\" width=\"100\" height=\"58\" \/><\/strong><br \/>\n<strong>2020\u00a0<\/strong>Das Wendejahr Pandemie.<\/p>\n<p>Abgabe von Verantwortung f\u00fcr den Teil von kleiner Wolf, der Seminare und Praxis betrifft.<br \/>\nBeginn virtuellen Arbeitens, Film, TV, Podcasts.<br \/>\nAusbau und Intensivierung der Ausbildungen zum Ethop\u00e4dagogen.<br \/>\nTheoriearbeit via Internet, Praxisarbeit in wenigen machbaren Seminaren.<\/p>\n<p><strong><img loading=\"lazy\" decoding=\"async\" class=\"alignnone size-full wp-image-264\" src=\"http:\/\/www.hubert-asam.de\/WP\/wp-content\/uploads\/2015\/07\/logo100sw.jpg\" alt=\"logo100sw\" width=\"100\" height=\"58\" \/><\/strong><br \/>\n<strong>2021\u00a0<\/strong>ALLORA zieht ein. Sie ist die Nichte Retos. Ein geniales kleines Wesen, eine weise kleine H\u00fcndin. Nach einer Woche in Italien begegnen wir einem Wolfsr\u00fcden, erblickt uns tief in die Augen. Ein Moment der Ewigkeiten.<\/p>\n<p>Gr\u00fcndung einer italienischen SAS, die Zucht von frei lebenden Pferden und deren Ausbildung und Landschaftsschutz zum Zweck hat.<br \/>\nEs werden Fl\u00e4chen am Monte Paganuccio gepachtet, die mit Hilfe der Pferde rekultiviert werden sollen.<br \/>\nIntensive Film- und Fotoarbeit, Ausbildungen zum Ethop\u00e4dagogen.<br \/>\nWeiter Arbeit via Internet \u00fcber Webinare.<br \/>\nErste italienische Schulprojekte.<\/p>\n<p><img loading=\"lazy\" decoding=\"async\" class=\"alignnone size-full wp-image-264\" src=\"http:\/\/www.hubert-asam.de\/WP\/wp-content\/uploads\/2015\/07\/logo100sw.jpg\" alt=\"logo100sw\" width=\"100\" height=\"58\" \/><br \/>\nMeine Vita wirkt im ersten Moment wie ein Erfolgsmarsch, eine klare Linie. Das verwundert mich, denn ich hatte nie den Eindruck, eine klare Linie zu gehen, die kam erst mit den Tieren und deren innerer Struktur.<\/p>\n<p>Mir liegt ein Hinweis am Herzen: Wer sich auf die Suche nach etwas macht, das nicht in den Sternen, sondern im Leben und in unserer Herkunft liegt, wird sich in einer gro\u00dfen Reihe von Irrt\u00fcmern, Zweifeln, Sackgassen, menschlichen Entt\u00e4uschungen und Sinnfragen wiederfinden.<\/p>\n<p>Die menschliche Umwelt hat sich mit inneren Bildern lebenslang einer Realit\u00e4t versichert. Unbewusst wissen wir, dass es nicht so sein kann. Unser rationelles Bewusstsein zwingt uns, diese Verunsicherung zu kompensieren, indem wir Bilder mit denen anderer vergleichen. Es gibt eine Vereinbarung, wie die Realit\u00e4t auszusehen hat. Der Mensch ist permanent dabei, sich \u00fcber zwischenmenschliches Geschw\u00e4tz beim anderen Menschen (Nachbarn) r\u00fcckzuversichern, dass man die gleichen Bilder und Vorstellungen hat. Dies ist ein Muster kulturellen Selbstschutzes, vergleichbar mit dem Scheu- und Aggressionsverhalten eines Tieres. Archaisch mit Tieren zu arbeiten, erfordert, genau das nicht zu tun, man darf sich weder am Nachbarn orientieren, noch erwarten, dass dieser uns verstehen kann oder will.<br \/>\nMan verunsichert damit die eigene Umwelt. Teils werden menschliche Grundfeste ersch\u00fcttert. Ich bin der Ansicht, dass es sich lohnt diesen &#8222;eigenen&#8220; Weg zu gehen. Was man von den Tieren zur\u00fcck\u00fcbermittelt bekommt, ist ihre Klarheit, ihre Zuversicht, ihr Vertrauen in die Welt, wie sie eben ist. Es gibt keine Angst vor dem Leben oder vor dem Tod. Das eine ist im anderen immer enthalten.<\/p>\n<p>Ich kann jedem nur raten, es auch so zu tun. Am Ende des Weges findet man sich selbst und das ist doch schon mal was.<\/p>\n<p>Auch wenn der Weg keine klare Linie ist.<\/p>\n<p>Auf dem Weg dahin begegnen einem alle Bilder, die man sich selbst gemacht hat vom Leben und wie das Leben ist. Die Lehre ist: Es sind nur Bilder, es ist nicht die Realit\u00e4t. Alles, woran du dich als Mensch klammerst, ist nur eine B\u00fchne, eine Vereinbarung mit anderen Menschen, wie die Welt beschaffen sein muss, um keine Angst haben zu m\u00fcssen. Diese Angst ist uralt, \u00e4lter als jede jetzt existierende Kultur. Sie ist archaisch, vorkulturell.<\/p>\n<p>Tiere haben keine Angst, sie sind immer sie selbst und sie wissen das nicht nur, sie wissen auch, dass wir es nicht sind. Trotzdem begleiten sie uns.<\/p>\n<p>Wer lernt hier von wem?<br \/>\nEs ist alles andere als einfach oder schmerzfrei, auf die (kulturell) vereinbarten Bilder und Schutz-Muster zu verzichten. Doch danach kommt eine unb\u00e4ndige Freude am Leben. Am Leben an sich, nicht an dessen luxuri\u00f6ser Ausstattung. Die Anerkennung der Natur, deren Teil wir sind und in der wir mit allem, was existiert, leben wird und je gestorben ist, verbunden sind. Es ist in unserer K\u00f6rpersprache, unserem archaischen Bewusstsein und in unserer Genetik abgespeichert. Der Sinn des Lebens stellt sich nicht. Du bist ein Mensch, der Sinn ist, Mensch zu sein. Bist du ein Hund, ist der Sinn des Lebens, Hund zu sein. Danach sollten wir streben.<\/p>\n<p>Die Genetik eines Menschen kommt nur dann zur vollen Entfaltung, wenn er Bindung zur Mutter aufbaut, die eines Hundes braucht die Bindung zum Rudel. Nur wer z.B. Kontakt liegt als Welpe, fr\u00fch sein Bewusstsein in die Gruppe sendet, wird ein gesunder Hund sein, dessen genetische Sozialf\u00e4higkeiten wirken.<\/p>\n<p>Dort hin zu kommen ist nicht einfach, es ist ein weiter Weg f\u00fcr einen &#8222;Buam vom Land&#8220; &#8211; andererseits ist es genau das, was Gro\u00dfvater und Onkel auch schon wussten, nur hat sich damals keiner gro\u00df darum geschert.<\/p>\n<p>[\/et_pb_text][\/et_pb_column][\/et_pb_row][\/et_pb_section]<\/p>\n","protected":false},"excerpt":{"rendered":"<p><div class=\"et_pb_section et_pb_section_0 et_section_regular\" >\n\t\t\t\t\n\t\t\t\t\n\t\t\t\t\n\t\t\t\t\n\t\t\t\t\n\t\t\t\t\n\t\t\t\t\n\t\t\t\t\n\t\t\t\t\n\t\t\t<\/div><div class=\"et_pb_row et_pb_row_0 et_pb_row_empty\">\n\t\t\t\t\n\t\t\t\t\n\t\t\t\t\n\t\t\t\t\n\t\t\t\t\n\t\t\t<\/div> Werdegang\/ Philosophie Wie wird aus einem &#8222;Buam vom Land&#8220; ein\u00a0kleiner\u00a0Wolf, wie kann eine solche Verstehensebene entstehen, wer war daran beteiligt? Geboren\u00a01966\u00a0in Augsburg. Herkunft: Kindheit in Oberbayern, Dorfleben, Bauern &#8211; J\u00e4ger &#8211; Haustierhaltung. Fu\u00dfballspielen,\u00a0Fischen, K\u00e4tzchen suchen, K\u00fche treiben, K\u00e4lbchen f\u00fcttern. Beide Gro\u00dfv\u00e4ter geben mir, was Tiere betrifft, viel mit. Einer ist Bauer, einer h\u00e4lt alles [&hellip;]<\/p>\n","protected":false},"author":2,"featured_media":0,"parent":0,"menu_order":0,"comment_status":"open","ping_status":"open","template":"","meta":{"_et_pb_use_builder":"on","_et_pb_old_content":"","_et_gb_content_width":"","footnotes":""},"class_list":["post-1613","page","type-page","status-publish","hentry"],"_links":{"self":[{"href":"https:\/\/www.hubert-asam.de\/index.php?rest_route=\/wp\/v2\/pages\/1613","targetHints":{"allow":["GET"]}}],"collection":[{"href":"https:\/\/www.hubert-asam.de\/index.php?rest_route=\/wp\/v2\/pages"}],"about":[{"href":"https:\/\/www.hubert-asam.de\/index.php?rest_route=\/wp\/v2\/types\/page"}],"author":[{"embeddable":true,"href":"https:\/\/www.hubert-asam.de\/index.php?rest_route=\/wp\/v2\/users\/2"}],"replies":[{"embeddable":true,"href":"https:\/\/www.hubert-asam.de\/index.php?rest_route=%2Fwp%2Fv2%2Fcomments&post=1613"}],"version-history":[{"count":15,"href":"https:\/\/www.hubert-asam.de\/index.php?rest_route=\/wp\/v2\/pages\/1613\/revisions"}],"predecessor-version":[{"id":4250,"href":"https:\/\/www.hubert-asam.de\/index.php?rest_route=\/wp\/v2\/pages\/1613\/revisions\/4250"}],"wp:attachment":[{"href":"https:\/\/www.hubert-asam.de\/index.php?rest_route=%2Fwp%2Fv2%2Fmedia&parent=1613"}],"curies":[{"name":"wp","href":"https:\/\/api.w.org\/{rel}","templated":true}]}}